{"id":24462,"date":"2021-12-19T20:26:30","date_gmt":"2021-12-19T18:26:30","guid":{"rendered":"https:\/\/espiritodacomporta.com\/hauser\/casa-do-brejos\/"},"modified":"2024-01-10T12:20:27","modified_gmt":"2024-01-10T10:20:27","slug":"casa-do-brejos","status":"publish","type":"page","link":"https:\/\/espiritodacomporta.com\/de\/hauser\/casa-do-brejos\/","title":{"rendered":"Casa do Brejos"},"content":{"rendered":"<section class=\"homeblocks   \">\n    <section class=\"homeblocks-image \">\n                  <!-- <img decoding=\"async\" src=\"https:\/\/espiritodacomporta.com\/app\/uploads\/2021\/11\/brejos-house-slider-3.jpg\" alt=\"\"> -->\n          <img decoding=\"async\" width=\"1600\" height=\"836\" src=\"https:\/\/espiritodacomporta.com\/app\/uploads\/2021\/11\/brejos-house-slider-3.jpg\" class=\"attachment-full size-full\" alt=\"\" loading=\"lazy\" srcset=\"https:\/\/espiritodacomporta.com\/app\/uploads\/2021\/11\/brejos-house-slider-3.jpg 1600w, https:\/\/espiritodacomporta.com\/app\/uploads\/2021\/11\/brejos-house-slider-3-300x157.jpg 300w, https:\/\/espiritodacomporta.com\/app\/uploads\/2021\/11\/brejos-house-slider-3-1024x535.jpg 1024w, https:\/\/espiritodacomporta.com\/app\/uploads\/2021\/11\/brejos-house-slider-3-768x401.jpg 768w, https:\/\/espiritodacomporta.com\/app\/uploads\/2021\/11\/brejos-house-slider-3-1536x803.jpg 1536w\" sizes=\"auto, (max-width: 1600px) 100vw, 1600px\" data-attachment-id=\"24010\" data-permalink=\"https:\/\/espiritodacomporta.com\/de\/hauser\/casa-do-brejos\/brejos-house-slider-3-2\/\" data-orig-file=\"https:\/\/espiritodacomporta.com\/app\/uploads\/2021\/11\/brejos-house-slider-3.jpg\" data-orig-size=\"1600,836\" data-comments-opened=\"0\" data-image-meta=\"{&quot;aperture&quot;:&quot;0&quot;,&quot;credit&quot;:&quot;&quot;,&quot;camera&quot;:&quot;&quot;,&quot;caption&quot;:&quot;&quot;,&quot;created_timestamp&quot;:&quot;0&quot;,&quot;copyright&quot;:&quot;&quot;,&quot;focal_length&quot;:&quot;0&quot;,&quot;iso&quot;:&quot;0&quot;,&quot;shutter_speed&quot;:&quot;0&quot;,&quot;title&quot;:&quot;&quot;,&quot;orientation&quot;:&quot;0&quot;}\" data-image-title=\"brejos-house-slider-3\" data-image-description=\"\" data-image-caption=\"\" data-medium-file=\"https:\/\/espiritodacomporta.com\/app\/uploads\/2021\/11\/brejos-house-slider-3-300x157.jpg\" data-large-file=\"https:\/\/espiritodacomporta.com\/app\/uploads\/2021\/11\/brejos-house-slider-3-1024x535.jpg\" \/>\n            <\/section>\n    <section class=\"homeblocks-content\">\n        <div class=\"homeblocks-content-inside\">\n            <h2>Eine privilegierte Lage<\/h2>\n<p>Die Casa do Brejos ist ein authentischer R\u00fcckzugsort inmitten der Natur. Brejos da Carregueira ist ein kleines Dorf, das daf\u00fcr bekannt ist, von Reisfeldern umgeben zu sein. Es liegt zwischen den D\u00f6rfern Carvalhal und Comporta. Von der portugiesischen Hauptstadt Lissabon (1h15m) leicht zu erreichen, findet man leicht den Strand von Brejos, der als einer der wildesten der Region gilt. Viele erreichen diesen Strand \u00fcber den Weg durch die wundersch\u00f6nen Reisfelder von Comporta. Die Casa do Brejos vervollst\u00e4ndigt diese Ruhe. Sie ist ideal f\u00fcr einen R\u00fcckzugsurlaub. Mit allen Annehmlichkeiten und mehreren Au\u00dfenbereichen. Es ist eine exklusive Villa, die Ihren Urlaub einzigartig macht.<\/p>\n\n\n            \n                    <\/div>\n    <\/section>\n<\/section>\n\n\n<section class=\"homeblocks   \">\n    <section class=\"homeblocks-image  homeblocks-right \">\n                  <!-- <img decoding=\"async\" src=\"https:\/\/espiritodacomporta.com\/app\/uploads\/2021\/11\/brejos-house-landscape-2.jpg\" alt=\"\"> -->\n          <img decoding=\"async\" width=\"1000\" height=\"521\" src=\"https:\/\/espiritodacomporta.com\/app\/uploads\/2021\/11\/brejos-house-landscape-2.jpg\" class=\"attachment-full size-full\" alt=\"\" loading=\"lazy\" srcset=\"https:\/\/espiritodacomporta.com\/app\/uploads\/2021\/11\/brejos-house-landscape-2.jpg 1000w, https:\/\/espiritodacomporta.com\/app\/uploads\/2021\/11\/brejos-house-landscape-2-300x156.jpg 300w, https:\/\/espiritodacomporta.com\/app\/uploads\/2021\/11\/brejos-house-landscape-2-768x400.jpg 768w\" sizes=\"auto, (max-width: 1000px) 100vw, 1000px\" data-attachment-id=\"24040\" data-permalink=\"https:\/\/espiritodacomporta.com\/de\/hauser\/casa-do-brejos\/brejos-house-landscape-2-2\/\" data-orig-file=\"https:\/\/espiritodacomporta.com\/app\/uploads\/2021\/11\/brejos-house-landscape-2.jpg\" data-orig-size=\"1000,521\" data-comments-opened=\"0\" data-image-meta=\"{&quot;aperture&quot;:&quot;1.6&quot;,&quot;credit&quot;:&quot;&quot;,&quot;camera&quot;:&quot;iPhone 12&quot;,&quot;caption&quot;:&quot;&quot;,&quot;created_timestamp&quot;:&quot;1630742428&quot;,&quot;copyright&quot;:&quot;&quot;,&quot;focal_length&quot;:&quot;4.2&quot;,&quot;iso&quot;:&quot;32&quot;,&quot;shutter_speed&quot;:&quot;0.0083333333333333&quot;,&quot;title&quot;:&quot;&quot;,&quot;orientation&quot;:&quot;0&quot;}\" data-image-title=\"brejos-house-landscape-2\" data-image-description=\"\" data-image-caption=\"\" data-medium-file=\"https:\/\/espiritodacomporta.com\/app\/uploads\/2021\/11\/brejos-house-landscape-2-300x156.jpg\" data-large-file=\"https:\/\/espiritodacomporta.com\/app\/uploads\/2021\/11\/brejos-house-landscape-2.jpg\" \/>\n            <\/section>\n    <section class=\"homeblocks-content\">\n        <div class=\"homeblocks-content-inside\">\n            <h2>Eine schicke Villa in Comporta<\/h2>\n<p>Mit einer beeindruckenden Inneneinrichtung bietet die Casa dos Brejos Platz f\u00fcr die ganze Familie. Sie besteht aus einem Haupthaus und zwei weiteren unabh\u00e4ngigen H\u00e4usern und hat eine Architektur, die mit den Reetd\u00e4chern und Holzpergolen der Region identisch ist, und damit die Einfachheit der Fischerh\u00e4user respektiert. Sie verf\u00fcgt \u00fcber 6 ger\u00e4umige Schlafzimmer und 6 Badezimmer und bietet Platz f\u00fcr bis zu 12 Personen.<br \/>\nDer von Natur umgebene Au\u00dfenbereich verf\u00fcgt \u00fcber einen Swimmingpool, einen Grillplatz, einen riesigen Lounge-Bereich und sogar ein Feld f\u00fcr diejenigen, die gerne P\u00e9tanque spielen. Es ist ein riesiger Bereich mit allem Komfort und aller Annehmlichkeiten, die man sich vorstellen kann. Eine wahre Einladung f\u00fcr ein paar super entspannte Tage und unvergessliche Ferien.<br \/>\nRund um die Casa do Brejos finden Sie Restaurants, den Strand von Brejos und das Dorf Comporta nur wenige Autominuten entfernt.<\/p>\n<p>Zu jeder Jahreszeit ist es nur m\u00f6glich, die gesamte Hausanlage komplett zu mieten.<\/p>\n\n\n            \n                    <\/div>\n    <\/section>\n<\/section>\n\n\n<div class=\"house-cards-container wcc\" id=\"non-sticked\">\n                        <div class=\"card-house-space card-effect\">\n    <div class=\"card-house-image image\">\n            <img loading=\"lazy\" decoding=\"async\" width=\"667\" height=\"900\" src=\"https:\/\/espiritodacomporta.com\/app\/uploads\/2021\/11\/brejos-house-portrait-17.jpg\" class=\"attachment-full size-full\" alt=\"\" srcset=\"https:\/\/espiritodacomporta.com\/app\/uploads\/2021\/11\/brejos-house-portrait-17.jpg 667w, https:\/\/espiritodacomporta.com\/app\/uploads\/2021\/11\/brejos-house-portrait-17-222x300.jpg 222w\" sizes=\"auto, (max-width: 667px) 100vw, 667px\" data-attachment-id=\"24175\" data-permalink=\"https:\/\/espiritodacomporta.com\/de\/hauser\/casa-do-brejos\/brejos-house-portrait-17-2\/\" data-orig-file=\"https:\/\/espiritodacomporta.com\/app\/uploads\/2021\/11\/brejos-house-portrait-17.jpg\" data-orig-size=\"667,900\" data-comments-opened=\"0\" data-image-meta=\"{&quot;aperture&quot;:&quot;0&quot;,&quot;credit&quot;:&quot;&quot;,&quot;camera&quot;:&quot;&quot;,&quot;caption&quot;:&quot;&quot;,&quot;created_timestamp&quot;:&quot;0&quot;,&quot;copyright&quot;:&quot;&quot;,&quot;focal_length&quot;:&quot;0&quot;,&quot;iso&quot;:&quot;0&quot;,&quot;shutter_speed&quot;:&quot;0&quot;,&quot;title&quot;:&quot;&quot;,&quot;orientation&quot;:&quot;0&quot;}\" data-image-title=\"brejos-house-portrait-17\" data-image-description=\"\" data-image-caption=\"\" data-medium-file=\"https:\/\/espiritodacomporta.com\/app\/uploads\/2021\/11\/brejos-house-portrait-17-222x300.jpg\" data-large-file=\"https:\/\/espiritodacomporta.com\/app\/uploads\/2021\/11\/brejos-house-portrait-17.jpg\" \/>\n\n      <div class=\"card-house-capacity\">\n        <img decoding=\"async\" src=\"https:\/\/espiritodacomporta.com\/app\/themes\/espirito\/dist\/images\/new\/house-space-capacity_8ad9c057f57e403b7dfe.png\" alt=\"Capacity\">\n        <span>x 12<\/span>\n      <\/div>\n\n    <\/div>\n\n    <div class=\"card-house-content equal-height\" data-equal=\"card-house-space-content\">\n      <h2>Casa do Brejos<\/h2>\n      <p><\/p>\n      <p class=\"details1\">1 bis 12 Personen<\/p>\n      <a href=\"https:\/\/beds24.com\/booking2.php?propid=146506\" class=\"button\" target=\"_blank\">Buchen\n        Casa do Brejos<\/a>\n    <\/div>\n\n<\/div>\n            <\/div>\n\n<div class=\"sticky-container\">\n    <div class=\"house-cards-container wcc\">\n                                                                    <div class=\"card-house-space\">\n    <div class=\"card-house-content equal-height\" data-equal=\"card-house-space-content-reduced\">\n\n        <div class=\"card-house-text\">\n          <h2>Ganzes Anwesen<\/h2>\n          <p>1 bis 12 Personen<\/p>\n        <\/div>\n\n        <a href=\"https:\/\/beds24.com\/booking2.php?propid=146506\" target=\"_blank\" class=\"button equal-height\" data-equal=\"card-house-space-content-link\">\n            Buchen\n            <span>Ganzes Anwesen<\/span>\n        <\/a>\n\n    <\/div>\n<\/div>\n                      <\/div>\n<\/div>\n\n<div class=\"house-spaces\">\n    \n        \n                    <div class=\"house-space house-space-gallery-container\">\n\n                <h2 class=\"big-title\"><span>Casa do Brejos<\/span><\/h2>\n\n                <p class=\"details1\">1 bis 12 Personen<\/p>\n\n                                    <div class=\"house-space-gallery\">\n                        \n                                                    <img loading=\"lazy\" decoding=\"async\" width=\"667\" height=\"900\" src=\"https:\/\/espiritodacomporta.com\/app\/uploads\/2021\/11\/brejos-house-portrait-1.jpg\" class=\" \" alt=\"\" srcset=\"https:\/\/espiritodacomporta.com\/app\/uploads\/2021\/11\/brejos-house-portrait-1.jpg 667w, https:\/\/espiritodacomporta.com\/app\/uploads\/2021\/11\/brejos-house-portrait-1-222x300.jpg 222w\" sizes=\"auto, (max-width: 667px) 100vw, 667px\" data-attachment-id=\"24095\" data-permalink=\"https:\/\/espiritodacomporta.com\/de\/hauser\/casa-do-brejos\/brejos-house-portrait-1-2\/\" data-orig-file=\"https:\/\/espiritodacomporta.com\/app\/uploads\/2021\/11\/brejos-house-portrait-1.jpg\" data-orig-size=\"667,900\" data-comments-opened=\"0\" data-image-meta=\"{&quot;aperture&quot;:&quot;1.6&quot;,&quot;credit&quot;:&quot;&quot;,&quot;camera&quot;:&quot;iPhone 12&quot;,&quot;caption&quot;:&quot;&quot;,&quot;created_timestamp&quot;:&quot;1630742390&quot;,&quot;copyright&quot;:&quot;&quot;,&quot;focal_length&quot;:&quot;4.2&quot;,&quot;iso&quot;:&quot;40&quot;,&quot;shutter_speed&quot;:&quot;0.0083333333333333&quot;,&quot;title&quot;:&quot;&quot;,&quot;orientation&quot;:&quot;0&quot;}\" data-image-title=\"brejos-house-portrait-1\" data-image-description=\"\" data-image-caption=\"\" data-medium-file=\"https:\/\/espiritodacomporta.com\/app\/uploads\/2021\/11\/brejos-house-portrait-1-222x300.jpg\" data-large-file=\"https:\/\/espiritodacomporta.com\/app\/uploads\/2021\/11\/brejos-house-portrait-1.jpg\" \/>                                                    <img loading=\"lazy\" decoding=\"async\" width=\"667\" height=\"900\" src=\"https:\/\/espiritodacomporta.com\/app\/uploads\/2021\/11\/brejos-house-portrait-26.jpg\" class=\" \" alt=\"\" srcset=\"https:\/\/espiritodacomporta.com\/app\/uploads\/2021\/11\/brejos-house-portrait-26.jpg 667w, https:\/\/espiritodacomporta.com\/app\/uploads\/2021\/11\/brejos-house-portrait-26-222x300.jpg 222w\" sizes=\"auto, (max-width: 667px) 100vw, 667px\" data-attachment-id=\"24220\" data-permalink=\"https:\/\/espiritodacomporta.com\/de\/hauser\/casa-do-brejos\/brejos-house-portrait-26-2\/\" data-orig-file=\"https:\/\/espiritodacomporta.com\/app\/uploads\/2021\/11\/brejos-house-portrait-26.jpg\" data-orig-size=\"667,900\" data-comments-opened=\"0\" data-image-meta=\"{&quot;aperture&quot;:&quot;0&quot;,&quot;credit&quot;:&quot;&quot;,&quot;camera&quot;:&quot;&quot;,&quot;caption&quot;:&quot;&quot;,&quot;created_timestamp&quot;:&quot;0&quot;,&quot;copyright&quot;:&quot;&quot;,&quot;focal_length&quot;:&quot;0&quot;,&quot;iso&quot;:&quot;0&quot;,&quot;shutter_speed&quot;:&quot;0&quot;,&quot;title&quot;:&quot;&quot;,&quot;orientation&quot;:&quot;0&quot;}\" data-image-title=\"brejos-house-portrait-26\" data-image-description=\"\" data-image-caption=\"\" data-medium-file=\"https:\/\/espiritodacomporta.com\/app\/uploads\/2021\/11\/brejos-house-portrait-26-222x300.jpg\" data-large-file=\"https:\/\/espiritodacomporta.com\/app\/uploads\/2021\/11\/brejos-house-portrait-26.jpg\" \/>                                                    <img loading=\"lazy\" decoding=\"async\" width=\"1000\" height=\"521\" src=\"https:\/\/espiritodacomporta.com\/app\/uploads\/2021\/11\/brejos-house-landscape-1.jpg\" class=\" \" alt=\"\" srcset=\"https:\/\/espiritodacomporta.com\/app\/uploads\/2021\/11\/brejos-house-landscape-1.jpg 1000w, https:\/\/espiritodacomporta.com\/app\/uploads\/2021\/11\/brejos-house-landscape-1-300x156.jpg 300w, https:\/\/espiritodacomporta.com\/app\/uploads\/2021\/11\/brejos-house-landscape-1-768x400.jpg 768w\" sizes=\"auto, (max-width: 1000px) 100vw, 1000px\" data-attachment-id=\"24035\" data-permalink=\"https:\/\/espiritodacomporta.com\/de\/hauser\/casa-do-brejos\/brejos-house-landscape-1-2\/\" data-orig-file=\"https:\/\/espiritodacomporta.com\/app\/uploads\/2021\/11\/brejos-house-landscape-1.jpg\" data-orig-size=\"1000,521\" data-comments-opened=\"0\" data-image-meta=\"{&quot;aperture&quot;:&quot;1.6&quot;,&quot;credit&quot;:&quot;&quot;,&quot;camera&quot;:&quot;iPhone 12&quot;,&quot;caption&quot;:&quot;&quot;,&quot;created_timestamp&quot;:&quot;1630742410&quot;,&quot;copyright&quot;:&quot;&quot;,&quot;focal_length&quot;:&quot;4.2&quot;,&quot;iso&quot;:&quot;32&quot;,&quot;shutter_speed&quot;:&quot;0.0083333333333333&quot;,&quot;title&quot;:&quot;&quot;,&quot;orientation&quot;:&quot;0&quot;}\" data-image-title=\"brejos-house-landscape-1\" data-image-description=\"\" data-image-caption=\"\" data-medium-file=\"https:\/\/espiritodacomporta.com\/app\/uploads\/2021\/11\/brejos-house-landscape-1-300x156.jpg\" data-large-file=\"https:\/\/espiritodacomporta.com\/app\/uploads\/2021\/11\/brejos-house-landscape-1.jpg\" \/>                                                    <img loading=\"lazy\" decoding=\"async\" width=\"667\" height=\"900\" src=\"https:\/\/espiritodacomporta.com\/app\/uploads\/2021\/11\/brejos-house-portrait-25.jpg\" class=\" \" alt=\"\" srcset=\"https:\/\/espiritodacomporta.com\/app\/uploads\/2021\/11\/brejos-house-portrait-25.jpg 667w, https:\/\/espiritodacomporta.com\/app\/uploads\/2021\/11\/brejos-house-portrait-25-222x300.jpg 222w\" sizes=\"auto, (max-width: 667px) 100vw, 667px\" data-attachment-id=\"24215\" data-permalink=\"https:\/\/espiritodacomporta.com\/de\/hauser\/casa-do-brejos\/brejos-house-portrait-25-2\/\" data-orig-file=\"https:\/\/espiritodacomporta.com\/app\/uploads\/2021\/11\/brejos-house-portrait-25.jpg\" data-orig-size=\"667,900\" data-comments-opened=\"0\" data-image-meta=\"{&quot;aperture&quot;:&quot;0&quot;,&quot;credit&quot;:&quot;&quot;,&quot;camera&quot;:&quot;&quot;,&quot;caption&quot;:&quot;&quot;,&quot;created_timestamp&quot;:&quot;0&quot;,&quot;copyright&quot;:&quot;&quot;,&quot;focal_length&quot;:&quot;0&quot;,&quot;iso&quot;:&quot;0&quot;,&quot;shutter_speed&quot;:&quot;0&quot;,&quot;title&quot;:&quot;&quot;,&quot;orientation&quot;:&quot;0&quot;}\" data-image-title=\"brejos-house-portrait-25\" data-image-description=\"\" data-image-caption=\"\" data-medium-file=\"https:\/\/espiritodacomporta.com\/app\/uploads\/2021\/11\/brejos-house-portrait-25-222x300.jpg\" data-large-file=\"https:\/\/espiritodacomporta.com\/app\/uploads\/2021\/11\/brejos-house-portrait-25.jpg\" \/>                                                    <img loading=\"lazy\" decoding=\"async\" width=\"667\" height=\"900\" src=\"https:\/\/espiritodacomporta.com\/app\/uploads\/2021\/11\/brejos-house-portrait-24.jpg\" class=\" \" alt=\"\" srcset=\"https:\/\/espiritodacomporta.com\/app\/uploads\/2021\/11\/brejos-house-portrait-24.jpg 667w, https:\/\/espiritodacomporta.com\/app\/uploads\/2021\/11\/brejos-house-portrait-24-222x300.jpg 222w\" sizes=\"auto, (max-width: 667px) 100vw, 667px\" data-attachment-id=\"24210\" data-permalink=\"https:\/\/espiritodacomporta.com\/de\/hauser\/casa-do-brejos\/brejos-house-portrait-24-2\/\" data-orig-file=\"https:\/\/espiritodacomporta.com\/app\/uploads\/2021\/11\/brejos-house-portrait-24.jpg\" data-orig-size=\"667,900\" data-comments-opened=\"0\" data-image-meta=\"{&quot;aperture&quot;:&quot;0&quot;,&quot;credit&quot;:&quot;&quot;,&quot;camera&quot;:&quot;&quot;,&quot;caption&quot;:&quot;&quot;,&quot;created_timestamp&quot;:&quot;0&quot;,&quot;copyright&quot;:&quot;&quot;,&quot;focal_length&quot;:&quot;0&quot;,&quot;iso&quot;:&quot;0&quot;,&quot;shutter_speed&quot;:&quot;0&quot;,&quot;title&quot;:&quot;&quot;,&quot;orientation&quot;:&quot;0&quot;}\" data-image-title=\"brejos-house-portrait-24\" data-image-description=\"\" data-image-caption=\"\" data-medium-file=\"https:\/\/espiritodacomporta.com\/app\/uploads\/2021\/11\/brejos-house-portrait-24-222x300.jpg\" data-large-file=\"https:\/\/espiritodacomporta.com\/app\/uploads\/2021\/11\/brejos-house-portrait-24.jpg\" \/>                                                    <img loading=\"lazy\" decoding=\"async\" width=\"1000\" height=\"521\" src=\"https:\/\/espiritodacomporta.com\/app\/uploads\/2021\/11\/brejos-house-landscape-12.jpg\" class=\" \" alt=\"\" srcset=\"https:\/\/espiritodacomporta.com\/app\/uploads\/2021\/11\/brejos-house-landscape-12.jpg 1000w, https:\/\/espiritodacomporta.com\/app\/uploads\/2021\/11\/brejos-house-landscape-12-300x156.jpg 300w, https:\/\/espiritodacomporta.com\/app\/uploads\/2021\/11\/brejos-house-landscape-12-768x400.jpg 768w\" sizes=\"auto, (max-width: 1000px) 100vw, 1000px\" data-attachment-id=\"24090\" data-permalink=\"https:\/\/espiritodacomporta.com\/de\/hauser\/casa-do-brejos\/brejos-house-landscape-12-2\/\" data-orig-file=\"https:\/\/espiritodacomporta.com\/app\/uploads\/2021\/11\/brejos-house-landscape-12.jpg\" data-orig-size=\"1000,521\" data-comments-opened=\"0\" data-image-meta=\"{&quot;aperture&quot;:&quot;0&quot;,&quot;credit&quot;:&quot;&quot;,&quot;camera&quot;:&quot;&quot;,&quot;caption&quot;:&quot;&quot;,&quot;created_timestamp&quot;:&quot;0&quot;,&quot;copyright&quot;:&quot;&quot;,&quot;focal_length&quot;:&quot;0&quot;,&quot;iso&quot;:&quot;0&quot;,&quot;shutter_speed&quot;:&quot;0&quot;,&quot;title&quot;:&quot;&quot;,&quot;orientation&quot;:&quot;0&quot;}\" data-image-title=\"brejos-house-landscape-12\" data-image-description=\"\" data-image-caption=\"\" data-medium-file=\"https:\/\/espiritodacomporta.com\/app\/uploads\/2021\/11\/brejos-house-landscape-12-300x156.jpg\" data-large-file=\"https:\/\/espiritodacomporta.com\/app\/uploads\/2021\/11\/brejos-house-landscape-12.jpg\" \/>                                                    <img loading=\"lazy\" decoding=\"async\" width=\"667\" height=\"900\" src=\"https:\/\/espiritodacomporta.com\/app\/uploads\/2021\/11\/brejos-house-portrait-23.jpg\" class=\" \" alt=\"\" srcset=\"https:\/\/espiritodacomporta.com\/app\/uploads\/2021\/11\/brejos-house-portrait-23.jpg 667w, https:\/\/espiritodacomporta.com\/app\/uploads\/2021\/11\/brejos-house-portrait-23-222x300.jpg 222w\" sizes=\"auto, (max-width: 667px) 100vw, 667px\" data-attachment-id=\"24205\" data-permalink=\"https:\/\/espiritodacomporta.com\/de\/hauser\/casa-do-brejos\/brejos-house-portrait-23-2\/\" data-orig-file=\"https:\/\/espiritodacomporta.com\/app\/uploads\/2021\/11\/brejos-house-portrait-23.jpg\" data-orig-size=\"667,900\" data-comments-opened=\"0\" data-image-meta=\"{&quot;aperture&quot;:&quot;0&quot;,&quot;credit&quot;:&quot;&quot;,&quot;camera&quot;:&quot;&quot;,&quot;caption&quot;:&quot;&quot;,&quot;created_timestamp&quot;:&quot;0&quot;,&quot;copyright&quot;:&quot;&quot;,&quot;focal_length&quot;:&quot;0&quot;,&quot;iso&quot;:&quot;0&quot;,&quot;shutter_speed&quot;:&quot;0&quot;,&quot;title&quot;:&quot;&quot;,&quot;orientation&quot;:&quot;0&quot;}\" data-image-title=\"brejos-house-portrait-23\" data-image-description=\"\" data-image-caption=\"\" data-medium-file=\"https:\/\/espiritodacomporta.com\/app\/uploads\/2021\/11\/brejos-house-portrait-23-222x300.jpg\" data-large-file=\"https:\/\/espiritodacomporta.com\/app\/uploads\/2021\/11\/brejos-house-portrait-23.jpg\" \/>                                                    <img loading=\"lazy\" decoding=\"async\" width=\"667\" height=\"900\" src=\"https:\/\/espiritodacomporta.com\/app\/uploads\/2021\/11\/brejos-house-portrait-22.jpg\" class=\" \" alt=\"\" srcset=\"https:\/\/espiritodacomporta.com\/app\/uploads\/2021\/11\/brejos-house-portrait-22.jpg 667w, https:\/\/espiritodacomporta.com\/app\/uploads\/2021\/11\/brejos-house-portrait-22-222x300.jpg 222w\" sizes=\"auto, (max-width: 667px) 100vw, 667px\" data-attachment-id=\"24200\" data-permalink=\"https:\/\/espiritodacomporta.com\/de\/hauser\/casa-do-brejos\/brejos-house-portrait-22-2\/\" data-orig-file=\"https:\/\/espiritodacomporta.com\/app\/uploads\/2021\/11\/brejos-house-portrait-22.jpg\" data-orig-size=\"667,900\" data-comments-opened=\"0\" data-image-meta=\"{&quot;aperture&quot;:&quot;0&quot;,&quot;credit&quot;:&quot;&quot;,&quot;camera&quot;:&quot;&quot;,&quot;caption&quot;:&quot;&quot;,&quot;created_timestamp&quot;:&quot;0&quot;,&quot;copyright&quot;:&quot;&quot;,&quot;focal_length&quot;:&quot;0&quot;,&quot;iso&quot;:&quot;0&quot;,&quot;shutter_speed&quot;:&quot;0&quot;,&quot;title&quot;:&quot;&quot;,&quot;orientation&quot;:&quot;0&quot;}\" data-image-title=\"brejos-house-portrait-22\" data-image-description=\"\" data-image-caption=\"\" data-medium-file=\"https:\/\/espiritodacomporta.com\/app\/uploads\/2021\/11\/brejos-house-portrait-22-222x300.jpg\" data-large-file=\"https:\/\/espiritodacomporta.com\/app\/uploads\/2021\/11\/brejos-house-portrait-22.jpg\" \/>                                                    <img loading=\"lazy\" decoding=\"async\" width=\"1000\" height=\"521\" src=\"https:\/\/espiritodacomporta.com\/app\/uploads\/2021\/11\/brejos-house-landscape-11.jpg\" class=\" \" alt=\"\" srcset=\"https:\/\/espiritodacomporta.com\/app\/uploads\/2021\/11\/brejos-house-landscape-11.jpg 1000w, https:\/\/espiritodacomporta.com\/app\/uploads\/2021\/11\/brejos-house-landscape-11-300x156.jpg 300w, https:\/\/espiritodacomporta.com\/app\/uploads\/2021\/11\/brejos-house-landscape-11-768x400.jpg 768w\" sizes=\"auto, (max-width: 1000px) 100vw, 1000px\" data-attachment-id=\"24085\" data-permalink=\"https:\/\/espiritodacomporta.com\/de\/hauser\/casa-do-brejos\/brejos-house-landscape-11-2\/\" data-orig-file=\"https:\/\/espiritodacomporta.com\/app\/uploads\/2021\/11\/brejos-house-landscape-11.jpg\" data-orig-size=\"1000,521\" data-comments-opened=\"0\" data-image-meta=\"{&quot;aperture&quot;:&quot;0&quot;,&quot;credit&quot;:&quot;&quot;,&quot;camera&quot;:&quot;&quot;,&quot;caption&quot;:&quot;&quot;,&quot;created_timestamp&quot;:&quot;0&quot;,&quot;copyright&quot;:&quot;&quot;,&quot;focal_length&quot;:&quot;0&quot;,&quot;iso&quot;:&quot;0&quot;,&quot;shutter_speed&quot;:&quot;0&quot;,&quot;title&quot;:&quot;&quot;,&quot;orientation&quot;:&quot;0&quot;}\" data-image-title=\"brejos-house-landscape-11\" data-image-description=\"\" data-image-caption=\"\" data-medium-file=\"https:\/\/espiritodacomporta.com\/app\/uploads\/2021\/11\/brejos-house-landscape-11-300x156.jpg\" data-large-file=\"https:\/\/espiritodacomporta.com\/app\/uploads\/2021\/11\/brejos-house-landscape-11.jpg\" \/>                                                    <img loading=\"lazy\" decoding=\"async\" width=\"667\" height=\"900\" src=\"https:\/\/espiritodacomporta.com\/app\/uploads\/2021\/11\/brejos-house-portrait-21.jpg\" class=\" \" alt=\"\" srcset=\"https:\/\/espiritodacomporta.com\/app\/uploads\/2021\/11\/brejos-house-portrait-21.jpg 667w, https:\/\/espiritodacomporta.com\/app\/uploads\/2021\/11\/brejos-house-portrait-21-222x300.jpg 222w\" sizes=\"auto, (max-width: 667px) 100vw, 667px\" data-attachment-id=\"24195\" data-permalink=\"https:\/\/espiritodacomporta.com\/de\/hauser\/casa-do-brejos\/brejos-house-portrait-21-2\/\" data-orig-file=\"https:\/\/espiritodacomporta.com\/app\/uploads\/2021\/11\/brejos-house-portrait-21.jpg\" data-orig-size=\"667,900\" data-comments-opened=\"0\" data-image-meta=\"{&quot;aperture&quot;:&quot;0&quot;,&quot;credit&quot;:&quot;&quot;,&quot;camera&quot;:&quot;&quot;,&quot;caption&quot;:&quot;&quot;,&quot;created_timestamp&quot;:&quot;0&quot;,&quot;copyright&quot;:&quot;&quot;,&quot;focal_length&quot;:&quot;0&quot;,&quot;iso&quot;:&quot;0&quot;,&quot;shutter_speed&quot;:&quot;0&quot;,&quot;title&quot;:&quot;&quot;,&quot;orientation&quot;:&quot;0&quot;}\" data-image-title=\"brejos-house-portrait-21\" data-image-description=\"\" data-image-caption=\"\" data-medium-file=\"https:\/\/espiritodacomporta.com\/app\/uploads\/2021\/11\/brejos-house-portrait-21-222x300.jpg\" data-large-file=\"https:\/\/espiritodacomporta.com\/app\/uploads\/2021\/11\/brejos-house-portrait-21.jpg\" \/>                                                    <img loading=\"lazy\" decoding=\"async\" width=\"667\" height=\"900\" src=\"https:\/\/espiritodacomporta.com\/app\/uploads\/2021\/11\/brejos-house-portrait-20.jpg\" class=\" \" alt=\"\" srcset=\"https:\/\/espiritodacomporta.com\/app\/uploads\/2021\/11\/brejos-house-portrait-20.jpg 667w, https:\/\/espiritodacomporta.com\/app\/uploads\/2021\/11\/brejos-house-portrait-20-222x300.jpg 222w\" sizes=\"auto, (max-width: 667px) 100vw, 667px\" data-attachment-id=\"24190\" data-permalink=\"https:\/\/espiritodacomporta.com\/de\/hauser\/casa-do-brejos\/brejos-house-portrait-20-2\/\" data-orig-file=\"https:\/\/espiritodacomporta.com\/app\/uploads\/2021\/11\/brejos-house-portrait-20.jpg\" data-orig-size=\"667,900\" data-comments-opened=\"0\" data-image-meta=\"{&quot;aperture&quot;:&quot;0&quot;,&quot;credit&quot;:&quot;&quot;,&quot;camera&quot;:&quot;&quot;,&quot;caption&quot;:&quot;&quot;,&quot;created_timestamp&quot;:&quot;0&quot;,&quot;copyright&quot;:&quot;&quot;,&quot;focal_length&quot;:&quot;0&quot;,&quot;iso&quot;:&quot;0&quot;,&quot;shutter_speed&quot;:&quot;0&quot;,&quot;title&quot;:&quot;&quot;,&quot;orientation&quot;:&quot;0&quot;}\" data-image-title=\"brejos-house-portrait-20\" data-image-description=\"\" data-image-caption=\"\" data-medium-file=\"https:\/\/espiritodacomporta.com\/app\/uploads\/2021\/11\/brejos-house-portrait-20-222x300.jpg\" data-large-file=\"https:\/\/espiritodacomporta.com\/app\/uploads\/2021\/11\/brejos-house-portrait-20.jpg\" \/>                                                    <img loading=\"lazy\" decoding=\"async\" width=\"1000\" height=\"521\" src=\"https:\/\/espiritodacomporta.com\/app\/uploads\/2021\/11\/brejos-house-landscape-10.jpg\" class=\" \" alt=\"\" srcset=\"https:\/\/espiritodacomporta.com\/app\/uploads\/2021\/11\/brejos-house-landscape-10.jpg 1000w, https:\/\/espiritodacomporta.com\/app\/uploads\/2021\/11\/brejos-house-landscape-10-300x156.jpg 300w, https:\/\/espiritodacomporta.com\/app\/uploads\/2021\/11\/brejos-house-landscape-10-768x400.jpg 768w\" sizes=\"auto, (max-width: 1000px) 100vw, 1000px\" data-attachment-id=\"24080\" data-permalink=\"https:\/\/espiritodacomporta.com\/de\/hauser\/casa-do-brejos\/brejos-house-landscape-10-2\/\" data-orig-file=\"https:\/\/espiritodacomporta.com\/app\/uploads\/2021\/11\/brejos-house-landscape-10.jpg\" data-orig-size=\"1000,521\" data-comments-opened=\"0\" data-image-meta=\"{&quot;aperture&quot;:&quot;0&quot;,&quot;credit&quot;:&quot;&quot;,&quot;camera&quot;:&quot;&quot;,&quot;caption&quot;:&quot;&quot;,&quot;created_timestamp&quot;:&quot;0&quot;,&quot;copyright&quot;:&quot;&quot;,&quot;focal_length&quot;:&quot;0&quot;,&quot;iso&quot;:&quot;0&quot;,&quot;shutter_speed&quot;:&quot;0&quot;,&quot;title&quot;:&quot;&quot;,&quot;orientation&quot;:&quot;0&quot;}\" data-image-title=\"brejos-house-landscape-10\" data-image-description=\"\" data-image-caption=\"\" data-medium-file=\"https:\/\/espiritodacomporta.com\/app\/uploads\/2021\/11\/brejos-house-landscape-10-300x156.jpg\" data-large-file=\"https:\/\/espiritodacomporta.com\/app\/uploads\/2021\/11\/brejos-house-landscape-10.jpg\" \/>                                                    <img loading=\"lazy\" decoding=\"async\" width=\"667\" height=\"900\" src=\"https:\/\/espiritodacomporta.com\/app\/uploads\/2021\/11\/brejos-house-portrait-19.jpg\" class=\" \" alt=\"\" srcset=\"https:\/\/espiritodacomporta.com\/app\/uploads\/2021\/11\/brejos-house-portrait-19.jpg 667w, https:\/\/espiritodacomporta.com\/app\/uploads\/2021\/11\/brejos-house-portrait-19-222x300.jpg 222w\" sizes=\"auto, (max-width: 667px) 100vw, 667px\" data-attachment-id=\"24185\" data-permalink=\"https:\/\/espiritodacomporta.com\/de\/hauser\/casa-do-brejos\/brejos-house-portrait-19-2\/\" data-orig-file=\"https:\/\/espiritodacomporta.com\/app\/uploads\/2021\/11\/brejos-house-portrait-19.jpg\" data-orig-size=\"667,900\" data-comments-opened=\"0\" data-image-meta=\"{&quot;aperture&quot;:&quot;0&quot;,&quot;credit&quot;:&quot;&quot;,&quot;camera&quot;:&quot;&quot;,&quot;caption&quot;:&quot;&quot;,&quot;created_timestamp&quot;:&quot;0&quot;,&quot;copyright&quot;:&quot;&quot;,&quot;focal_length&quot;:&quot;0&quot;,&quot;iso&quot;:&quot;0&quot;,&quot;shutter_speed&quot;:&quot;0&quot;,&quot;title&quot;:&quot;&quot;,&quot;orientation&quot;:&quot;0&quot;}\" data-image-title=\"brejos-house-portrait-19\" data-image-description=\"\" data-image-caption=\"\" data-medium-file=\"https:\/\/espiritodacomporta.com\/app\/uploads\/2021\/11\/brejos-house-portrait-19-222x300.jpg\" data-large-file=\"https:\/\/espiritodacomporta.com\/app\/uploads\/2021\/11\/brejos-house-portrait-19.jpg\" \/>                                                    <img loading=\"lazy\" decoding=\"async\" width=\"667\" height=\"900\" src=\"https:\/\/espiritodacomporta.com\/app\/uploads\/2021\/11\/brejos-house-portrait-18.jpg\" class=\" \" alt=\"\" srcset=\"https:\/\/espiritodacomporta.com\/app\/uploads\/2021\/11\/brejos-house-portrait-18.jpg 667w, https:\/\/espiritodacomporta.com\/app\/uploads\/2021\/11\/brejos-house-portrait-18-222x300.jpg 222w\" sizes=\"auto, (max-width: 667px) 100vw, 667px\" data-attachment-id=\"24180\" data-permalink=\"https:\/\/espiritodacomporta.com\/de\/hauser\/casa-do-brejos\/brejos-house-portrait-18-2\/\" data-orig-file=\"https:\/\/espiritodacomporta.com\/app\/uploads\/2021\/11\/brejos-house-portrait-18.jpg\" data-orig-size=\"667,900\" data-comments-opened=\"0\" data-image-meta=\"{&quot;aperture&quot;:&quot;0&quot;,&quot;credit&quot;:&quot;&quot;,&quot;camera&quot;:&quot;&quot;,&quot;caption&quot;:&quot;&quot;,&quot;created_timestamp&quot;:&quot;0&quot;,&quot;copyright&quot;:&quot;&quot;,&quot;focal_length&quot;:&quot;0&quot;,&quot;iso&quot;:&quot;0&quot;,&quot;shutter_speed&quot;:&quot;0&quot;,&quot;title&quot;:&quot;&quot;,&quot;orientation&quot;:&quot;0&quot;}\" data-image-title=\"brejos-house-portrait-18\" data-image-description=\"\" data-image-caption=\"\" data-medium-file=\"https:\/\/espiritodacomporta.com\/app\/uploads\/2021\/11\/brejos-house-portrait-18-222x300.jpg\" data-large-file=\"https:\/\/espiritodacomporta.com\/app\/uploads\/2021\/11\/brejos-house-portrait-18.jpg\" \/>                                                    <img loading=\"lazy\" decoding=\"async\" width=\"1000\" height=\"521\" src=\"https:\/\/espiritodacomporta.com\/app\/uploads\/2021\/11\/brejos-house-landscape-9.jpg\" class=\" \" alt=\"\" srcset=\"https:\/\/espiritodacomporta.com\/app\/uploads\/2021\/11\/brejos-house-landscape-9.jpg 1000w, https:\/\/espiritodacomporta.com\/app\/uploads\/2021\/11\/brejos-house-landscape-9-300x156.jpg 300w, https:\/\/espiritodacomporta.com\/app\/uploads\/2021\/11\/brejos-house-landscape-9-768x400.jpg 768w\" sizes=\"auto, (max-width: 1000px) 100vw, 1000px\" data-attachment-id=\"24075\" data-permalink=\"https:\/\/espiritodacomporta.com\/de\/hauser\/casa-do-brejos\/brejos-house-landscape-9-2\/\" data-orig-file=\"https:\/\/espiritodacomporta.com\/app\/uploads\/2021\/11\/brejos-house-landscape-9.jpg\" data-orig-size=\"1000,521\" data-comments-opened=\"0\" data-image-meta=\"{&quot;aperture&quot;:&quot;0&quot;,&quot;credit&quot;:&quot;&quot;,&quot;camera&quot;:&quot;&quot;,&quot;caption&quot;:&quot;&quot;,&quot;created_timestamp&quot;:&quot;0&quot;,&quot;copyright&quot;:&quot;&quot;,&quot;focal_length&quot;:&quot;0&quot;,&quot;iso&quot;:&quot;0&quot;,&quot;shutter_speed&quot;:&quot;0&quot;,&quot;title&quot;:&quot;&quot;,&quot;orientation&quot;:&quot;0&quot;}\" data-image-title=\"brejos-house-landscape-9\" data-image-description=\"\" data-image-caption=\"\" data-medium-file=\"https:\/\/espiritodacomporta.com\/app\/uploads\/2021\/11\/brejos-house-landscape-9-300x156.jpg\" data-large-file=\"https:\/\/espiritodacomporta.com\/app\/uploads\/2021\/11\/brejos-house-landscape-9.jpg\" \/>                                                    <img loading=\"lazy\" decoding=\"async\" width=\"667\" height=\"900\" src=\"https:\/\/espiritodacomporta.com\/app\/uploads\/2021\/11\/brejos-house-portrait-17.jpg\" class=\" \" alt=\"\" srcset=\"https:\/\/espiritodacomporta.com\/app\/uploads\/2021\/11\/brejos-house-portrait-17.jpg 667w, https:\/\/espiritodacomporta.com\/app\/uploads\/2021\/11\/brejos-house-portrait-17-222x300.jpg 222w\" sizes=\"auto, (max-width: 667px) 100vw, 667px\" data-attachment-id=\"24175\" data-permalink=\"https:\/\/espiritodacomporta.com\/de\/hauser\/casa-do-brejos\/brejos-house-portrait-17-2\/\" data-orig-file=\"https:\/\/espiritodacomporta.com\/app\/uploads\/2021\/11\/brejos-house-portrait-17.jpg\" data-orig-size=\"667,900\" data-comments-opened=\"0\" data-image-meta=\"{&quot;aperture&quot;:&quot;0&quot;,&quot;credit&quot;:&quot;&quot;,&quot;camera&quot;:&quot;&quot;,&quot;caption&quot;:&quot;&quot;,&quot;created_timestamp&quot;:&quot;0&quot;,&quot;copyright&quot;:&quot;&quot;,&quot;focal_length&quot;:&quot;0&quot;,&quot;iso&quot;:&quot;0&quot;,&quot;shutter_speed&quot;:&quot;0&quot;,&quot;title&quot;:&quot;&quot;,&quot;orientation&quot;:&quot;0&quot;}\" data-image-title=\"brejos-house-portrait-17\" data-image-description=\"\" data-image-caption=\"\" data-medium-file=\"https:\/\/espiritodacomporta.com\/app\/uploads\/2021\/11\/brejos-house-portrait-17-222x300.jpg\" data-large-file=\"https:\/\/espiritodacomporta.com\/app\/uploads\/2021\/11\/brejos-house-portrait-17.jpg\" \/>                                                    <img loading=\"lazy\" decoding=\"async\" width=\"667\" height=\"900\" src=\"https:\/\/espiritodacomporta.com\/app\/uploads\/2021\/11\/brejos-house-portrait-16.jpg\" class=\" \" alt=\"\" srcset=\"https:\/\/espiritodacomporta.com\/app\/uploads\/2021\/11\/brejos-house-portrait-16.jpg 667w, https:\/\/espiritodacomporta.com\/app\/uploads\/2021\/11\/brejos-house-portrait-16-222x300.jpg 222w\" sizes=\"auto, (max-width: 667px) 100vw, 667px\" data-attachment-id=\"24170\" data-permalink=\"https:\/\/espiritodacomporta.com\/de\/hauser\/casa-do-brejos\/brejos-house-portrait-16-2\/\" data-orig-file=\"https:\/\/espiritodacomporta.com\/app\/uploads\/2021\/11\/brejos-house-portrait-16.jpg\" data-orig-size=\"667,900\" data-comments-opened=\"0\" data-image-meta=\"{&quot;aperture&quot;:&quot;0&quot;,&quot;credit&quot;:&quot;&quot;,&quot;camera&quot;:&quot;&quot;,&quot;caption&quot;:&quot;&quot;,&quot;created_timestamp&quot;:&quot;0&quot;,&quot;copyright&quot;:&quot;&quot;,&quot;focal_length&quot;:&quot;0&quot;,&quot;iso&quot;:&quot;0&quot;,&quot;shutter_speed&quot;:&quot;0&quot;,&quot;title&quot;:&quot;&quot;,&quot;orientation&quot;:&quot;0&quot;}\" data-image-title=\"brejos-house-portrait-16\" data-image-description=\"\" data-image-caption=\"\" data-medium-file=\"https:\/\/espiritodacomporta.com\/app\/uploads\/2021\/11\/brejos-house-portrait-16-222x300.jpg\" data-large-file=\"https:\/\/espiritodacomporta.com\/app\/uploads\/2021\/11\/brejos-house-portrait-16.jpg\" \/>                                                    <img loading=\"lazy\" decoding=\"async\" width=\"1000\" height=\"521\" src=\"https:\/\/espiritodacomporta.com\/app\/uploads\/2021\/11\/brejos-house-landscape-8.jpg\" class=\" \" alt=\"\" srcset=\"https:\/\/espiritodacomporta.com\/app\/uploads\/2021\/11\/brejos-house-landscape-8.jpg 1000w, https:\/\/espiritodacomporta.com\/app\/uploads\/2021\/11\/brejos-house-landscape-8-300x156.jpg 300w, https:\/\/espiritodacomporta.com\/app\/uploads\/2021\/11\/brejos-house-landscape-8-768x400.jpg 768w\" sizes=\"auto, (max-width: 1000px) 100vw, 1000px\" data-attachment-id=\"24070\" data-permalink=\"https:\/\/espiritodacomporta.com\/de\/hauser\/casa-do-brejos\/brejos-house-landscape-8-2\/\" data-orig-file=\"https:\/\/espiritodacomporta.com\/app\/uploads\/2021\/11\/brejos-house-landscape-8.jpg\" data-orig-size=\"1000,521\" data-comments-opened=\"0\" data-image-meta=\"{&quot;aperture&quot;:&quot;0&quot;,&quot;credit&quot;:&quot;&quot;,&quot;camera&quot;:&quot;&quot;,&quot;caption&quot;:&quot;&quot;,&quot;created_timestamp&quot;:&quot;0&quot;,&quot;copyright&quot;:&quot;&quot;,&quot;focal_length&quot;:&quot;0&quot;,&quot;iso&quot;:&quot;0&quot;,&quot;shutter_speed&quot;:&quot;0&quot;,&quot;title&quot;:&quot;&quot;,&quot;orientation&quot;:&quot;0&quot;}\" data-image-title=\"brejos-house-landscape-8\" data-image-description=\"\" data-image-caption=\"\" data-medium-file=\"https:\/\/espiritodacomporta.com\/app\/uploads\/2021\/11\/brejos-house-landscape-8-300x156.jpg\" data-large-file=\"https:\/\/espiritodacomporta.com\/app\/uploads\/2021\/11\/brejos-house-landscape-8.jpg\" \/>                                                    <img loading=\"lazy\" decoding=\"async\" width=\"667\" height=\"900\" src=\"https:\/\/espiritodacomporta.com\/app\/uploads\/2021\/11\/brejos-house-portrait-15.jpg\" class=\" \" alt=\"\" srcset=\"https:\/\/espiritodacomporta.com\/app\/uploads\/2021\/11\/brejos-house-portrait-15.jpg 667w, https:\/\/espiritodacomporta.com\/app\/uploads\/2021\/11\/brejos-house-portrait-15-222x300.jpg 222w\" sizes=\"auto, (max-width: 667px) 100vw, 667px\" data-attachment-id=\"24165\" data-permalink=\"https:\/\/espiritodacomporta.com\/de\/hauser\/casa-do-brejos\/brejos-house-portrait-15-2\/\" data-orig-file=\"https:\/\/espiritodacomporta.com\/app\/uploads\/2021\/11\/brejos-house-portrait-15.jpg\" data-orig-size=\"667,900\" data-comments-opened=\"0\" data-image-meta=\"{&quot;aperture&quot;:&quot;0&quot;,&quot;credit&quot;:&quot;&quot;,&quot;camera&quot;:&quot;&quot;,&quot;caption&quot;:&quot;&quot;,&quot;created_timestamp&quot;:&quot;0&quot;,&quot;copyright&quot;:&quot;&quot;,&quot;focal_length&quot;:&quot;0&quot;,&quot;iso&quot;:&quot;0&quot;,&quot;shutter_speed&quot;:&quot;0&quot;,&quot;title&quot;:&quot;&quot;,&quot;orientation&quot;:&quot;0&quot;}\" data-image-title=\"brejos-house-portrait-15\" data-image-description=\"\" data-image-caption=\"\" data-medium-file=\"https:\/\/espiritodacomporta.com\/app\/uploads\/2021\/11\/brejos-house-portrait-15-222x300.jpg\" data-large-file=\"https:\/\/espiritodacomporta.com\/app\/uploads\/2021\/11\/brejos-house-portrait-15.jpg\" \/>                                                    <img loading=\"lazy\" decoding=\"async\" width=\"667\" height=\"900\" src=\"https:\/\/espiritodacomporta.com\/app\/uploads\/2021\/11\/brejos-house-portrait-14.jpg\" class=\" \" alt=\"\" srcset=\"https:\/\/espiritodacomporta.com\/app\/uploads\/2021\/11\/brejos-house-portrait-14.jpg 667w, https:\/\/espiritodacomporta.com\/app\/uploads\/2021\/11\/brejos-house-portrait-14-222x300.jpg 222w\" sizes=\"auto, (max-width: 667px) 100vw, 667px\" data-attachment-id=\"24160\" data-permalink=\"https:\/\/espiritodacomporta.com\/de\/hauser\/casa-do-brejos\/brejos-house-portrait-14-2\/\" data-orig-file=\"https:\/\/espiritodacomporta.com\/app\/uploads\/2021\/11\/brejos-house-portrait-14.jpg\" data-orig-size=\"667,900\" data-comments-opened=\"0\" data-image-meta=\"{&quot;aperture&quot;:&quot;0&quot;,&quot;credit&quot;:&quot;&quot;,&quot;camera&quot;:&quot;&quot;,&quot;caption&quot;:&quot;&quot;,&quot;created_timestamp&quot;:&quot;0&quot;,&quot;copyright&quot;:&quot;&quot;,&quot;focal_length&quot;:&quot;0&quot;,&quot;iso&quot;:&quot;0&quot;,&quot;shutter_speed&quot;:&quot;0&quot;,&quot;title&quot;:&quot;&quot;,&quot;orientation&quot;:&quot;0&quot;}\" data-image-title=\"brejos-house-portrait-14\" data-image-description=\"\" data-image-caption=\"\" data-medium-file=\"https:\/\/espiritodacomporta.com\/app\/uploads\/2021\/11\/brejos-house-portrait-14-222x300.jpg\" data-large-file=\"https:\/\/espiritodacomporta.com\/app\/uploads\/2021\/11\/brejos-house-portrait-14.jpg\" \/>                                                    <img loading=\"lazy\" decoding=\"async\" width=\"1000\" height=\"521\" src=\"https:\/\/espiritodacomporta.com\/app\/uploads\/2021\/11\/brejos-house-landscape-7.jpg\" class=\" \" alt=\"\" srcset=\"https:\/\/espiritodacomporta.com\/app\/uploads\/2021\/11\/brejos-house-landscape-7.jpg 1000w, https:\/\/espiritodacomporta.com\/app\/uploads\/2021\/11\/brejos-house-landscape-7-300x156.jpg 300w, https:\/\/espiritodacomporta.com\/app\/uploads\/2021\/11\/brejos-house-landscape-7-768x400.jpg 768w\" sizes=\"auto, (max-width: 1000px) 100vw, 1000px\" data-attachment-id=\"24065\" data-permalink=\"https:\/\/espiritodacomporta.com\/de\/hauser\/casa-do-brejos\/brejos-house-landscape-7-2\/\" data-orig-file=\"https:\/\/espiritodacomporta.com\/app\/uploads\/2021\/11\/brejos-house-landscape-7.jpg\" data-orig-size=\"1000,521\" data-comments-opened=\"0\" data-image-meta=\"{&quot;aperture&quot;:&quot;0&quot;,&quot;credit&quot;:&quot;&quot;,&quot;camera&quot;:&quot;&quot;,&quot;caption&quot;:&quot;&quot;,&quot;created_timestamp&quot;:&quot;0&quot;,&quot;copyright&quot;:&quot;&quot;,&quot;focal_length&quot;:&quot;0&quot;,&quot;iso&quot;:&quot;0&quot;,&quot;shutter_speed&quot;:&quot;0&quot;,&quot;title&quot;:&quot;&quot;,&quot;orientation&quot;:&quot;0&quot;}\" data-image-title=\"brejos-house-landscape-7\" data-image-description=\"\" data-image-caption=\"\" data-medium-file=\"https:\/\/espiritodacomporta.com\/app\/uploads\/2021\/11\/brejos-house-landscape-7-300x156.jpg\" data-large-file=\"https:\/\/espiritodacomporta.com\/app\/uploads\/2021\/11\/brejos-house-landscape-7.jpg\" \/>                                                    <img loading=\"lazy\" decoding=\"async\" width=\"667\" height=\"900\" src=\"https:\/\/espiritodacomporta.com\/app\/uploads\/2021\/11\/brejos-house-portrait-13.jpg\" class=\" \" alt=\"\" srcset=\"https:\/\/espiritodacomporta.com\/app\/uploads\/2021\/11\/brejos-house-portrait-13.jpg 667w, https:\/\/espiritodacomporta.com\/app\/uploads\/2021\/11\/brejos-house-portrait-13-222x300.jpg 222w\" sizes=\"auto, (max-width: 667px) 100vw, 667px\" data-attachment-id=\"24155\" data-permalink=\"https:\/\/espiritodacomporta.com\/de\/hauser\/casa-do-brejos\/brejos-house-portrait-13-2\/\" data-orig-file=\"https:\/\/espiritodacomporta.com\/app\/uploads\/2021\/11\/brejos-house-portrait-13.jpg\" data-orig-size=\"667,900\" data-comments-opened=\"0\" data-image-meta=\"{&quot;aperture&quot;:&quot;0&quot;,&quot;credit&quot;:&quot;&quot;,&quot;camera&quot;:&quot;&quot;,&quot;caption&quot;:&quot;&quot;,&quot;created_timestamp&quot;:&quot;0&quot;,&quot;copyright&quot;:&quot;&quot;,&quot;focal_length&quot;:&quot;0&quot;,&quot;iso&quot;:&quot;0&quot;,&quot;shutter_speed&quot;:&quot;0&quot;,&quot;title&quot;:&quot;&quot;,&quot;orientation&quot;:&quot;0&quot;}\" data-image-title=\"brejos-house-portrait-13\" data-image-description=\"\" data-image-caption=\"\" data-medium-file=\"https:\/\/espiritodacomporta.com\/app\/uploads\/2021\/11\/brejos-house-portrait-13-222x300.jpg\" data-large-file=\"https:\/\/espiritodacomporta.com\/app\/uploads\/2021\/11\/brejos-house-portrait-13.jpg\" \/>                                                    <img loading=\"lazy\" decoding=\"async\" width=\"667\" height=\"900\" src=\"https:\/\/espiritodacomporta.com\/app\/uploads\/2021\/11\/brejos-house-portrait-12.jpg\" class=\" \" alt=\"\" srcset=\"https:\/\/espiritodacomporta.com\/app\/uploads\/2021\/11\/brejos-house-portrait-12.jpg 667w, https:\/\/espiritodacomporta.com\/app\/uploads\/2021\/11\/brejos-house-portrait-12-222x300.jpg 222w\" sizes=\"auto, (max-width: 667px) 100vw, 667px\" data-attachment-id=\"24150\" data-permalink=\"https:\/\/espiritodacomporta.com\/de\/hauser\/casa-do-brejos\/brejos-house-portrait-12-2\/\" data-orig-file=\"https:\/\/espiritodacomporta.com\/app\/uploads\/2021\/11\/brejos-house-portrait-12.jpg\" data-orig-size=\"667,900\" data-comments-opened=\"0\" data-image-meta=\"{&quot;aperture&quot;:&quot;0&quot;,&quot;credit&quot;:&quot;&quot;,&quot;camera&quot;:&quot;&quot;,&quot;caption&quot;:&quot;&quot;,&quot;created_timestamp&quot;:&quot;0&quot;,&quot;copyright&quot;:&quot;&quot;,&quot;focal_length&quot;:&quot;0&quot;,&quot;iso&quot;:&quot;0&quot;,&quot;shutter_speed&quot;:&quot;0&quot;,&quot;title&quot;:&quot;&quot;,&quot;orientation&quot;:&quot;0&quot;}\" data-image-title=\"brejos-house-portrait-12\" data-image-description=\"\" data-image-caption=\"\" data-medium-file=\"https:\/\/espiritodacomporta.com\/app\/uploads\/2021\/11\/brejos-house-portrait-12-222x300.jpg\" data-large-file=\"https:\/\/espiritodacomporta.com\/app\/uploads\/2021\/11\/brejos-house-portrait-12.jpg\" \/>                                                    <img loading=\"lazy\" decoding=\"async\" width=\"1000\" height=\"521\" src=\"https:\/\/espiritodacomporta.com\/app\/uploads\/2021\/11\/brejos-house-landscape-6.jpg\" class=\" \" alt=\"\" srcset=\"https:\/\/espiritodacomporta.com\/app\/uploads\/2021\/11\/brejos-house-landscape-6.jpg 1000w, https:\/\/espiritodacomporta.com\/app\/uploads\/2021\/11\/brejos-house-landscape-6-300x156.jpg 300w, https:\/\/espiritodacomporta.com\/app\/uploads\/2021\/11\/brejos-house-landscape-6-768x400.jpg 768w\" sizes=\"auto, (max-width: 1000px) 100vw, 1000px\" data-attachment-id=\"24060\" data-permalink=\"https:\/\/espiritodacomporta.com\/de\/hauser\/casa-do-brejos\/brejos-house-landscape-6-2\/\" data-orig-file=\"https:\/\/espiritodacomporta.com\/app\/uploads\/2021\/11\/brejos-house-landscape-6.jpg\" data-orig-size=\"1000,521\" data-comments-opened=\"0\" data-image-meta=\"{&quot;aperture&quot;:&quot;0&quot;,&quot;credit&quot;:&quot;&quot;,&quot;camera&quot;:&quot;&quot;,&quot;caption&quot;:&quot;&quot;,&quot;created_timestamp&quot;:&quot;0&quot;,&quot;copyright&quot;:&quot;&quot;,&quot;focal_length&quot;:&quot;0&quot;,&quot;iso&quot;:&quot;0&quot;,&quot;shutter_speed&quot;:&quot;0&quot;,&quot;title&quot;:&quot;&quot;,&quot;orientation&quot;:&quot;0&quot;}\" data-image-title=\"brejos-house-landscape-6\" data-image-description=\"\" data-image-caption=\"\" data-medium-file=\"https:\/\/espiritodacomporta.com\/app\/uploads\/2021\/11\/brejos-house-landscape-6-300x156.jpg\" data-large-file=\"https:\/\/espiritodacomporta.com\/app\/uploads\/2021\/11\/brejos-house-landscape-6.jpg\" \/>                                                    <img loading=\"lazy\" decoding=\"async\" width=\"667\" height=\"900\" src=\"https:\/\/espiritodacomporta.com\/app\/uploads\/2021\/11\/brejos-house-portrait-11.jpg\" class=\" \" alt=\"\" srcset=\"https:\/\/espiritodacomporta.com\/app\/uploads\/2021\/11\/brejos-house-portrait-11.jpg 667w, https:\/\/espiritodacomporta.com\/app\/uploads\/2021\/11\/brejos-house-portrait-11-222x300.jpg 222w\" sizes=\"auto, (max-width: 667px) 100vw, 667px\" data-attachment-id=\"24145\" data-permalink=\"https:\/\/espiritodacomporta.com\/de\/hauser\/casa-do-brejos\/brejos-house-portrait-11-2\/\" data-orig-file=\"https:\/\/espiritodacomporta.com\/app\/uploads\/2021\/11\/brejos-house-portrait-11.jpg\" data-orig-size=\"667,900\" data-comments-opened=\"0\" data-image-meta=\"{&quot;aperture&quot;:&quot;0&quot;,&quot;credit&quot;:&quot;&quot;,&quot;camera&quot;:&quot;&quot;,&quot;caption&quot;:&quot;&quot;,&quot;created_timestamp&quot;:&quot;0&quot;,&quot;copyright&quot;:&quot;&quot;,&quot;focal_length&quot;:&quot;0&quot;,&quot;iso&quot;:&quot;0&quot;,&quot;shutter_speed&quot;:&quot;0&quot;,&quot;title&quot;:&quot;&quot;,&quot;orientation&quot;:&quot;0&quot;}\" data-image-title=\"brejos-house-portrait-11\" data-image-description=\"\" data-image-caption=\"\" data-medium-file=\"https:\/\/espiritodacomporta.com\/app\/uploads\/2021\/11\/brejos-house-portrait-11-222x300.jpg\" data-large-file=\"https:\/\/espiritodacomporta.com\/app\/uploads\/2021\/11\/brejos-house-portrait-11.jpg\" \/>                                                    <img loading=\"lazy\" decoding=\"async\" width=\"667\" height=\"900\" src=\"https:\/\/espiritodacomporta.com\/app\/uploads\/2021\/11\/brejos-house-portrait-10.jpg\" class=\" \" alt=\"\" srcset=\"https:\/\/espiritodacomporta.com\/app\/uploads\/2021\/11\/brejos-house-portrait-10.jpg 667w, https:\/\/espiritodacomporta.com\/app\/uploads\/2021\/11\/brejos-house-portrait-10-222x300.jpg 222w\" sizes=\"auto, (max-width: 667px) 100vw, 667px\" data-attachment-id=\"24140\" data-permalink=\"https:\/\/espiritodacomporta.com\/de\/hauser\/casa-do-brejos\/brejos-house-portrait-10-2\/\" data-orig-file=\"https:\/\/espiritodacomporta.com\/app\/uploads\/2021\/11\/brejos-house-portrait-10.jpg\" data-orig-size=\"667,900\" data-comments-opened=\"0\" data-image-meta=\"{&quot;aperture&quot;:&quot;0&quot;,&quot;credit&quot;:&quot;&quot;,&quot;camera&quot;:&quot;&quot;,&quot;caption&quot;:&quot;&quot;,&quot;created_timestamp&quot;:&quot;0&quot;,&quot;copyright&quot;:&quot;&quot;,&quot;focal_length&quot;:&quot;0&quot;,&quot;iso&quot;:&quot;0&quot;,&quot;shutter_speed&quot;:&quot;0&quot;,&quot;title&quot;:&quot;&quot;,&quot;orientation&quot;:&quot;0&quot;}\" data-image-title=\"brejos-house-portrait-10\" data-image-description=\"\" data-image-caption=\"\" data-medium-file=\"https:\/\/espiritodacomporta.com\/app\/uploads\/2021\/11\/brejos-house-portrait-10-222x300.jpg\" data-large-file=\"https:\/\/espiritodacomporta.com\/app\/uploads\/2021\/11\/brejos-house-portrait-10.jpg\" \/>                                                    <img loading=\"lazy\" decoding=\"async\" width=\"1000\" height=\"521\" src=\"https:\/\/espiritodacomporta.com\/app\/uploads\/2021\/11\/brejos-house-landscape-5.jpg\" class=\" \" alt=\"\" srcset=\"https:\/\/espiritodacomporta.com\/app\/uploads\/2021\/11\/brejos-house-landscape-5.jpg 1000w, https:\/\/espiritodacomporta.com\/app\/uploads\/2021\/11\/brejos-house-landscape-5-300x156.jpg 300w, https:\/\/espiritodacomporta.com\/app\/uploads\/2021\/11\/brejos-house-landscape-5-768x400.jpg 768w\" sizes=\"auto, (max-width: 1000px) 100vw, 1000px\" data-attachment-id=\"24055\" data-permalink=\"https:\/\/espiritodacomporta.com\/de\/hauser\/casa-do-brejos\/brejos-house-landscape-5-2\/\" data-orig-file=\"https:\/\/espiritodacomporta.com\/app\/uploads\/2021\/11\/brejos-house-landscape-5.jpg\" data-orig-size=\"1000,521\" data-comments-opened=\"0\" data-image-meta=\"{&quot;aperture&quot;:&quot;0&quot;,&quot;credit&quot;:&quot;&quot;,&quot;camera&quot;:&quot;&quot;,&quot;caption&quot;:&quot;&quot;,&quot;created_timestamp&quot;:&quot;0&quot;,&quot;copyright&quot;:&quot;&quot;,&quot;focal_length&quot;:&quot;0&quot;,&quot;iso&quot;:&quot;0&quot;,&quot;shutter_speed&quot;:&quot;0&quot;,&quot;title&quot;:&quot;&quot;,&quot;orientation&quot;:&quot;0&quot;}\" data-image-title=\"brejos-house-landscape-5\" data-image-description=\"\" data-image-caption=\"\" data-medium-file=\"https:\/\/espiritodacomporta.com\/app\/uploads\/2021\/11\/brejos-house-landscape-5-300x156.jpg\" data-large-file=\"https:\/\/espiritodacomporta.com\/app\/uploads\/2021\/11\/brejos-house-landscape-5.jpg\" \/>                                                    <img loading=\"lazy\" decoding=\"async\" width=\"667\" height=\"900\" src=\"https:\/\/espiritodacomporta.com\/app\/uploads\/2021\/11\/brejos-house-portrait-9.jpg\" class=\" \" alt=\"\" srcset=\"https:\/\/espiritodacomporta.com\/app\/uploads\/2021\/11\/brejos-house-portrait-9.jpg 667w, https:\/\/espiritodacomporta.com\/app\/uploads\/2021\/11\/brejos-house-portrait-9-222x300.jpg 222w\" sizes=\"auto, (max-width: 667px) 100vw, 667px\" data-attachment-id=\"24135\" data-permalink=\"https:\/\/espiritodacomporta.com\/de\/hauser\/casa-do-brejos\/brejos-house-portrait-9-2\/\" data-orig-file=\"https:\/\/espiritodacomporta.com\/app\/uploads\/2021\/11\/brejos-house-portrait-9.jpg\" data-orig-size=\"667,900\" data-comments-opened=\"0\" data-image-meta=\"{&quot;aperture&quot;:&quot;0&quot;,&quot;credit&quot;:&quot;&quot;,&quot;camera&quot;:&quot;&quot;,&quot;caption&quot;:&quot;&quot;,&quot;created_timestamp&quot;:&quot;0&quot;,&quot;copyright&quot;:&quot;&quot;,&quot;focal_length&quot;:&quot;0&quot;,&quot;iso&quot;:&quot;0&quot;,&quot;shutter_speed&quot;:&quot;0&quot;,&quot;title&quot;:&quot;&quot;,&quot;orientation&quot;:&quot;0&quot;}\" data-image-title=\"brejos-house-portrait-9\" data-image-description=\"\" data-image-caption=\"\" data-medium-file=\"https:\/\/espiritodacomporta.com\/app\/uploads\/2021\/11\/brejos-house-portrait-9-222x300.jpg\" data-large-file=\"https:\/\/espiritodacomporta.com\/app\/uploads\/2021\/11\/brejos-house-portrait-9.jpg\" \/>                                                    <img loading=\"lazy\" decoding=\"async\" width=\"667\" height=\"900\" src=\"https:\/\/espiritodacomporta.com\/app\/uploads\/2021\/11\/brejos-house-portrait-8.jpg\" class=\" \" alt=\"\" srcset=\"https:\/\/espiritodacomporta.com\/app\/uploads\/2021\/11\/brejos-house-portrait-8.jpg 667w, https:\/\/espiritodacomporta.com\/app\/uploads\/2021\/11\/brejos-house-portrait-8-222x300.jpg 222w\" sizes=\"auto, (max-width: 667px) 100vw, 667px\" data-attachment-id=\"24130\" data-permalink=\"https:\/\/espiritodacomporta.com\/de\/hauser\/casa-do-brejos\/brejos-house-portrait-8-2\/\" data-orig-file=\"https:\/\/espiritodacomporta.com\/app\/uploads\/2021\/11\/brejos-house-portrait-8.jpg\" data-orig-size=\"667,900\" data-comments-opened=\"0\" data-image-meta=\"{&quot;aperture&quot;:&quot;0&quot;,&quot;credit&quot;:&quot;&quot;,&quot;camera&quot;:&quot;&quot;,&quot;caption&quot;:&quot;&quot;,&quot;created_timestamp&quot;:&quot;0&quot;,&quot;copyright&quot;:&quot;&quot;,&quot;focal_length&quot;:&quot;0&quot;,&quot;iso&quot;:&quot;0&quot;,&quot;shutter_speed&quot;:&quot;0&quot;,&quot;title&quot;:&quot;&quot;,&quot;orientation&quot;:&quot;0&quot;}\" data-image-title=\"brejos-house-portrait-8\" data-image-description=\"\" data-image-caption=\"\" data-medium-file=\"https:\/\/espiritodacomporta.com\/app\/uploads\/2021\/11\/brejos-house-portrait-8-222x300.jpg\" data-large-file=\"https:\/\/espiritodacomporta.com\/app\/uploads\/2021\/11\/brejos-house-portrait-8.jpg\" \/>                                                    <img loading=\"lazy\" decoding=\"async\" width=\"1000\" height=\"521\" src=\"https:\/\/espiritodacomporta.com\/app\/uploads\/2021\/11\/brejos-house-landscape-4.jpg\" class=\" \" alt=\"\" srcset=\"https:\/\/espiritodacomporta.com\/app\/uploads\/2021\/11\/brejos-house-landscape-4.jpg 1000w, https:\/\/espiritodacomporta.com\/app\/uploads\/2021\/11\/brejos-house-landscape-4-300x156.jpg 300w, https:\/\/espiritodacomporta.com\/app\/uploads\/2021\/11\/brejos-house-landscape-4-768x400.jpg 768w\" sizes=\"auto, (max-width: 1000px) 100vw, 1000px\" data-attachment-id=\"24050\" data-permalink=\"https:\/\/espiritodacomporta.com\/de\/hauser\/casa-do-brejos\/brejos-house-landscape-4-2\/\" data-orig-file=\"https:\/\/espiritodacomporta.com\/app\/uploads\/2021\/11\/brejos-house-landscape-4.jpg\" data-orig-size=\"1000,521\" data-comments-opened=\"0\" data-image-meta=\"{&quot;aperture&quot;:&quot;0&quot;,&quot;credit&quot;:&quot;&quot;,&quot;camera&quot;:&quot;&quot;,&quot;caption&quot;:&quot;&quot;,&quot;created_timestamp&quot;:&quot;0&quot;,&quot;copyright&quot;:&quot;&quot;,&quot;focal_length&quot;:&quot;0&quot;,&quot;iso&quot;:&quot;0&quot;,&quot;shutter_speed&quot;:&quot;0&quot;,&quot;title&quot;:&quot;&quot;,&quot;orientation&quot;:&quot;0&quot;}\" data-image-title=\"brejos-house-landscape-4\" data-image-description=\"\" data-image-caption=\"\" data-medium-file=\"https:\/\/espiritodacomporta.com\/app\/uploads\/2021\/11\/brejos-house-landscape-4-300x156.jpg\" data-large-file=\"https:\/\/espiritodacomporta.com\/app\/uploads\/2021\/11\/brejos-house-landscape-4.jpg\" \/>                                                    <img loading=\"lazy\" decoding=\"async\" width=\"667\" height=\"900\" src=\"https:\/\/espiritodacomporta.com\/app\/uploads\/2021\/11\/brejos-house-portrait-7.jpg\" class=\" \" alt=\"\" srcset=\"https:\/\/espiritodacomporta.com\/app\/uploads\/2021\/11\/brejos-house-portrait-7.jpg 667w, https:\/\/espiritodacomporta.com\/app\/uploads\/2021\/11\/brejos-house-portrait-7-222x300.jpg 222w\" sizes=\"auto, (max-width: 667px) 100vw, 667px\" data-attachment-id=\"24125\" data-permalink=\"https:\/\/espiritodacomporta.com\/de\/hauser\/casa-do-brejos\/brejos-house-portrait-7-2\/\" data-orig-file=\"https:\/\/espiritodacomporta.com\/app\/uploads\/2021\/11\/brejos-house-portrait-7.jpg\" data-orig-size=\"667,900\" data-comments-opened=\"0\" data-image-meta=\"{&quot;aperture&quot;:&quot;0&quot;,&quot;credit&quot;:&quot;&quot;,&quot;camera&quot;:&quot;&quot;,&quot;caption&quot;:&quot;&quot;,&quot;created_timestamp&quot;:&quot;0&quot;,&quot;copyright&quot;:&quot;&quot;,&quot;focal_length&quot;:&quot;0&quot;,&quot;iso&quot;:&quot;0&quot;,&quot;shutter_speed&quot;:&quot;0&quot;,&quot;title&quot;:&quot;&quot;,&quot;orientation&quot;:&quot;0&quot;}\" data-image-title=\"brejos-house-portrait-7\" data-image-description=\"\" data-image-caption=\"\" data-medium-file=\"https:\/\/espiritodacomporta.com\/app\/uploads\/2021\/11\/brejos-house-portrait-7-222x300.jpg\" data-large-file=\"https:\/\/espiritodacomporta.com\/app\/uploads\/2021\/11\/brejos-house-portrait-7.jpg\" \/>                                                    <img loading=\"lazy\" decoding=\"async\" width=\"667\" height=\"900\" src=\"https:\/\/espiritodacomporta.com\/app\/uploads\/2021\/11\/brejos-house-portrait-6.jpg\" class=\" \" alt=\"\" srcset=\"https:\/\/espiritodacomporta.com\/app\/uploads\/2021\/11\/brejos-house-portrait-6.jpg 667w, https:\/\/espiritodacomporta.com\/app\/uploads\/2021\/11\/brejos-house-portrait-6-222x300.jpg 222w\" sizes=\"auto, (max-width: 667px) 100vw, 667px\" data-attachment-id=\"24120\" data-permalink=\"https:\/\/espiritodacomporta.com\/de\/hauser\/casa-do-brejos\/brejos-house-portrait-6-2\/\" data-orig-file=\"https:\/\/espiritodacomporta.com\/app\/uploads\/2021\/11\/brejos-house-portrait-6.jpg\" data-orig-size=\"667,900\" data-comments-opened=\"0\" data-image-meta=\"{&quot;aperture&quot;:&quot;0&quot;,&quot;credit&quot;:&quot;&quot;,&quot;camera&quot;:&quot;&quot;,&quot;caption&quot;:&quot;&quot;,&quot;created_timestamp&quot;:&quot;0&quot;,&quot;copyright&quot;:&quot;&quot;,&quot;focal_length&quot;:&quot;0&quot;,&quot;iso&quot;:&quot;0&quot;,&quot;shutter_speed&quot;:&quot;0&quot;,&quot;title&quot;:&quot;&quot;,&quot;orientation&quot;:&quot;0&quot;}\" data-image-title=\"brejos-house-portrait-6\" data-image-description=\"\" data-image-caption=\"\" data-medium-file=\"https:\/\/espiritodacomporta.com\/app\/uploads\/2021\/11\/brejos-house-portrait-6-222x300.jpg\" data-large-file=\"https:\/\/espiritodacomporta.com\/app\/uploads\/2021\/11\/brejos-house-portrait-6.jpg\" \/>                                                    <img loading=\"lazy\" decoding=\"async\" width=\"1000\" height=\"522\" src=\"https:\/\/espiritodacomporta.com\/app\/uploads\/2021\/11\/brejos-house-landscape-3.jpg\" class=\" \" alt=\"\" srcset=\"https:\/\/espiritodacomporta.com\/app\/uploads\/2021\/11\/brejos-house-landscape-3.jpg 1000w, https:\/\/espiritodacomporta.com\/app\/uploads\/2021\/11\/brejos-house-landscape-3-300x157.jpg 300w, https:\/\/espiritodacomporta.com\/app\/uploads\/2021\/11\/brejos-house-landscape-3-768x401.jpg 768w\" sizes=\"auto, (max-width: 1000px) 100vw, 1000px\" data-attachment-id=\"24045\" data-permalink=\"https:\/\/espiritodacomporta.com\/de\/hauser\/casa-do-brejos\/brejos-house-landscape-3-2\/\" data-orig-file=\"https:\/\/espiritodacomporta.com\/app\/uploads\/2021\/11\/brejos-house-landscape-3.jpg\" data-orig-size=\"1000,522\" data-comments-opened=\"0\" data-image-meta=\"{&quot;aperture&quot;:&quot;0&quot;,&quot;credit&quot;:&quot;&quot;,&quot;camera&quot;:&quot;&quot;,&quot;caption&quot;:&quot;&quot;,&quot;created_timestamp&quot;:&quot;0&quot;,&quot;copyright&quot;:&quot;&quot;,&quot;focal_length&quot;:&quot;0&quot;,&quot;iso&quot;:&quot;0&quot;,&quot;shutter_speed&quot;:&quot;0&quot;,&quot;title&quot;:&quot;&quot;,&quot;orientation&quot;:&quot;0&quot;}\" data-image-title=\"brejos-house-landscape-3\" data-image-description=\"\" data-image-caption=\"\" data-medium-file=\"https:\/\/espiritodacomporta.com\/app\/uploads\/2021\/11\/brejos-house-landscape-3-300x157.jpg\" data-large-file=\"https:\/\/espiritodacomporta.com\/app\/uploads\/2021\/11\/brejos-house-landscape-3.jpg\" \/>                                                    <img loading=\"lazy\" decoding=\"async\" width=\"667\" height=\"900\" src=\"https:\/\/espiritodacomporta.com\/app\/uploads\/2021\/11\/brejos-house-portrait-5.jpg\" class=\" \" alt=\"\" srcset=\"https:\/\/espiritodacomporta.com\/app\/uploads\/2021\/11\/brejos-house-portrait-5.jpg 667w, https:\/\/espiritodacomporta.com\/app\/uploads\/2021\/11\/brejos-house-portrait-5-222x300.jpg 222w\" sizes=\"auto, (max-width: 667px) 100vw, 667px\" data-attachment-id=\"24115\" data-permalink=\"https:\/\/espiritodacomporta.com\/de\/hauser\/casa-do-brejos\/brejos-house-portrait-5-2\/\" data-orig-file=\"https:\/\/espiritodacomporta.com\/app\/uploads\/2021\/11\/brejos-house-portrait-5.jpg\" data-orig-size=\"667,900\" data-comments-opened=\"0\" data-image-meta=\"{&quot;aperture&quot;:&quot;0&quot;,&quot;credit&quot;:&quot;&quot;,&quot;camera&quot;:&quot;&quot;,&quot;caption&quot;:&quot;&quot;,&quot;created_timestamp&quot;:&quot;0&quot;,&quot;copyright&quot;:&quot;&quot;,&quot;focal_length&quot;:&quot;0&quot;,&quot;iso&quot;:&quot;0&quot;,&quot;shutter_speed&quot;:&quot;0&quot;,&quot;title&quot;:&quot;&quot;,&quot;orientation&quot;:&quot;0&quot;}\" data-image-title=\"brejos-house-portrait-5\" data-image-description=\"\" data-image-caption=\"\" data-medium-file=\"https:\/\/espiritodacomporta.com\/app\/uploads\/2021\/11\/brejos-house-portrait-5-222x300.jpg\" data-large-file=\"https:\/\/espiritodacomporta.com\/app\/uploads\/2021\/11\/brejos-house-portrait-5.jpg\" \/>                                                    <img loading=\"lazy\" decoding=\"async\" width=\"667\" height=\"900\" src=\"https:\/\/espiritodacomporta.com\/app\/uploads\/2021\/11\/brejos-house-portrait-4.jpg\" class=\" \" alt=\"\" srcset=\"https:\/\/espiritodacomporta.com\/app\/uploads\/2021\/11\/brejos-house-portrait-4.jpg 667w, https:\/\/espiritodacomporta.com\/app\/uploads\/2021\/11\/brejos-house-portrait-4-222x300.jpg 222w\" sizes=\"auto, (max-width: 667px) 100vw, 667px\" data-attachment-id=\"24110\" data-permalink=\"https:\/\/espiritodacomporta.com\/de\/hauser\/casa-do-brejos\/brejos-house-portrait-4-2\/\" data-orig-file=\"https:\/\/espiritodacomporta.com\/app\/uploads\/2021\/11\/brejos-house-portrait-4.jpg\" data-orig-size=\"667,900\" data-comments-opened=\"0\" data-image-meta=\"{&quot;aperture&quot;:&quot;1.6&quot;,&quot;credit&quot;:&quot;&quot;,&quot;camera&quot;:&quot;iPhone 12&quot;,&quot;caption&quot;:&quot;&quot;,&quot;created_timestamp&quot;:&quot;1630742826&quot;,&quot;copyright&quot;:&quot;&quot;,&quot;focal_length&quot;:&quot;4.2&quot;,&quot;iso&quot;:&quot;32&quot;,&quot;shutter_speed&quot;:&quot;0.00041666666666667&quot;,&quot;title&quot;:&quot;&quot;,&quot;orientation&quot;:&quot;0&quot;}\" data-image-title=\"brejos-house-portrait-4\" data-image-description=\"\" data-image-caption=\"\" data-medium-file=\"https:\/\/espiritodacomporta.com\/app\/uploads\/2021\/11\/brejos-house-portrait-4-222x300.jpg\" data-large-file=\"https:\/\/espiritodacomporta.com\/app\/uploads\/2021\/11\/brejos-house-portrait-4.jpg\" \/>                                                    <img loading=\"lazy\" decoding=\"async\" width=\"1000\" height=\"521\" src=\"https:\/\/espiritodacomporta.com\/app\/uploads\/2021\/11\/brejos-house-landscape-2.jpg\" class=\" \" alt=\"\" srcset=\"https:\/\/espiritodacomporta.com\/app\/uploads\/2021\/11\/brejos-house-landscape-2.jpg 1000w, https:\/\/espiritodacomporta.com\/app\/uploads\/2021\/11\/brejos-house-landscape-2-300x156.jpg 300w, https:\/\/espiritodacomporta.com\/app\/uploads\/2021\/11\/brejos-house-landscape-2-768x400.jpg 768w\" sizes=\"auto, (max-width: 1000px) 100vw, 1000px\" data-attachment-id=\"24040\" data-permalink=\"https:\/\/espiritodacomporta.com\/de\/hauser\/casa-do-brejos\/brejos-house-landscape-2-2\/\" data-orig-file=\"https:\/\/espiritodacomporta.com\/app\/uploads\/2021\/11\/brejos-house-landscape-2.jpg\" data-orig-size=\"1000,521\" data-comments-opened=\"0\" data-image-meta=\"{&quot;aperture&quot;:&quot;1.6&quot;,&quot;credit&quot;:&quot;&quot;,&quot;camera&quot;:&quot;iPhone 12&quot;,&quot;caption&quot;:&quot;&quot;,&quot;created_timestamp&quot;:&quot;1630742428&quot;,&quot;copyright&quot;:&quot;&quot;,&quot;focal_length&quot;:&quot;4.2&quot;,&quot;iso&quot;:&quot;32&quot;,&quot;shutter_speed&quot;:&quot;0.0083333333333333&quot;,&quot;title&quot;:&quot;&quot;,&quot;orientation&quot;:&quot;0&quot;}\" data-image-title=\"brejos-house-landscape-2\" data-image-description=\"\" data-image-caption=\"\" data-medium-file=\"https:\/\/espiritodacomporta.com\/app\/uploads\/2021\/11\/brejos-house-landscape-2-300x156.jpg\" data-large-file=\"https:\/\/espiritodacomporta.com\/app\/uploads\/2021\/11\/brejos-house-landscape-2.jpg\" \/>                                                    <img loading=\"lazy\" decoding=\"async\" width=\"667\" height=\"900\" src=\"https:\/\/espiritodacomporta.com\/app\/uploads\/2021\/11\/brejos-house-portrait-3.jpg\" class=\" \" alt=\"\" srcset=\"https:\/\/espiritodacomporta.com\/app\/uploads\/2021\/11\/brejos-house-portrait-3.jpg 667w, https:\/\/espiritodacomporta.com\/app\/uploads\/2021\/11\/brejos-house-portrait-3-222x300.jpg 222w\" sizes=\"auto, (max-width: 667px) 100vw, 667px\" data-attachment-id=\"24105\" data-permalink=\"https:\/\/espiritodacomporta.com\/de\/hauser\/casa-do-brejos\/brejos-house-portrait-3-2\/\" data-orig-file=\"https:\/\/espiritodacomporta.com\/app\/uploads\/2021\/11\/brejos-house-portrait-3.jpg\" data-orig-size=\"667,900\" data-comments-opened=\"0\" data-image-meta=\"{&quot;aperture&quot;:&quot;1.6&quot;,&quot;credit&quot;:&quot;&quot;,&quot;camera&quot;:&quot;iPhone 12&quot;,&quot;caption&quot;:&quot;&quot;,&quot;created_timestamp&quot;:&quot;1630742534&quot;,&quot;copyright&quot;:&quot;&quot;,&quot;focal_length&quot;:&quot;4.2&quot;,&quot;iso&quot;:&quot;32&quot;,&quot;shutter_speed&quot;:&quot;0.00625&quot;,&quot;title&quot;:&quot;&quot;,&quot;orientation&quot;:&quot;0&quot;}\" data-image-title=\"brejos-house-portrait-3\" data-image-description=\"\" data-image-caption=\"\" data-medium-file=\"https:\/\/espiritodacomporta.com\/app\/uploads\/2021\/11\/brejos-house-portrait-3-222x300.jpg\" data-large-file=\"https:\/\/espiritodacomporta.com\/app\/uploads\/2021\/11\/brejos-house-portrait-3.jpg\" \/>                                                    <img loading=\"lazy\" decoding=\"async\" width=\"667\" height=\"900\" src=\"https:\/\/espiritodacomporta.com\/app\/uploads\/2021\/11\/brejos-house-portrait-2.jpg\" class=\" \" alt=\"\" srcset=\"https:\/\/espiritodacomporta.com\/app\/uploads\/2021\/11\/brejos-house-portrait-2.jpg 667w, https:\/\/espiritodacomporta.com\/app\/uploads\/2021\/11\/brejos-house-portrait-2-222x300.jpg 222w\" sizes=\"auto, (max-width: 667px) 100vw, 667px\" data-attachment-id=\"24100\" data-permalink=\"https:\/\/espiritodacomporta.com\/de\/hauser\/casa-do-brejos\/brejos-house-portrait-2-2\/\" data-orig-file=\"https:\/\/espiritodacomporta.com\/app\/uploads\/2021\/11\/brejos-house-portrait-2.jpg\" data-orig-size=\"667,900\" data-comments-opened=\"0\" data-image-meta=\"{&quot;aperture&quot;:&quot;1.6&quot;,&quot;credit&quot;:&quot;&quot;,&quot;camera&quot;:&quot;iPhone 12&quot;,&quot;caption&quot;:&quot;&quot;,&quot;created_timestamp&quot;:&quot;1630742439&quot;,&quot;copyright&quot;:&quot;&quot;,&quot;focal_length&quot;:&quot;4.2&quot;,&quot;iso&quot;:&quot;32&quot;,&quot;shutter_speed&quot;:&quot;0.0071428571428571&quot;,&quot;title&quot;:&quot;&quot;,&quot;orientation&quot;:&quot;0&quot;}\" data-image-title=\"brejos-house-portrait-2\" data-image-description=\"\" data-image-caption=\"\" data-medium-file=\"https:\/\/espiritodacomporta.com\/app\/uploads\/2021\/11\/brejos-house-portrait-2-222x300.jpg\" data-large-file=\"https:\/\/espiritodacomporta.com\/app\/uploads\/2021\/11\/brejos-house-portrait-2.jpg\" \/>                        \n                    <\/div>\n                    \n                \n                <div class=\"house-space-features wcc\">\n\n                                            <ul class=\"features-tabs\" id=\"house-space-features-tabs-0\" data-tabs>\n                                                                                        <li class=\"tabs-title is-active\">\n                                    <a href=\"#feature-tab-0-0\" class=\"button\"\n                                        aria-selected=&quot;true&quot;>\n                                        Das Notwendige\n                                    <\/a>\n                                <\/li>\n                                                                                            <li class=\"tabs-title \">\n                                    <a href=\"#feature-tab-0-1\" class=\"button\"\n                                        >\n                                        Schlaf- und Badezimmer\n                                    <\/a>\n                                <\/li>\n                                                                                            <li class=\"tabs-title \">\n                                    <a href=\"#feature-tab-0-2\" class=\"button\"\n                                        >\n                                        Service\n                                    <\/a>\n                                <\/li>\n                                                                                            <li class=\"tabs-title \">\n                                    <a href=\"#feature-tab-0-3\" class=\"button\"\n                                        >\n                                        K\u00fcche\n                                    <\/a>\n                                <\/li>\n                                                                                            <li class=\"tabs-title \">\n                                    <a href=\"#feature-tab-0-4\" class=\"button\"\n                                        >\n                                        Ausstattung\n                                    <\/a>\n                                <\/li>\n                                                                                            <li class=\"tabs-title \">\n                                    <a href=\"#feature-tab-0-5\" class=\"button\"\n                                        >\n                                        Au\u00dfenbereich\n                                    <\/a>\n                                <\/li>\n                                                                                    <\/ul>\n\n                        <div data-tabs-content=\"house-space-features-tabs-0\">\n                                                                                        <div id=\"feature-tab-0-0\"\n                                    class=\"tabs-panel is-active\">\n                                                                            <ul class=\"features\">\n                                                                                            <li>\n                                                    <img loading=\"lazy\" decoding=\"async\" width=\"85\" height=\"85\" src=\"https:\/\/espiritodacomporta.com\/app\/uploads\/2019\/07\/swimming-pool.svg\" class=\"attachment-full size-full\" alt=\"Saisonvermietung in Comporta\" data-attachment-id=\"7154\" data-permalink=\"https:\/\/espiritodacomporta.com\/de\/hauser\/campo-de-arroz\/swimming-pool\/\" data-orig-file=\"https:\/\/espiritodacomporta.com\/app\/uploads\/2019\/07\/swimming-pool.svg\" data-orig-size=\"85,85\" data-comments-opened=\"0\" data-image-meta=\"[]\" data-image-title=\"Swimming-Pool\" data-image-description=\"\" data-image-caption=\"\" data-medium-file=\"https:\/\/espiritodacomporta.com\/app\/uploads\/2019\/07\/swimming-pool.svg\" data-large-file=\"https:\/\/espiritodacomporta.com\/app\/uploads\/2019\/07\/swimming-pool.svg\" \/>\n                                                    <b>Infinity-Pool<\/b>\n                                                    \n                                                <\/li>\n                                                                                            <li>\n                                                    <img loading=\"lazy\" decoding=\"async\" width=\"85\" height=\"85\" src=\"https:\/\/espiritodacomporta.com\/app\/uploads\/2021\/11\/Garden-View.svg\" class=\"attachment-full size-full\" alt=\"\" data-attachment-id=\"23387\" data-permalink=\"https:\/\/espiritodacomporta.com\/de\/hauser\/campo-de-arroz\/garden-view-2\/\" data-orig-file=\"https:\/\/espiritodacomporta.com\/app\/uploads\/2021\/11\/Garden-View.svg\" data-orig-size=\"0,0\" data-comments-opened=\"0\" data-image-meta=\"[]\" data-image-title=\"Garden-View\" data-image-description=\"\" data-image-caption=\"\" data-medium-file=\"https:\/\/espiritodacomporta.com\/app\/uploads\/2021\/11\/Garden-View.svg\" data-large-file=\"https:\/\/espiritodacomporta.com\/app\/uploads\/2021\/11\/Garden-View.svg\" \/>\n                                                    <b>Landschaftsgarten<\/b>\n                                                    \n                                                <\/li>\n                                                                                            <li>\n                                                    <img loading=\"lazy\" decoding=\"async\" width=\"85\" height=\"85\" src=\"https:\/\/espiritodacomporta.com\/app\/uploads\/2021\/11\/lounge-area.svg\" class=\"attachment-full size-full\" alt=\"\" data-attachment-id=\"24320\" data-permalink=\"https:\/\/espiritodacomporta.com\/de\/?attachment_id=24320\" data-orig-file=\"https:\/\/espiritodacomporta.com\/app\/uploads\/2021\/11\/lounge-area.svg\" data-orig-size=\"0,0\" data-comments-opened=\"0\" data-image-meta=\"[]\" data-image-title=\"Lounge-Bereich\" data-image-description=\"\" data-image-caption=\"\" data-medium-file=\"https:\/\/espiritodacomporta.com\/app\/uploads\/2021\/11\/lounge-area.svg\" data-large-file=\"https:\/\/espiritodacomporta.com\/app\/uploads\/2021\/11\/lounge-area.svg\" \/>\n                                                    <b>Riesiger Lounge-Bereich<\/b>\n                                                    \n                                                <\/li>\n                                                                                            <li>\n                                                    <img loading=\"lazy\" decoding=\"async\" width=\"85\" height=\"85\" src=\"https:\/\/espiritodacomporta.com\/app\/uploads\/2019\/09\/View-nature.svg\" class=\"attachment-full size-full\" alt=\"\" data-attachment-id=\"7216\" data-permalink=\"https:\/\/espiritodacomporta.com\/de\/hauser\/campo-de-arroz\/view-nature\/\" data-orig-file=\"https:\/\/espiritodacomporta.com\/app\/uploads\/2019\/09\/View-nature.svg\" data-orig-size=\"85,85\" data-comments-opened=\"0\" data-image-meta=\"[]\" data-image-title=\"View-nature\" data-image-description=\"\" data-image-caption=\"\" data-medium-file=\"https:\/\/espiritodacomporta.com\/app\/uploads\/2019\/09\/View-nature.svg\" data-large-file=\"https:\/\/espiritodacomporta.com\/app\/uploads\/2019\/09\/View-nature.svg\" \/>\n                                                    <b>P\u00e9tanque-Au\u00dfenspielfeld<\/b>\n                                                    \n                                                <\/li>\n                                                                                    <\/ul>\n                                                                                                        <\/div>\n                                                                                            <div id=\"feature-tab-0-1\"\n                                    class=\"tabs-panel \">\n                                                                            <ul class=\"features\">\n                                                                                            <li>\n                                                    <img loading=\"lazy\" decoding=\"async\" width=\"90\" height=\"85\" src=\"https:\/\/espiritodacomporta.com\/app\/uploads\/2019\/07\/king-bed.svg\" class=\"attachment-full size-full\" alt=\"Ferienort Comporta\" data-attachment-id=\"7139\" data-permalink=\"https:\/\/espiritodacomporta.com\/de\/hauser\/campo-de-arroz\/king-bed\/\" data-orig-file=\"https:\/\/espiritodacomporta.com\/app\/uploads\/2019\/07\/king-bed.svg\" data-orig-size=\"90,85\" data-comments-opened=\"0\" data-image-meta=\"[]\" data-image-title=\"King-Bett\" data-image-description=\"\" data-image-caption=\"\" data-medium-file=\"https:\/\/espiritodacomporta.com\/app\/uploads\/2019\/07\/king-bed.svg\" data-large-file=\"https:\/\/espiritodacomporta.com\/app\/uploads\/2019\/07\/king-bed.svg\" \/>\n                                                    <b>6 Schlafzimmer<\/b>\n                                                    6 Kingsize-Betten\n                                                <\/li>\n                                                                                            <li>\n                                                    <img loading=\"lazy\" decoding=\"async\" width=\"82\" height=\"85\" src=\"https:\/\/espiritodacomporta.com\/app\/uploads\/2019\/07\/bathroom.svg\" class=\"attachment-full size-full\" alt=\"Saisonvermietung Comporta\" data-attachment-id=\"7141\" data-permalink=\"https:\/\/espiritodacomporta.com\/de\/hauser\/campo-de-arroz\/bathroom\/\" data-orig-file=\"https:\/\/espiritodacomporta.com\/app\/uploads\/2019\/07\/bathroom.svg\" data-orig-size=\"82,85\" data-comments-opened=\"0\" data-image-meta=\"[]\" data-image-title=\"Badezimmer\" data-image-description=\"\" data-image-caption=\"\" data-medium-file=\"https:\/\/espiritodacomporta.com\/app\/uploads\/2019\/07\/bathroom.svg\" data-large-file=\"https:\/\/espiritodacomporta.com\/app\/uploads\/2019\/07\/bathroom.svg\" \/>\n                                                    <b>6 Badezimmer<\/b>\n                                                    5 Duschen und 1 Badewanne\n                                                <\/li>\n                                                                                    <\/ul>\n                                                                                                        <\/div>\n                                                                                            <div id=\"feature-tab-0-2\"\n                                    class=\"tabs-panel \">\n                                                                            <ul class=\"features\">\n                                                                                            <li>\n                                                    <img loading=\"lazy\" decoding=\"async\" width=\"86\" height=\"85\" src=\"https:\/\/espiritodacomporta.com\/app\/uploads\/2019\/07\/towels.svg\" class=\"attachment-full size-full\" alt=\"Mietobjekte Comporta\" data-attachment-id=\"7156\" data-permalink=\"https:\/\/espiritodacomporta.com\/de\/hauser\/campo-de-arroz\/towels\/\" data-orig-file=\"https:\/\/espiritodacomporta.com\/app\/uploads\/2019\/07\/towels.svg\" data-orig-size=\"86,85\" data-comments-opened=\"0\" data-image-meta=\"[]\" data-image-title=\"Handt\u00fccher\" data-image-description=\"\" data-image-caption=\"\" data-medium-file=\"https:\/\/espiritodacomporta.com\/app\/uploads\/2019\/07\/towels.svg\" data-large-file=\"https:\/\/espiritodacomporta.com\/app\/uploads\/2019\/07\/towels.svg\" \/>\n                                                    <b>Bettw\u00e4sche und Handt\u00fccher<\/b>\n                                                    \n                                                <\/li>\n                                                                                            <li>\n                                                    <img loading=\"lazy\" decoding=\"async\" width=\"85\" height=\"85\" src=\"https:\/\/espiritodacomporta.com\/app\/uploads\/2021\/11\/bedlinen.svg\" class=\"attachment-full size-full\" alt=\"\" data-attachment-id=\"24310\" data-permalink=\"https:\/\/espiritodacomporta.com\/de\/?attachment_id=24310\" data-orig-file=\"https:\/\/espiritodacomporta.com\/app\/uploads\/2021\/11\/bedlinen.svg\" data-orig-size=\"0,0\" data-comments-opened=\"0\" data-image-meta=\"[]\" data-image-title=\"Bettw\u00e4sche\" data-image-description=\"\" data-image-caption=\"\" data-medium-file=\"https:\/\/espiritodacomporta.com\/app\/uploads\/2021\/11\/bedlinen.svg\" data-large-file=\"https:\/\/espiritodacomporta.com\/app\/uploads\/2021\/11\/bedlinen.svg\" \/>\n                                                    <b>Bettw\u00e4sche<\/b>\n                                                    \n                                                <\/li>\n                                                                                            <li>\n                                                    <img loading=\"lazy\" decoding=\"async\" width=\"85\" height=\"85\" src=\"https:\/\/espiritodacomporta.com\/app\/uploads\/2019\/07\/cleaning.svg\" class=\"attachment-full size-full\" alt=\"Saisonvermietung Comporta\" data-attachment-id=\"7145\" data-permalink=\"https:\/\/espiritodacomporta.com\/de\/hauser\/campo-de-arroz\/cleaning\/\" data-orig-file=\"https:\/\/espiritodacomporta.com\/app\/uploads\/2019\/07\/cleaning.svg\" data-orig-size=\"85,85\" data-comments-opened=\"0\" data-image-meta=\"[]\" data-image-title=\"Reinigung\" data-image-description=\"\" data-image-caption=\"\" data-medium-file=\"https:\/\/espiritodacomporta.com\/app\/uploads\/2019\/07\/cleaning.svg\" data-large-file=\"https:\/\/espiritodacomporta.com\/app\/uploads\/2019\/07\/cleaning.svg\" \/>\n                                                    <b>T\u00e4gliche Reinigung<\/b>\n                                                    6h pro Tag\n                                                <\/li>\n                                                                                    <\/ul>\n                                                                                                        <\/div>\n                                                                                            <div id=\"feature-tab-0-3\"\n                                    class=\"tabs-panel \">\n                                                                            <ul class=\"features\">\n                                                                                            <li>\n                                                    <img loading=\"lazy\" decoding=\"async\" width=\"85\" height=\"85\" src=\"https:\/\/espiritodacomporta.com\/app\/uploads\/2019\/11\/kitchen_campo.svg\" class=\"attachment-full size-full\" alt=\"comporta portugal\" data-attachment-id=\"8808\" data-permalink=\"https:\/\/espiritodacomporta.com\/de\/hauser\/campo-de-arroz\/kitchen_campo-2\/\" data-orig-file=\"https:\/\/espiritodacomporta.com\/app\/uploads\/2019\/11\/kitchen_campo.svg\" data-orig-size=\"85,85\" data-comments-opened=\"0\" data-image-meta=\"[]\" data-image-title=\"kitchen_campo\" data-image-description=\"\" data-image-caption=\"\" data-medium-file=\"https:\/\/espiritodacomporta.com\/app\/uploads\/2019\/11\/kitchen_campo.svg\" data-large-file=\"https:\/\/espiritodacomporta.com\/app\/uploads\/2019\/11\/kitchen_campo.svg\" \/>\n                                                    <b>Voll ausgestattete K\u00fcche<\/b>\n                                                    \n                                                <\/li>\n                                                                                    <\/ul>\n                                                                                                                <p>Backofen, Mikrowelle, Herd, Nespresso-Maschine, Wasserkocher, Toaster, Sp\u00fclmaschine, K\u00fchlschrank, Gefrierschrank. Geschirr und K\u00fcchenutensilien sind vorhanden<\/p>\n                                                                    <\/div>\n                                                                                            <div id=\"feature-tab-0-4\"\n                                    class=\"tabs-panel \">\n                                                                            <ul class=\"features\">\n                                                                                            <li>\n                                                    <img loading=\"lazy\" decoding=\"async\" width=\"105\" height=\"85\" src=\"https:\/\/espiritodacomporta.com\/app\/uploads\/2019\/07\/air-conditioner.svg\" class=\"attachment-full size-full\" alt=\"Ferienort Comporta\" data-attachment-id=\"7140\" data-permalink=\"https:\/\/espiritodacomporta.com\/de\/hauser\/campo-de-arroz\/air-conditioner\/\" data-orig-file=\"https:\/\/espiritodacomporta.com\/app\/uploads\/2019\/07\/air-conditioner.svg\" data-orig-size=\"105,85\" data-comments-opened=\"0\" data-image-meta=\"[]\" data-image-title=\"Klimaanlage\" data-image-description=\"\" data-image-caption=\"\" data-medium-file=\"https:\/\/espiritodacomporta.com\/app\/uploads\/2019\/07\/air-conditioner.svg\" data-large-file=\"https:\/\/espiritodacomporta.com\/app\/uploads\/2019\/07\/air-conditioner.svg\" \/>\n                                                    <b>Klimaanlage<\/b>\n                                                    \n                                                <\/li>\n                                                                                            <li>\n                                                    <img loading=\"lazy\" decoding=\"async\" width=\"93\" height=\"85\" src=\"https:\/\/espiritodacomporta.com\/app\/uploads\/2019\/07\/fireplace.svg\" class=\"attachment-full size-full\" alt=\"Ferienhaus zum Mieten\" data-attachment-id=\"7146\" data-permalink=\"https:\/\/espiritodacomporta.com\/de\/hauser\/campo-de-arroz\/fireplace\/\" data-orig-file=\"https:\/\/espiritodacomporta.com\/app\/uploads\/2019\/07\/fireplace.svg\" data-orig-size=\"93,85\" data-comments-opened=\"0\" data-image-meta=\"[]\" data-image-title=\"Kamin\" data-image-description=\"\" data-image-caption=\"\" data-medium-file=\"https:\/\/espiritodacomporta.com\/app\/uploads\/2019\/07\/fireplace.svg\" data-large-file=\"https:\/\/espiritodacomporta.com\/app\/uploads\/2019\/07\/fireplace.svg\" \/>\n                                                    <b>Kamin<\/b>\n                                                    \n                                                <\/li>\n                                                                                            <li>\n                                                    <img loading=\"lazy\" decoding=\"async\" width=\"86\" height=\"85\" src=\"https:\/\/espiritodacomporta.com\/app\/uploads\/2019\/07\/wifi.svg\" class=\"attachment-full size-full\" alt=\"Mietobjekte Comporta\" data-attachment-id=\"7158\" data-permalink=\"https:\/\/espiritodacomporta.com\/de\/hauser\/campo-de-arroz\/wifi\/\" data-orig-file=\"https:\/\/espiritodacomporta.com\/app\/uploads\/2019\/07\/wifi.svg\" data-orig-size=\"86,85\" data-comments-opened=\"0\" data-image-meta=\"[]\" data-image-title=\"WiFi\" data-image-description=\"\" data-image-caption=\"\" data-medium-file=\"https:\/\/espiritodacomporta.com\/app\/uploads\/2019\/07\/wifi.svg\" data-large-file=\"https:\/\/espiritodacomporta.com\/app\/uploads\/2019\/07\/wifi.svg\" \/>\n                                                    <b>Hochgeschwindigkeits-Internet<\/b>\n                                                    \n                                                <\/li>\n                                                                                            <li>\n                                                    <img loading=\"lazy\" decoding=\"async\" width=\"85\" height=\"85\" src=\"https:\/\/espiritodacomporta.com\/app\/uploads\/2019\/07\/washing-machine.svg\" class=\"attachment-full size-full\" alt=\"H\u00e4user Comporta\" data-attachment-id=\"7167\" data-permalink=\"https:\/\/espiritodacomporta.com\/de\/hauser\/campo-de-arroz\/washing-machine\/\" data-orig-file=\"https:\/\/espiritodacomporta.com\/app\/uploads\/2019\/07\/washing-machine.svg\" data-orig-size=\"85,85\" data-comments-opened=\"0\" data-image-meta=\"[]\" data-image-title=\"Waschmaschine\" data-image-description=\"\" data-image-caption=\"\" data-medium-file=\"https:\/\/espiritodacomporta.com\/app\/uploads\/2019\/07\/washing-machine.svg\" data-large-file=\"https:\/\/espiritodacomporta.com\/app\/uploads\/2019\/07\/washing-machine.svg\" \/>\n                                                    <b>Waschmaschine<\/b>\n                                                    + W\u00e4schetrockner\n                                                <\/li>\n                                                                                            <li>\n                                                    <img loading=\"lazy\" decoding=\"async\" width=\"85\" height=\"85\" src=\"https:\/\/espiritodacomporta.com\/app\/uploads\/2021\/11\/bebe.svg\" class=\"attachment-full size-full\" alt=\"\" data-attachment-id=\"23398\" data-permalink=\"https:\/\/espiritodacomporta.com\/de\/hauser\/campo-de-arroz\/bebe-2\/\" data-orig-file=\"https:\/\/espiritodacomporta.com\/app\/uploads\/2021\/11\/bebe.svg\" data-orig-size=\"0,0\" data-comments-opened=\"0\" data-image-meta=\"[]\" data-image-title=\"bebe\" data-image-description=\"\" data-image-caption=\"\" data-medium-file=\"https:\/\/espiritodacomporta.com\/app\/uploads\/2021\/11\/bebe.svg\" data-large-file=\"https:\/\/espiritodacomporta.com\/app\/uploads\/2021\/11\/bebe.svg\" \/>\n                                                    <b>Baby-Ausstattung<\/b>\n                                                    Hochst\u00fchle und Babybetten\n                                                <\/li>\n                                                                                            <li>\n                                                    <img loading=\"lazy\" decoding=\"async\" width=\"85\" height=\"85\" src=\"https:\/\/espiritodacomporta.com\/app\/uploads\/2019\/09\/hair-dryer.svg\" class=\"attachment-full size-full\" alt=\"\" data-attachment-id=\"7205\" data-permalink=\"https:\/\/espiritodacomporta.com\/de\/hauser\/campo-de-arroz\/hair-dryer\/\" data-orig-file=\"https:\/\/espiritodacomporta.com\/app\/uploads\/2019\/09\/hair-dryer.svg\" data-orig-size=\"85,85\" data-comments-opened=\"0\" data-image-meta=\"[]\" data-image-title=\"Haartrockner\" data-image-description=\"\" data-image-caption=\"\" data-medium-file=\"https:\/\/espiritodacomporta.com\/app\/uploads\/2019\/09\/hair-dryer.svg\" data-large-file=\"https:\/\/espiritodacomporta.com\/app\/uploads\/2019\/09\/hair-dryer.svg\" \/>\n                                                    <b>Haartrockner<\/b>\n                                                    \n                                                <\/li>\n                                                                                            <li>\n                                                    <img loading=\"lazy\" decoding=\"async\" width=\"85\" height=\"85\" src=\"https:\/\/espiritodacomporta.com\/app\/uploads\/2019\/09\/iron.svg\" class=\"attachment-full size-full\" alt=\"\" data-attachment-id=\"7206\" data-permalink=\"https:\/\/espiritodacomporta.com\/de\/hauser\/campo-de-arroz\/iron\/\" data-orig-file=\"https:\/\/espiritodacomporta.com\/app\/uploads\/2019\/09\/iron.svg\" data-orig-size=\"85,85\" data-comments-opened=\"0\" data-image-meta=\"[]\" data-image-title=\"B\u00fcgeleisen\" data-image-description=\"\" data-image-caption=\"\" data-medium-file=\"https:\/\/espiritodacomporta.com\/app\/uploads\/2019\/09\/iron.svg\" data-large-file=\"https:\/\/espiritodacomporta.com\/app\/uploads\/2019\/09\/iron.svg\" \/>\n                                                    <b>B\u00fcgeleisen<\/b>\n                                                    \n                                                <\/li>\n                                                                                            <li>\n                                                    <img loading=\"lazy\" decoding=\"async\" width=\"111\" height=\"85\" src=\"https:\/\/espiritodacomporta.com\/app\/uploads\/2019\/07\/TV-soundsystem.svg\" class=\"attachment-full size-full\" alt=\"Mietobjekte Comporta\" data-attachment-id=\"7157\" data-permalink=\"https:\/\/espiritodacomporta.com\/de\/hauser\/campo-de-arroz\/tv-soundsystem\/\" data-orig-file=\"https:\/\/espiritodacomporta.com\/app\/uploads\/2019\/07\/TV-soundsystem.svg\" data-orig-size=\"111,85\" data-comments-opened=\"0\" data-image-meta=\"[]\" data-image-title=\"TV-Sound-System\" data-image-description=\"\" data-image-caption=\"\" data-medium-file=\"https:\/\/espiritodacomporta.com\/app\/uploads\/2019\/07\/TV-soundsystem.svg\" data-large-file=\"https:\/\/espiritodacomporta.com\/app\/uploads\/2019\/07\/TV-soundsystem.svg\" \/>\n                                                    <b>Fernseher<\/b>\n                                                    \n                                                <\/li>\n                                                                                    <\/ul>\n                                                                                                        <\/div>\n                                                                                            <div id=\"feature-tab-0-5\"\n                                    class=\"tabs-panel \">\n                                                                            <ul class=\"features\">\n                                                                                            <li>\n                                                    <img loading=\"lazy\" decoding=\"async\" width=\"74\" height=\"85\" src=\"https:\/\/espiritodacomporta.com\/app\/uploads\/2019\/07\/outdoor-shower.svg\" class=\"attachment-full size-full\" alt=\"Ferienhaus in Comporta\" data-attachment-id=\"7150\" data-permalink=\"https:\/\/espiritodacomporta.com\/de\/hauser\/campo-de-arroz\/outdoor-shower\/\" data-orig-file=\"https:\/\/espiritodacomporta.com\/app\/uploads\/2019\/07\/outdoor-shower.svg\" data-orig-size=\"74,85\" data-comments-opened=\"0\" data-image-meta=\"[]\" data-image-title=\"Au\u00dfen-Dusche\" data-image-description=\"\" data-image-caption=\"\" data-medium-file=\"https:\/\/espiritodacomporta.com\/app\/uploads\/2019\/07\/outdoor-shower.svg\" data-large-file=\"https:\/\/espiritodacomporta.com\/app\/uploads\/2019\/07\/outdoor-shower.svg\" \/>\n                                                    <b>Duschen<\/b>\n                                                    \n                                                <\/li>\n                                                                                            <li>\n                                                    <img loading=\"lazy\" decoding=\"async\" width=\"52\" height=\"85\" src=\"https:\/\/espiritodacomporta.com\/app\/uploads\/2019\/11\/parking-place.svg\" class=\"attachment-full size-full\" alt=\"comporta portugal\" data-attachment-id=\"8821\" data-permalink=\"https:\/\/espiritodacomporta.com\/de\/hauser\/campo-de-arroz\/parking-place-2\/\" data-orig-file=\"https:\/\/espiritodacomporta.com\/app\/uploads\/2019\/11\/parking-place.svg\" data-orig-size=\"52,85\" data-comments-opened=\"0\" data-image-meta=\"[]\" data-image-title=\"parking-place\" data-image-description=\"\" data-image-caption=\"\" data-medium-file=\"https:\/\/espiritodacomporta.com\/app\/uploads\/2019\/11\/parking-place.svg\" data-large-file=\"https:\/\/espiritodacomporta.com\/app\/uploads\/2019\/11\/parking-place.svg\" \/>\n                                                    <b>Parkplatz<\/b>\n                                                    \n                                                <\/li>\n                                                                                            <li>\n                                                    <img loading=\"lazy\" decoding=\"async\" width=\"85\" height=\"85\" src=\"https:\/\/espiritodacomporta.com\/app\/uploads\/2019\/09\/sunbath-sunshield.svg\" class=\"attachment-full size-full\" alt=\"\" data-attachment-id=\"7207\" data-permalink=\"https:\/\/espiritodacomporta.com\/de\/hauser\/campo-de-arroz\/sunbath-sunshield\/\" data-orig-file=\"https:\/\/espiritodacomporta.com\/app\/uploads\/2019\/09\/sunbath-sunshield.svg\" data-orig-size=\"85,85\" data-comments-opened=\"0\" data-image-meta=\"[]\" data-image-title=\"Sonnenbad-Sonnenschutz\" data-image-description=\"\" data-image-caption=\"\" data-medium-file=\"https:\/\/espiritodacomporta.com\/app\/uploads\/2019\/09\/sunbath-sunshield.svg\" data-large-file=\"https:\/\/espiritodacomporta.com\/app\/uploads\/2019\/09\/sunbath-sunshield.svg\" \/>\n                                                    <b>Sonnenliegen<\/b>\n                                                    \n                                                <\/li>\n                                                                                            <li>\n                                                    <img loading=\"lazy\" decoding=\"async\" width=\"82\" height=\"85\" src=\"https:\/\/espiritodacomporta.com\/app\/uploads\/2019\/07\/terrasse.svg\" class=\"attachment-full size-full\" alt=\"Saisonvermietung in Comporta\" data-attachment-id=\"7155\" data-permalink=\"https:\/\/espiritodacomporta.com\/de\/hauser\/campo-de-arroz\/terrasse\/\" data-orig-file=\"https:\/\/espiritodacomporta.com\/app\/uploads\/2019\/07\/terrasse.svg\" data-orig-size=\"82,85\" data-comments-opened=\"0\" data-image-meta=\"[]\" data-image-title=\"Terrasse\" data-image-description=\"\" data-image-caption=\"\" data-medium-file=\"https:\/\/espiritodacomporta.com\/app\/uploads\/2019\/07\/terrasse.svg\" data-large-file=\"https:\/\/espiritodacomporta.com\/app\/uploads\/2019\/07\/terrasse.svg\" \/>\n                                                    <b>Terrassen<\/b>\n                                                    \n                                                <\/li>\n                                                                                            <li>\n                                                    <img loading=\"lazy\" decoding=\"async\" width=\"85\" height=\"85\" src=\"https:\/\/espiritodacomporta.com\/app\/uploads\/2021\/11\/lounge-area.svg\" class=\"attachment-full size-full\" alt=\"\" data-attachment-id=\"24320\" data-permalink=\"https:\/\/espiritodacomporta.com\/de\/?attachment_id=24320\" data-orig-file=\"https:\/\/espiritodacomporta.com\/app\/uploads\/2021\/11\/lounge-area.svg\" data-orig-size=\"0,0\" data-comments-opened=\"0\" data-image-meta=\"[]\" data-image-title=\"Lounge-Bereich\" data-image-description=\"\" data-image-caption=\"\" data-medium-file=\"https:\/\/espiritodacomporta.com\/app\/uploads\/2021\/11\/lounge-area.svg\" data-large-file=\"https:\/\/espiritodacomporta.com\/app\/uploads\/2021\/11\/lounge-area.svg\" \/>\n                                                    <b>Lounge-Bereich<\/b>\n                                                    \n                                                <\/li>\n                                                                                            <li>\n                                                    <img loading=\"lazy\" decoding=\"async\" width=\"85\" height=\"85\" src=\"https:\/\/espiritodacomporta.com\/app\/uploads\/2021\/11\/BBQ_1.svg\" class=\"attachment-full size-full\" alt=\"\" data-attachment-id=\"24305\" data-permalink=\"https:\/\/espiritodacomporta.com\/de\/?attachment_id=24305\" data-orig-file=\"https:\/\/espiritodacomporta.com\/app\/uploads\/2021\/11\/BBQ_1.svg\" data-orig-size=\"0,0\" data-comments-opened=\"0\" data-image-meta=\"[]\" data-image-title=\"BBQ_1\" data-image-description=\"\" data-image-caption=\"\" data-medium-file=\"https:\/\/espiritodacomporta.com\/app\/uploads\/2021\/11\/BBQ_1.svg\" data-large-file=\"https:\/\/espiritodacomporta.com\/app\/uploads\/2021\/11\/BBQ_1.svg\" \/>\n                                                    <b>Grill<\/b>\n                                                    \n                                                <\/li>\n                                                                                    <\/ul>\n                                                                                                        <\/div>\n                                                                                    <\/div>\n                                    <\/div>\n\n            <\/div>\n            <\/div>\n\n\n\n<h2 class=\"wp-block-heading is-style-big-title\" id=\"h-aktivitaten-das-ganze-jahr-uber\">Aktivit\u00e4ten das ganze jahr \u00fcber<\/h2>\n\n\n<section class=\"homeblocks   section-beige  \">\n    <section class=\"homeblocks-image  homeblocks-right \">\n                  <!-- <img decoding=\"async\" src=\"https:\/\/espiritodacomporta.com\/app\/uploads\/2023\/10\/house-campo-section-3.png\" alt=\"\"> -->\n          <img decoding=\"async\" width=\"812\" height=\"734\" src=\"https:\/\/espiritodacomporta.com\/app\/uploads\/2023\/10\/house-campo-section-3.png\" class=\"attachment-full size-full\" alt=\"\" loading=\"lazy\" srcset=\"https:\/\/espiritodacomporta.com\/app\/uploads\/2023\/10\/house-campo-section-3.png 812w, https:\/\/espiritodacomporta.com\/app\/uploads\/2023\/10\/house-campo-section-3-300x271.png 300w, https:\/\/espiritodacomporta.com\/app\/uploads\/2023\/10\/house-campo-section-3-768x694.png 768w\" sizes=\"auto, (max-width: 812px) 100vw, 812px\" data-attachment-id=\"54838\" data-permalink=\"https:\/\/espiritodacomporta.com\/de\/hauser\/campo-de-arroz\/house-campo-section-3-2\/\" data-orig-file=\"https:\/\/espiritodacomporta.com\/app\/uploads\/2023\/10\/house-campo-section-3.png\" data-orig-size=\"812,734\" data-comments-opened=\"0\" data-image-meta=\"{&quot;aperture&quot;:&quot;0&quot;,&quot;credit&quot;:&quot;&quot;,&quot;camera&quot;:&quot;&quot;,&quot;caption&quot;:&quot;&quot;,&quot;created_timestamp&quot;:&quot;0&quot;,&quot;copyright&quot;:&quot;&quot;,&quot;focal_length&quot;:&quot;0&quot;,&quot;iso&quot;:&quot;0&quot;,&quot;shutter_speed&quot;:&quot;0&quot;,&quot;title&quot;:&quot;&quot;,&quot;orientation&quot;:&quot;0&quot;}\" data-image-title=\"house-campo-section-3\" data-image-description=\"\" data-image-caption=\"\" data-medium-file=\"https:\/\/espiritodacomporta.com\/app\/uploads\/2023\/10\/house-campo-section-3-300x271.png\" data-large-file=\"https:\/\/espiritodacomporta.com\/app\/uploads\/2023\/10\/house-campo-section-3.png\" \/>\n            <\/section>\n    <section class=\"homeblocks-content\">\n        <div class=\"homeblocks-content-inside\">\n            <p>Wenn Sie ein Haus in Comporta mieten, haben Sie die beliebtesten Aktivit\u00e4ten der Gegend in Reichweite: Nehmen Sie zum Beispiel Surfunterricht bei Surf In Comporta oder in der Imagine Surf School, bevor Sie in einem der ber\u00fchmten Strandrestaurants von Comporta ein Mittagessen am Meer genie\u00dfen. Cavalos na Areia und Passeios a Cavalo (Melides) bieten unvergessliche Reitausfl\u00fcge durch Reisfelder und wilde Str\u00e4nde bei Sonnenuntergang. Bei einem Spaziergang oder auf einem gemieteten Fahrrad k\u00f6nnen Sie die Reisfelder und die reiche Tierwelt kennenlernen.<\/p>\n<p>Wenn Sie mehr Spiritualit\u00e4t w\u00fcnschen, k\u00f6nnen Sie sich zu einer Yogasitzung in der Yoga Shala vor den herrlichen Reisfeldern von Comporta verf\u00fchren lassen. Zur Entspannung k\u00f6nnen Sie sich eine Massage bei Alina g\u00f6nnen, die ganzheitliche Naturtherapien f\u00fcr K\u00f6rper und Geist anbietet.<\/p>\n<p>Um Comporta besser zu verstehen, sollten Sie in die Vergangenheit reisen und die r\u00f6mischen Ruinen von Troia, das Reismuseum, das die Urspr\u00fcnge dieser f\u00fcr Europa untypischen Kultur zeigt, oder den \u00e4ltesten auf Pf\u00e4hlen errichteten Hafen Europas in Carrasqueira besuchen. Ein kultureller H\u00f6hepunkt ist der Besuch der Casa Cultura im Zentrum des Dorfes Comporta. Im Sommer k\u00f6nnen Sie die Werke regionaler K\u00fcnstler bewundern. Alle Aktivit\u00e4ten und Adressen finden Sie hier.<\/p>\n\n\n            \n                    <\/div>\n    <\/section>\n<\/section>\n\n\n\n<h2 class=\"wp-block-heading is-style-big-title\" id=\"h-rund-um-casa-do-brejos\">Rund um Casa do Brejos<\/h2>\n\n\n\n<div style=\"height:100px\" aria-hidden=\"true\" class=\"wp-block-spacer\"><\/div>\n\n\n\n<div class=\"wp-block-columns is-layout-flex wp-container-core-columns-is-layout-9d6595d7 wp-block-columns-is-layout-flex\">\n<div class=\"wp-block-column is-layout-flow wp-block-column-is-layout-flow\">\n<figure class=\"wp-block-image size-large\"><img loading=\"lazy\" decoding=\"async\" width=\"1024\" height=\"806\" data-attachment-id=\"55314\" data-permalink=\"https:\/\/espiritodacomporta.com\/de\/hauser\/campo-de-arroz\/map-adc-region-2\/\" data-orig-file=\"https:\/\/espiritodacomporta.com\/app\/uploads\/2023\/11\/MAP-ADC-REGION.png\" data-orig-size=\"4236,3336\" data-comments-opened=\"0\" data-image-meta=\"{&quot;aperture&quot;:&quot;0&quot;,&quot;credit&quot;:&quot;&quot;,&quot;camera&quot;:&quot;&quot;,&quot;caption&quot;:&quot;&quot;,&quot;created_timestamp&quot;:&quot;0&quot;,&quot;copyright&quot;:&quot;&quot;,&quot;focal_length&quot;:&quot;0&quot;,&quot;iso&quot;:&quot;0&quot;,&quot;shutter_speed&quot;:&quot;0&quot;,&quot;title&quot;:&quot;&quot;,&quot;orientation&quot;:&quot;0&quot;}\" data-image-title=\"MAP-ADC-REGION\" data-image-description=\"\" data-image-caption=\"\" data-medium-file=\"https:\/\/espiritodacomporta.com\/app\/uploads\/2023\/11\/MAP-ADC-REGION-300x236.png\" data-large-file=\"https:\/\/espiritodacomporta.com\/app\/uploads\/2023\/11\/MAP-ADC-REGION-1024x806.png\" src=\"https:\/\/espiritodacomporta.com\/app\/uploads\/2023\/11\/MAP-ADC-REGION-1024x806.png\" alt=\"\" class=\"wp-image-55314\" srcset=\"https:\/\/espiritodacomporta.com\/app\/uploads\/2023\/11\/MAP-ADC-REGION-1024x806.png 1024w, https:\/\/espiritodacomporta.com\/app\/uploads\/2023\/11\/MAP-ADC-REGION-300x236.png 300w, https:\/\/espiritodacomporta.com\/app\/uploads\/2023\/11\/MAP-ADC-REGION-768x605.png 768w, https:\/\/espiritodacomporta.com\/app\/uploads\/2023\/11\/MAP-ADC-REGION-1536x1210.png 1536w, https:\/\/espiritodacomporta.com\/app\/uploads\/2023\/11\/MAP-ADC-REGION-2048x1613.png 2048w\" sizes=\"auto, (max-width: 1024px) 100vw, 1024px\" \/><\/figure>\n<\/div>\n<\/div>\n","protected":false},"excerpt":{"rendered":"<p>Aktivit\u00e4ten das ganze jahr \u00fcber Rund um Casa do Brejos<\/p>\n","protected":false},"author":1,"featured_media":24000,"parent":6669,"menu_order":4,"comment_status":"closed","ping_status":"closed","template":"views\/house-opened.blade.php","meta":{"_acf_changed":false,"inline_featured_image":false,"footnotes":""},"class_list":["post-24462","page","type-page","status-publish","has-post-thumbnail","hentry"],"acf":[],"yoast_head":"<!-- This site is optimized with the Yoast SEO Premium plugin v27.2 (Yoast SEO v27.2) - https:\/\/yoast.com\/product\/yoast-seo-premium-wordpress\/ -->\n<title>Casa do Brejos - Live &amp; Feel Comporta Portugal<\/title>\n<meta name=\"robots\" content=\"index, follow, max-snippet:-1, max-image-preview:large, max-video-preview:-1\" \/>\n<link rel=\"canonical\" href=\"https:\/\/espiritodacomporta.com\/de\/hauser\/casa-do-brejos\/\" \/>\n<meta property=\"og:locale\" content=\"de_DE\" \/>\n<meta property=\"og:type\" content=\"article\" \/>\n<meta property=\"og:title\" content=\"Casa do Brejos\" \/>\n<meta property=\"og:description\" content=\"Aktivit\u00e4ten das ganze jahr \u00fcber Rund um Casa do Brejos\" \/>\n<meta property=\"og:url\" content=\"https:\/\/espiritodacomporta.com\/de\/hauser\/casa-do-brejos\/\" \/>\n<meta property=\"og:site_name\" content=\"Live &amp; Feel Comporta Portugal\" \/>\n<meta property=\"article:modified_time\" content=\"2024-01-10T10:20:27+00:00\" \/>\n<meta property=\"og:image\" content=\"https:\/\/espiritodacomporta.com\/app\/uploads\/2021\/11\/brejos-house-slider-1.jpg\" \/>\n\t<meta property=\"og:image:width\" content=\"1600\" \/>\n\t<meta property=\"og:image:height\" content=\"833\" \/>\n\t<meta property=\"og:image:type\" content=\"image\/jpeg\" \/>\n<meta name=\"twitter:card\" content=\"summary_large_image\" \/>\n<meta name=\"twitter:label1\" content=\"Est. reading time\" \/>\n\t<meta name=\"twitter:data1\" content=\"1 minute\" \/>\n<script type=\"application\/ld+json\" class=\"yoast-schema-graph\">{\"@context\":\"https:\/\/schema.org\",\"@graph\":[{\"@type\":\"WebPage\",\"@id\":\"https:\/\/espiritodacomporta.com\/de\/hauser\/casa-do-brejos\/\",\"url\":\"https:\/\/espiritodacomporta.com\/de\/hauser\/casa-do-brejos\/\",\"name\":\"Casa do Brejos - Live &amp; Feel Comporta Portugal\",\"isPartOf\":{\"@id\":\"https:\/\/espiritodacomporta.com\/de\/#website\"},\"primaryImageOfPage\":{\"@id\":\"https:\/\/espiritodacomporta.com\/de\/hauser\/casa-do-brejos\/#primaryimage\"},\"image\":{\"@id\":\"https:\/\/espiritodacomporta.com\/de\/hauser\/casa-do-brejos\/#primaryimage\"},\"thumbnailUrl\":\"https:\/\/espiritodacomporta.com\/app\/uploads\/2021\/11\/brejos-house-slider-1.jpg\",\"datePublished\":\"2021-12-19T18:26:30+00:00\",\"dateModified\":\"2024-01-10T10:20:27+00:00\",\"breadcrumb\":{\"@id\":\"https:\/\/espiritodacomporta.com\/de\/hauser\/casa-do-brejos\/#breadcrumb\"},\"inLanguage\":\"de-DE\",\"potentialAction\":[{\"@type\":\"ReadAction\",\"target\":[\"https:\/\/espiritodacomporta.com\/de\/hauser\/casa-do-brejos\/\"]}]},{\"@type\":\"ImageObject\",\"inLanguage\":\"de-DE\",\"@id\":\"https:\/\/espiritodacomporta.com\/de\/hauser\/casa-do-brejos\/#primaryimage\",\"url\":\"https:\/\/espiritodacomporta.com\/app\/uploads\/2021\/11\/brejos-house-slider-1.jpg\",\"contentUrl\":\"https:\/\/espiritodacomporta.com\/app\/uploads\/2021\/11\/brejos-house-slider-1.jpg\",\"width\":1600,\"height\":833},{\"@type\":\"BreadcrumbList\",\"@id\":\"https:\/\/espiritodacomporta.com\/de\/hauser\/casa-do-brejos\/#breadcrumb\",\"itemListElement\":[{\"@type\":\"ListItem\",\"position\":1,\"name\":\"Home\",\"item\":\"https:\/\/espiritodacomporta.com\/de\/\"},{\"@type\":\"ListItem\",\"position\":2,\"name\":\"Mieten Sie Ihre Villain Comporta\",\"item\":\"https:\/\/espiritodacomporta.com\/de\/hauser\/\"},{\"@type\":\"ListItem\",\"position\":3,\"name\":\"Casa do Brejos\"}]},{\"@type\":\"WebSite\",\"@id\":\"https:\/\/espiritodacomporta.com\/de\/#website\",\"url\":\"https:\/\/espiritodacomporta.com\/de\/\",\"name\":\"Live & Feel Comporta Portugal\",\"description\":\"\",\"publisher\":{\"@id\":\"https:\/\/espiritodacomporta.com\/de\/#organization\"},\"potentialAction\":[{\"@type\":\"SearchAction\",\"target\":{\"@type\":\"EntryPoint\",\"urlTemplate\":\"https:\/\/espiritodacomporta.com\/de\/?s={search_term_string}\"},\"query-input\":{\"@type\":\"PropertyValueSpecification\",\"valueRequired\":true,\"valueName\":\"search_term_string\"}}],\"inLanguage\":\"de-DE\"},{\"@type\":\"Organization\",\"@id\":\"https:\/\/espiritodacomporta.com\/de\/#organization\",\"name\":\"Espirito da Comporta\",\"url\":\"https:\/\/espiritodacomporta.com\/de\/\",\"logo\":{\"@type\":\"ImageObject\",\"inLanguage\":\"de-DE\",\"@id\":\"https:\/\/espiritodacomporta.com\/de\/#\/schema\/logo\/image\/\",\"url\":\"https:\/\/espiritodacomporta.com\/app\/uploads\/2023\/09\/LOGO-SIGNATURE@4x.png\",\"contentUrl\":\"https:\/\/espiritodacomporta.com\/app\/uploads\/2023\/09\/LOGO-SIGNATURE@4x.png\",\"width\":321,\"height\":385,\"caption\":\"Espirito da Comporta\"},\"image\":{\"@id\":\"https:\/\/espiritodacomporta.com\/de\/#\/schema\/logo\/image\/\"},\"sameAs\":[\"https:\/\/www.instagram.com\/almadacomporta\/\"]}]}<\/script>\n<!-- \/ Yoast SEO Premium plugin. -->","yoast_head_json":{"title":"Casa do Brejos - Live &amp; Feel Comporta Portugal","robots":{"index":"index","follow":"follow","max-snippet":"max-snippet:-1","max-image-preview":"max-image-preview:large","max-video-preview":"max-video-preview:-1"},"canonical":"https:\/\/espiritodacomporta.com\/de\/hauser\/casa-do-brejos\/","og_locale":"de_DE","og_type":"article","og_title":"Casa do Brejos","og_description":"Aktivit\u00e4ten das ganze jahr \u00fcber Rund um Casa do Brejos","og_url":"https:\/\/espiritodacomporta.com\/de\/hauser\/casa-do-brejos\/","og_site_name":"Live &amp; Feel Comporta Portugal","article_modified_time":"2024-01-10T10:20:27+00:00","og_image":[{"width":1600,"height":833,"url":"https:\/\/espiritodacomporta.com\/app\/uploads\/2021\/11\/brejos-house-slider-1.jpg","type":"image\/jpeg"}],"twitter_card":"summary_large_image","twitter_misc":{"Est. reading time":"1 minute"},"schema":{"@context":"https:\/\/schema.org","@graph":[{"@type":"WebPage","@id":"https:\/\/espiritodacomporta.com\/de\/hauser\/casa-do-brejos\/","url":"https:\/\/espiritodacomporta.com\/de\/hauser\/casa-do-brejos\/","name":"Casa do Brejos - Live &amp; Feel Comporta Portugal","isPartOf":{"@id":"https:\/\/espiritodacomporta.com\/de\/#website"},"primaryImageOfPage":{"@id":"https:\/\/espiritodacomporta.com\/de\/hauser\/casa-do-brejos\/#primaryimage"},"image":{"@id":"https:\/\/espiritodacomporta.com\/de\/hauser\/casa-do-brejos\/#primaryimage"},"thumbnailUrl":"https:\/\/espiritodacomporta.com\/app\/uploads\/2021\/11\/brejos-house-slider-1.jpg","datePublished":"2021-12-19T18:26:30+00:00","dateModified":"2024-01-10T10:20:27+00:00","breadcrumb":{"@id":"https:\/\/espiritodacomporta.com\/de\/hauser\/casa-do-brejos\/#breadcrumb"},"inLanguage":"de-DE","potentialAction":[{"@type":"ReadAction","target":["https:\/\/espiritodacomporta.com\/de\/hauser\/casa-do-brejos\/"]}]},{"@type":"ImageObject","inLanguage":"de-DE","@id":"https:\/\/espiritodacomporta.com\/de\/hauser\/casa-do-brejos\/#primaryimage","url":"https:\/\/espiritodacomporta.com\/app\/uploads\/2021\/11\/brejos-house-slider-1.jpg","contentUrl":"https:\/\/espiritodacomporta.com\/app\/uploads\/2021\/11\/brejos-house-slider-1.jpg","width":1600,"height":833},{"@type":"BreadcrumbList","@id":"https:\/\/espiritodacomporta.com\/de\/hauser\/casa-do-brejos\/#breadcrumb","itemListElement":[{"@type":"ListItem","position":1,"name":"Home","item":"https:\/\/espiritodacomporta.com\/de\/"},{"@type":"ListItem","position":2,"name":"Mieten Sie Ihre Villain Comporta","item":"https:\/\/espiritodacomporta.com\/de\/hauser\/"},{"@type":"ListItem","position":3,"name":"Casa do Brejos"}]},{"@type":"WebSite","@id":"https:\/\/espiritodacomporta.com\/de\/#website","url":"https:\/\/espiritodacomporta.com\/de\/","name":"Live & Feel Comporta Portugal","description":"","publisher":{"@id":"https:\/\/espiritodacomporta.com\/de\/#organization"},"potentialAction":[{"@type":"SearchAction","target":{"@type":"EntryPoint","urlTemplate":"https:\/\/espiritodacomporta.com\/de\/?s={search_term_string}"},"query-input":{"@type":"PropertyValueSpecification","valueRequired":true,"valueName":"search_term_string"}}],"inLanguage":"de-DE"},{"@type":"Organization","@id":"https:\/\/espiritodacomporta.com\/de\/#organization","name":"Espirito da Comporta","url":"https:\/\/espiritodacomporta.com\/de\/","logo":{"@type":"ImageObject","inLanguage":"de-DE","@id":"https:\/\/espiritodacomporta.com\/de\/#\/schema\/logo\/image\/","url":"https:\/\/espiritodacomporta.com\/app\/uploads\/2023\/09\/LOGO-SIGNATURE@4x.png","contentUrl":"https:\/\/espiritodacomporta.com\/app\/uploads\/2023\/09\/LOGO-SIGNATURE@4x.png","width":321,"height":385,"caption":"Espirito da Comporta"},"image":{"@id":"https:\/\/espiritodacomporta.com\/de\/#\/schema\/logo\/image\/"},"sameAs":["https:\/\/www.instagram.com\/almadacomporta\/"]}]}},"_links":{"self":[{"href":"https:\/\/espiritodacomporta.com\/de\/wp-json\/wp\/v2\/pages\/24462","targetHints":{"allow":["GET"]}}],"collection":[{"href":"https:\/\/espiritodacomporta.com\/de\/wp-json\/wp\/v2\/pages"}],"about":[{"href":"https:\/\/espiritodacomporta.com\/de\/wp-json\/wp\/v2\/types\/page"}],"author":[{"embeddable":true,"href":"https:\/\/espiritodacomporta.com\/de\/wp-json\/wp\/v2\/users\/1"}],"replies":[{"embeddable":true,"href":"https:\/\/espiritodacomporta.com\/de\/wp-json\/wp\/v2\/comments?post=24462"}],"version-history":[{"count":0,"href":"https:\/\/espiritodacomporta.com\/de\/wp-json\/wp\/v2\/pages\/24462\/revisions"}],"up":[{"embeddable":true,"href":"https:\/\/espiritodacomporta.com\/de\/wp-json\/wp\/v2\/pages\/6669"}],"wp:featuredmedia":[{"embeddable":true,"href":"https:\/\/espiritodacomporta.com\/de\/wp-json\/wp\/v2\/media\/24000"}],"wp:attachment":[{"href":"https:\/\/espiritodacomporta.com\/de\/wp-json\/wp\/v2\/media?parent=24462"}],"curies":[{"name":"wp","href":"https:\/\/api.w.org\/{rel}","templated":true}]}}