{"id":24460,"date":"2021-12-19T20:26:24","date_gmt":"2021-12-19T18:26:24","guid":{"rendered":"https:\/\/espiritodacomporta.com\/nos-maisons\/casa-do-brejos\/"},"modified":"2024-01-10T12:16:17","modified_gmt":"2024-01-10T10:16:17","slug":"casa-do-brejos","status":"publish","type":"page","link":"https:\/\/espiritodacomporta.com\/fr\/nos-maisons\/casa-do-brejos\/","title":{"rendered":"Casa do Brejos"},"content":{"rendered":"<section class=\"homeblocks   \">\n    <section class=\"homeblocks-image \">\n                  <!-- <img decoding=\"async\" src=\"https:\/\/espiritodacomporta.com\/app\/uploads\/2021\/11\/brejos-house-slider-3.jpg\" alt=\"\"> -->\n          <img decoding=\"async\" width=\"1600\" height=\"836\" src=\"https:\/\/espiritodacomporta.com\/app\/uploads\/2021\/11\/brejos-house-slider-3.jpg\" class=\"attachment-full size-full\" alt=\"\" loading=\"lazy\" srcset=\"https:\/\/espiritodacomporta.com\/app\/uploads\/2021\/11\/brejos-house-slider-3.jpg 1600w, https:\/\/espiritodacomporta.com\/app\/uploads\/2021\/11\/brejos-house-slider-3-300x157.jpg 300w, https:\/\/espiritodacomporta.com\/app\/uploads\/2021\/11\/brejos-house-slider-3-768x401.jpg 768w, https:\/\/espiritodacomporta.com\/app\/uploads\/2021\/11\/brejos-house-slider-3-1024x535.jpg 1024w, https:\/\/espiritodacomporta.com\/app\/uploads\/2021\/11\/brejos-house-slider-3-1536x803.jpg 1536w\" sizes=\"auto, (max-width: 1600px) 100vw, 1600px\" data-attachment-id=\"24009\" data-permalink=\"https:\/\/espiritodacomporta.com\/fr\/nos-maisons\/casa-do-brejos\/brejos-house-slider-3-2\/\" data-orig-file=\"https:\/\/espiritodacomporta.com\/app\/uploads\/2021\/11\/brejos-house-slider-3.jpg\" data-orig-size=\"1600,836\" data-comments-opened=\"0\" data-image-meta=\"{&quot;aperture&quot;:&quot;0&quot;,&quot;credit&quot;:&quot;&quot;,&quot;camera&quot;:&quot;&quot;,&quot;caption&quot;:&quot;&quot;,&quot;created_timestamp&quot;:&quot;0&quot;,&quot;copyright&quot;:&quot;&quot;,&quot;focal_length&quot;:&quot;0&quot;,&quot;iso&quot;:&quot;0&quot;,&quot;shutter_speed&quot;:&quot;0&quot;,&quot;title&quot;:&quot;&quot;,&quot;orientation&quot;:&quot;0&quot;}\" data-image-title=\"brejos-maison-coulissant-3\" data-image-description=\"\" data-image-caption=\"\" data-medium-file=\"https:\/\/espiritodacomporta.com\/app\/uploads\/2021\/11\/brejos-house-slider-3-300x157.jpg\" data-large-file=\"https:\/\/espiritodacomporta.com\/app\/uploads\/2021\/11\/brejos-house-slider-3-1024x535.jpg\" \/>\n            <\/section>\n    <section class=\"homeblocks-content\">\n        <div class=\"homeblocks-content-inside\">\n            <h2>Une situation privil\u00e9gi\u00e9e<\/h2>\n<p>La Casa do Brejos est une v\u00e9ritable retraite en pleine nature. Brejos da Carregueira est un petit village r\u00e9put\u00e9 pour \u00eatre au coeur des rizi\u00e8res. Il se situe entre les villages de Carvalhal et Comporta. Ais\u00e9ment accessible de la capitale du Portugal (1 h 15 de route), il est facile de trouver la plage de Brejos, consid\u00e9r\u00e9e comme l&rsquo;une des plus sauvages de la r\u00e9gion. Beaucoup de visteurs acc\u00e8dent \u00e0 cette plage par le chemin qui traverse les magnifiques rizi\u00e8res de Comporta. La Casa do Brejos agr\u00e9mente ce calme. Elle est l&rsquo;endroit id\u00e9al o\u00f9 se ressourcer. Elle dispose de toutes les commodit\u00e9s et de plusieurs espaces ext\u00e9rieurs. C&rsquo;est une villa d&rsquo;exception, qui rendra vos vacances uniques.<\/p>\n<p>Il est possible de louer la maison enti\u00e8re en toute saison<\/p>\n\n\n            \n                    <\/div>\n    <\/section>\n<\/section>\n\n\n<section class=\"homeblocks   \">\n    <section class=\"homeblocks-image  homeblocks-right \">\n                  <!-- <img decoding=\"async\" src=\"https:\/\/espiritodacomporta.com\/app\/uploads\/2021\/11\/brejos-house-landscape-2.jpg\" alt=\"\"> -->\n          <img decoding=\"async\" width=\"1000\" height=\"521\" src=\"https:\/\/espiritodacomporta.com\/app\/uploads\/2021\/11\/brejos-house-landscape-2.jpg\" class=\"attachment-full size-full\" alt=\"\" loading=\"lazy\" srcset=\"https:\/\/espiritodacomporta.com\/app\/uploads\/2021\/11\/brejos-house-landscape-2.jpg 1000w, https:\/\/espiritodacomporta.com\/app\/uploads\/2021\/11\/brejos-house-landscape-2-300x156.jpg 300w, https:\/\/espiritodacomporta.com\/app\/uploads\/2021\/11\/brejos-house-landscape-2-768x400.jpg 768w\" sizes=\"auto, (max-width: 1000px) 100vw, 1000px\" data-attachment-id=\"24039\" data-permalink=\"https:\/\/espiritodacomporta.com\/fr\/nos-maisons\/casa-do-brejos\/brejos-house-landscape-2-2\/\" data-orig-file=\"https:\/\/espiritodacomporta.com\/app\/uploads\/2021\/11\/brejos-house-landscape-2.jpg\" data-orig-size=\"1000,521\" data-comments-opened=\"0\" data-image-meta=\"{&quot;aperture&quot;:&quot;1.6&quot;,&quot;credit&quot;:&quot;&quot;,&quot;camera&quot;:&quot;iPhone 12&quot;,&quot;caption&quot;:&quot;&quot;,&quot;created_timestamp&quot;:&quot;1630742428&quot;,&quot;copyright&quot;:&quot;&quot;,&quot;focal_length&quot;:&quot;4.2&quot;,&quot;iso&quot;:&quot;32&quot;,&quot;shutter_speed&quot;:&quot;0.0083333333333333&quot;,&quot;title&quot;:&quot;&quot;,&quot;orientation&quot;:&quot;0&quot;}\" data-image-title=\"brejos-maison-paysage-2\" data-image-description=\"\" data-image-caption=\"\" data-medium-file=\"https:\/\/espiritodacomporta.com\/app\/uploads\/2021\/11\/brejos-house-landscape-2-300x156.jpg\" data-large-file=\"https:\/\/espiritodacomporta.com\/app\/uploads\/2021\/11\/brejos-house-landscape-2.jpg\" \/>\n            <\/section>\n    <section class=\"homeblocks-content\">\n        <div class=\"homeblocks-content-inside\">\n            <h2>Une villa chic \u00e0 Comporta<\/h2>\n<p>Avec une d\u00e9coration int\u00e9rieure remarquable, la Casa dos Brejos offre de l&rsquo;espace pour toute la famille. Compos\u00e9e d&rsquo;une maison principale et de deux autres maisons ind\u00e9pendantes, elle pr\u00e9sente une architecture typique de la r\u00e9gion avec ses toits de chaume et ses pergolas en bois, tout en rappelant la simplicit\u00e9 des maisons de p\u00eacheurs des alentours. Elle dispose de 6 chambres spacieuses et de 6 salles de bains, et peut accueillir jusqu&rsquo;\u00e0 12 personnes.<br \/>\nSon espace ext\u00e9rieur noy\u00e9 dans la nature dispose d&rsquo;une piscine, d&rsquo;un espace barbecue, d&rsquo;un coin-salon g\u00e9ant et m\u00eame d&rsquo;un terrain pour les amateurs de p\u00e9tanque. C&rsquo;est un espace immense, avec tout le confort et la commodit\u00e9 que l&rsquo;on peut imaginer. Une v\u00e9ritable invitation \u00e0 passer des journ\u00e9es super relaxantes et des vacances inoubliables.<br \/>\nAutour de Casa do Brejos, vous trouverez des restaurants, la plage de Brejos et le village de Comporta \u00e0 quelques minutes de voiture.<\/p>\n<p>Il est possible de louer la maison enti\u00e8re en toute saison<\/p>\n\n\n            \n                    <\/div>\n    <\/section>\n<\/section>\n\n\n<div class=\"house-cards-container wcc\" id=\"non-sticked\">\n                        <div class=\"card-house-space card-effect\">\n    <div class=\"card-house-image image\">\n            <img loading=\"lazy\" decoding=\"async\" width=\"667\" height=\"900\" src=\"https:\/\/espiritodacomporta.com\/app\/uploads\/2021\/11\/brejos-house-portrait-17.jpg\" class=\"attachment-full size-full\" alt=\"\" srcset=\"https:\/\/espiritodacomporta.com\/app\/uploads\/2021\/11\/brejos-house-portrait-17.jpg 667w, https:\/\/espiritodacomporta.com\/app\/uploads\/2021\/11\/brejos-house-portrait-17-222x300.jpg 222w\" sizes=\"auto, (max-width: 667px) 100vw, 667px\" data-attachment-id=\"24174\" data-permalink=\"https:\/\/espiritodacomporta.com\/fr\/nos-maisons\/casa-do-brejos\/brejos-house-portrait-17-2\/\" data-orig-file=\"https:\/\/espiritodacomporta.com\/app\/uploads\/2021\/11\/brejos-house-portrait-17.jpg\" data-orig-size=\"667,900\" data-comments-opened=\"0\" data-image-meta=\"{&quot;aperture&quot;:&quot;0&quot;,&quot;credit&quot;:&quot;&quot;,&quot;camera&quot;:&quot;&quot;,&quot;caption&quot;:&quot;&quot;,&quot;created_timestamp&quot;:&quot;0&quot;,&quot;copyright&quot;:&quot;&quot;,&quot;focal_length&quot;:&quot;0&quot;,&quot;iso&quot;:&quot;0&quot;,&quot;shutter_speed&quot;:&quot;0&quot;,&quot;title&quot;:&quot;&quot;,&quot;orientation&quot;:&quot;0&quot;}\" data-image-title=\"Brejos &amp;#8211; vue-maison -17\" data-image-description=\"\" data-image-caption=\"\" data-medium-file=\"https:\/\/espiritodacomporta.com\/app\/uploads\/2021\/11\/brejos-house-portrait-17-222x300.jpg\" data-large-file=\"https:\/\/espiritodacomporta.com\/app\/uploads\/2021\/11\/brejos-house-portrait-17.jpg\" \/>\n\n      <div class=\"card-house-capacity\">\n        <img decoding=\"async\" src=\"https:\/\/espiritodacomporta.com\/app\/themes\/espirito\/dist\/images\/new\/house-space-capacity_8ad9c057f57e403b7dfe.png\" alt=\"Capacity\">\n        <span>x 12<\/span>\n      <\/div>\n\n    <\/div>\n\n    <div class=\"card-house-content equal-height\" data-equal=\"card-house-space-content\">\n      <h2>Casa do Brejos<\/h2>\n      <p><\/p>\n      <p class=\"details1\">De 1 \u00e0 12 personnes<\/p>\n      <a href=\"https:\/\/beds24.com\/booking2.php?propid=146506\" class=\"button\" target=\"_blank\">R\u00e9server\n        Casa do Brejos<\/a>\n    <\/div>\n\n<\/div>\n            <\/div>\n\n<div class=\"sticky-container\">\n    <div class=\"house-cards-container wcc\">\n                                                                    <div class=\"card-house-space\">\n    <div class=\"card-house-content equal-height\" data-equal=\"card-house-space-content-reduced\">\n\n        <div class=\"card-house-text\">\n          <h2>Propri\u00e9t\u00e9 enti\u00e8re<\/h2>\n          <p>De 1 \u00e0 12 personnes<\/p>\n        <\/div>\n\n        <a href=\"https:\/\/beds24.com\/booking2.php?propid=146506\" target=\"_blank\" class=\"button equal-height\" data-equal=\"card-house-space-content-link\">\n            R\u00e9server\n            <span>Propri\u00e9t\u00e9 enti\u00e8re<\/span>\n        <\/a>\n\n    <\/div>\n<\/div>\n                      <\/div>\n<\/div>\n\n<div class=\"house-spaces\">\n    \n        \n                    <div class=\"house-space house-space-gallery-container\">\n\n                <h2 class=\"big-title\"><span>Casa do Brejos<\/span><\/h2>\n\n                <p class=\"details1\">De 1 \u00e0 12 personnes<\/p>\n\n                                    <div class=\"house-space-gallery\">\n                        \n                                                    <img loading=\"lazy\" decoding=\"async\" width=\"667\" height=\"900\" src=\"https:\/\/espiritodacomporta.com\/app\/uploads\/2021\/11\/brejos-house-portrait-1.jpg\" class=\" \" alt=\"\" srcset=\"https:\/\/espiritodacomporta.com\/app\/uploads\/2021\/11\/brejos-house-portrait-1.jpg 667w, https:\/\/espiritodacomporta.com\/app\/uploads\/2021\/11\/brejos-house-portrait-1-222x300.jpg 222w\" sizes=\"auto, (max-width: 667px) 100vw, 667px\" data-attachment-id=\"24094\" data-permalink=\"https:\/\/espiritodacomporta.com\/fr\/nos-maisons\/casa-do-brejos\/brejos-house-portrait-1-2\/\" data-orig-file=\"https:\/\/espiritodacomporta.com\/app\/uploads\/2021\/11\/brejos-house-portrait-1.jpg\" data-orig-size=\"667,900\" data-comments-opened=\"0\" data-image-meta=\"{&quot;aperture&quot;:&quot;1.6&quot;,&quot;credit&quot;:&quot;&quot;,&quot;camera&quot;:&quot;iPhone 12&quot;,&quot;caption&quot;:&quot;&quot;,&quot;created_timestamp&quot;:&quot;1630742390&quot;,&quot;copyright&quot;:&quot;&quot;,&quot;focal_length&quot;:&quot;4.2&quot;,&quot;iso&quot;:&quot;40&quot;,&quot;shutter_speed&quot;:&quot;0.0083333333333333&quot;,&quot;title&quot;:&quot;&quot;,&quot;orientation&quot;:&quot;0&quot;}\" data-image-title=\"Brejos &amp;#8211; vue-maison &amp;#8211; 1\" data-image-description=\"\" data-image-caption=\"\" data-medium-file=\"https:\/\/espiritodacomporta.com\/app\/uploads\/2021\/11\/brejos-house-portrait-1-222x300.jpg\" data-large-file=\"https:\/\/espiritodacomporta.com\/app\/uploads\/2021\/11\/brejos-house-portrait-1.jpg\" \/>                                                    <img loading=\"lazy\" decoding=\"async\" width=\"667\" height=\"900\" src=\"https:\/\/espiritodacomporta.com\/app\/uploads\/2021\/11\/brejos-house-portrait-26.jpg\" class=\" \" alt=\"\" srcset=\"https:\/\/espiritodacomporta.com\/app\/uploads\/2021\/11\/brejos-house-portrait-26.jpg 667w, https:\/\/espiritodacomporta.com\/app\/uploads\/2021\/11\/brejos-house-portrait-26-222x300.jpg 222w\" sizes=\"auto, (max-width: 667px) 100vw, 667px\" data-attachment-id=\"24219\" data-permalink=\"https:\/\/espiritodacomporta.com\/fr\/nos-maisons\/casa-do-brejos\/brejos-house-portrait-26-2\/\" data-orig-file=\"https:\/\/espiritodacomporta.com\/app\/uploads\/2021\/11\/brejos-house-portrait-26.jpg\" data-orig-size=\"667,900\" data-comments-opened=\"0\" data-image-meta=\"{&quot;aperture&quot;:&quot;0&quot;,&quot;credit&quot;:&quot;&quot;,&quot;camera&quot;:&quot;&quot;,&quot;caption&quot;:&quot;&quot;,&quot;created_timestamp&quot;:&quot;0&quot;,&quot;copyright&quot;:&quot;&quot;,&quot;focal_length&quot;:&quot;0&quot;,&quot;iso&quot;:&quot;0&quot;,&quot;shutter_speed&quot;:&quot;0&quot;,&quot;title&quot;:&quot;&quot;,&quot;orientation&quot;:&quot;0&quot;}\" data-image-title=\"Brejos &amp;#8211; vue-maison &amp;#8211; 26\" data-image-description=\"\" data-image-caption=\"\" data-medium-file=\"https:\/\/espiritodacomporta.com\/app\/uploads\/2021\/11\/brejos-house-portrait-26-222x300.jpg\" data-large-file=\"https:\/\/espiritodacomporta.com\/app\/uploads\/2021\/11\/brejos-house-portrait-26.jpg\" \/>                                                    <img loading=\"lazy\" decoding=\"async\" width=\"1000\" height=\"521\" src=\"https:\/\/espiritodacomporta.com\/app\/uploads\/2021\/11\/brejos-house-landscape-1.jpg\" class=\" \" alt=\"\" srcset=\"https:\/\/espiritodacomporta.com\/app\/uploads\/2021\/11\/brejos-house-landscape-1.jpg 1000w, https:\/\/espiritodacomporta.com\/app\/uploads\/2021\/11\/brejos-house-landscape-1-300x156.jpg 300w, https:\/\/espiritodacomporta.com\/app\/uploads\/2021\/11\/brejos-house-landscape-1-768x400.jpg 768w\" sizes=\"auto, (max-width: 1000px) 100vw, 1000px\" data-attachment-id=\"24034\" data-permalink=\"https:\/\/espiritodacomporta.com\/fr\/nos-maisons\/casa-do-brejos\/brejos-house-landscape-1-2\/\" data-orig-file=\"https:\/\/espiritodacomporta.com\/app\/uploads\/2021\/11\/brejos-house-landscape-1.jpg\" data-orig-size=\"1000,521\" data-comments-opened=\"0\" data-image-meta=\"{&quot;aperture&quot;:&quot;1.6&quot;,&quot;credit&quot;:&quot;&quot;,&quot;camera&quot;:&quot;iPhone 12&quot;,&quot;caption&quot;:&quot;&quot;,&quot;created_timestamp&quot;:&quot;1630742410&quot;,&quot;copyright&quot;:&quot;&quot;,&quot;focal_length&quot;:&quot;4.2&quot;,&quot;iso&quot;:&quot;32&quot;,&quot;shutter_speed&quot;:&quot;0.0083333333333333&quot;,&quot;title&quot;:&quot;&quot;,&quot;orientation&quot;:&quot;0&quot;}\" data-image-title=\"brejos-maison-paysage-1\" data-image-description=\"\" data-image-caption=\"\" data-medium-file=\"https:\/\/espiritodacomporta.com\/app\/uploads\/2021\/11\/brejos-house-landscape-1-300x156.jpg\" data-large-file=\"https:\/\/espiritodacomporta.com\/app\/uploads\/2021\/11\/brejos-house-landscape-1.jpg\" \/>                                                    <img loading=\"lazy\" decoding=\"async\" width=\"667\" height=\"900\" src=\"https:\/\/espiritodacomporta.com\/app\/uploads\/2021\/11\/brejos-house-portrait-25.jpg\" class=\" \" alt=\"\" srcset=\"https:\/\/espiritodacomporta.com\/app\/uploads\/2021\/11\/brejos-house-portrait-25.jpg 667w, https:\/\/espiritodacomporta.com\/app\/uploads\/2021\/11\/brejos-house-portrait-25-222x300.jpg 222w\" sizes=\"auto, (max-width: 667px) 100vw, 667px\" data-attachment-id=\"24214\" data-permalink=\"https:\/\/espiritodacomporta.com\/fr\/nos-maisons\/casa-do-brejos\/brejos-house-portrait-25-2\/\" data-orig-file=\"https:\/\/espiritodacomporta.com\/app\/uploads\/2021\/11\/brejos-house-portrait-25.jpg\" data-orig-size=\"667,900\" data-comments-opened=\"0\" data-image-meta=\"{&quot;aperture&quot;:&quot;0&quot;,&quot;credit&quot;:&quot;&quot;,&quot;camera&quot;:&quot;&quot;,&quot;caption&quot;:&quot;&quot;,&quot;created_timestamp&quot;:&quot;0&quot;,&quot;copyright&quot;:&quot;&quot;,&quot;focal_length&quot;:&quot;0&quot;,&quot;iso&quot;:&quot;0&quot;,&quot;shutter_speed&quot;:&quot;0&quot;,&quot;title&quot;:&quot;&quot;,&quot;orientation&quot;:&quot;0&quot;}\" data-image-title=\"Brejos &amp;#8211; vue-maison &amp;#8211; 25\" data-image-description=\"\" data-image-caption=\"\" data-medium-file=\"https:\/\/espiritodacomporta.com\/app\/uploads\/2021\/11\/brejos-house-portrait-25-222x300.jpg\" data-large-file=\"https:\/\/espiritodacomporta.com\/app\/uploads\/2021\/11\/brejos-house-portrait-25.jpg\" \/>                                                    <img loading=\"lazy\" decoding=\"async\" width=\"667\" height=\"900\" src=\"https:\/\/espiritodacomporta.com\/app\/uploads\/2021\/11\/brejos-house-portrait-24.jpg\" class=\" \" alt=\"\" srcset=\"https:\/\/espiritodacomporta.com\/app\/uploads\/2021\/11\/brejos-house-portrait-24.jpg 667w, https:\/\/espiritodacomporta.com\/app\/uploads\/2021\/11\/brejos-house-portrait-24-222x300.jpg 222w\" sizes=\"auto, (max-width: 667px) 100vw, 667px\" data-attachment-id=\"24209\" data-permalink=\"https:\/\/espiritodacomporta.com\/fr\/nos-maisons\/casa-do-brejos\/brejos-house-portrait-24-2\/\" data-orig-file=\"https:\/\/espiritodacomporta.com\/app\/uploads\/2021\/11\/brejos-house-portrait-24.jpg\" data-orig-size=\"667,900\" data-comments-opened=\"0\" data-image-meta=\"{&quot;aperture&quot;:&quot;0&quot;,&quot;credit&quot;:&quot;&quot;,&quot;camera&quot;:&quot;&quot;,&quot;caption&quot;:&quot;&quot;,&quot;created_timestamp&quot;:&quot;0&quot;,&quot;copyright&quot;:&quot;&quot;,&quot;focal_length&quot;:&quot;0&quot;,&quot;iso&quot;:&quot;0&quot;,&quot;shutter_speed&quot;:&quot;0&quot;,&quot;title&quot;:&quot;&quot;,&quot;orientation&quot;:&quot;0&quot;}\" data-image-title=\"Brejos &amp;#8211; vue-maison &amp;#8211; 24\" data-image-description=\"\" data-image-caption=\"\" data-medium-file=\"https:\/\/espiritodacomporta.com\/app\/uploads\/2021\/11\/brejos-house-portrait-24-222x300.jpg\" data-large-file=\"https:\/\/espiritodacomporta.com\/app\/uploads\/2021\/11\/brejos-house-portrait-24.jpg\" \/>                                                    <img loading=\"lazy\" decoding=\"async\" width=\"1000\" height=\"521\" src=\"https:\/\/espiritodacomporta.com\/app\/uploads\/2021\/11\/brejos-house-landscape-12.jpg\" class=\" \" alt=\"\" srcset=\"https:\/\/espiritodacomporta.com\/app\/uploads\/2021\/11\/brejos-house-landscape-12.jpg 1000w, https:\/\/espiritodacomporta.com\/app\/uploads\/2021\/11\/brejos-house-landscape-12-300x156.jpg 300w, https:\/\/espiritodacomporta.com\/app\/uploads\/2021\/11\/brejos-house-landscape-12-768x400.jpg 768w\" sizes=\"auto, (max-width: 1000px) 100vw, 1000px\" data-attachment-id=\"24089\" data-permalink=\"https:\/\/espiritodacomporta.com\/fr\/nos-maisons\/casa-do-brejos\/brejos-house-landscape-12-2\/\" data-orig-file=\"https:\/\/espiritodacomporta.com\/app\/uploads\/2021\/11\/brejos-house-landscape-12.jpg\" data-orig-size=\"1000,521\" data-comments-opened=\"0\" data-image-meta=\"{&quot;aperture&quot;:&quot;0&quot;,&quot;credit&quot;:&quot;&quot;,&quot;camera&quot;:&quot;&quot;,&quot;caption&quot;:&quot;&quot;,&quot;created_timestamp&quot;:&quot;0&quot;,&quot;copyright&quot;:&quot;&quot;,&quot;focal_length&quot;:&quot;0&quot;,&quot;iso&quot;:&quot;0&quot;,&quot;shutter_speed&quot;:&quot;0&quot;,&quot;title&quot;:&quot;&quot;,&quot;orientation&quot;:&quot;0&quot;}\" data-image-title=\"brejos-maison-paysage-12\" data-image-description=\"\" data-image-caption=\"\" data-medium-file=\"https:\/\/espiritodacomporta.com\/app\/uploads\/2021\/11\/brejos-house-landscape-12-300x156.jpg\" data-large-file=\"https:\/\/espiritodacomporta.com\/app\/uploads\/2021\/11\/brejos-house-landscape-12.jpg\" \/>                                                    <img loading=\"lazy\" decoding=\"async\" width=\"667\" height=\"900\" src=\"https:\/\/espiritodacomporta.com\/app\/uploads\/2021\/11\/brejos-house-portrait-23.jpg\" class=\" \" alt=\"\" srcset=\"https:\/\/espiritodacomporta.com\/app\/uploads\/2021\/11\/brejos-house-portrait-23.jpg 667w, https:\/\/espiritodacomporta.com\/app\/uploads\/2021\/11\/brejos-house-portrait-23-222x300.jpg 222w\" sizes=\"auto, (max-width: 667px) 100vw, 667px\" data-attachment-id=\"24204\" data-permalink=\"https:\/\/espiritodacomporta.com\/fr\/nos-maisons\/casa-do-brejos\/brejos-house-portrait-23-2\/\" data-orig-file=\"https:\/\/espiritodacomporta.com\/app\/uploads\/2021\/11\/brejos-house-portrait-23.jpg\" data-orig-size=\"667,900\" data-comments-opened=\"0\" data-image-meta=\"{&quot;aperture&quot;:&quot;0&quot;,&quot;credit&quot;:&quot;&quot;,&quot;camera&quot;:&quot;&quot;,&quot;caption&quot;:&quot;&quot;,&quot;created_timestamp&quot;:&quot;0&quot;,&quot;copyright&quot;:&quot;&quot;,&quot;focal_length&quot;:&quot;0&quot;,&quot;iso&quot;:&quot;0&quot;,&quot;shutter_speed&quot;:&quot;0&quot;,&quot;title&quot;:&quot;&quot;,&quot;orientation&quot;:&quot;0&quot;}\" data-image-title=\"Brejos &amp;#8211; vue-maison &amp;#8211; 23\" data-image-description=\"\" data-image-caption=\"\" data-medium-file=\"https:\/\/espiritodacomporta.com\/app\/uploads\/2021\/11\/brejos-house-portrait-23-222x300.jpg\" data-large-file=\"https:\/\/espiritodacomporta.com\/app\/uploads\/2021\/11\/brejos-house-portrait-23.jpg\" \/>                                                    <img loading=\"lazy\" decoding=\"async\" width=\"667\" height=\"900\" src=\"https:\/\/espiritodacomporta.com\/app\/uploads\/2021\/11\/brejos-house-portrait-22.jpg\" class=\" \" alt=\"\" srcset=\"https:\/\/espiritodacomporta.com\/app\/uploads\/2021\/11\/brejos-house-portrait-22.jpg 667w, https:\/\/espiritodacomporta.com\/app\/uploads\/2021\/11\/brejos-house-portrait-22-222x300.jpg 222w\" sizes=\"auto, (max-width: 667px) 100vw, 667px\" data-attachment-id=\"24199\" data-permalink=\"https:\/\/espiritodacomporta.com\/fr\/nos-maisons\/casa-do-brejos\/brejos-house-portrait-22-2\/\" data-orig-file=\"https:\/\/espiritodacomporta.com\/app\/uploads\/2021\/11\/brejos-house-portrait-22.jpg\" data-orig-size=\"667,900\" data-comments-opened=\"0\" data-image-meta=\"{&quot;aperture&quot;:&quot;0&quot;,&quot;credit&quot;:&quot;&quot;,&quot;camera&quot;:&quot;&quot;,&quot;caption&quot;:&quot;&quot;,&quot;created_timestamp&quot;:&quot;0&quot;,&quot;copyright&quot;:&quot;&quot;,&quot;focal_length&quot;:&quot;0&quot;,&quot;iso&quot;:&quot;0&quot;,&quot;shutter_speed&quot;:&quot;0&quot;,&quot;title&quot;:&quot;&quot;,&quot;orientation&quot;:&quot;0&quot;}\" data-image-title=\"Brejos &amp;#8211; vue-maison &amp;#8211; 22\" data-image-description=\"\" data-image-caption=\"\" data-medium-file=\"https:\/\/espiritodacomporta.com\/app\/uploads\/2021\/11\/brejos-house-portrait-22-222x300.jpg\" data-large-file=\"https:\/\/espiritodacomporta.com\/app\/uploads\/2021\/11\/brejos-house-portrait-22.jpg\" \/>                                                    <img loading=\"lazy\" decoding=\"async\" width=\"1000\" height=\"521\" src=\"https:\/\/espiritodacomporta.com\/app\/uploads\/2021\/11\/brejos-house-landscape-11.jpg\" class=\" \" alt=\"\" srcset=\"https:\/\/espiritodacomporta.com\/app\/uploads\/2021\/11\/brejos-house-landscape-11.jpg 1000w, https:\/\/espiritodacomporta.com\/app\/uploads\/2021\/11\/brejos-house-landscape-11-300x156.jpg 300w, https:\/\/espiritodacomporta.com\/app\/uploads\/2021\/11\/brejos-house-landscape-11-768x400.jpg 768w\" sizes=\"auto, (max-width: 1000px) 100vw, 1000px\" data-attachment-id=\"24084\" data-permalink=\"https:\/\/espiritodacomporta.com\/fr\/nos-maisons\/casa-do-brejos\/brejos-house-landscape-11-2\/\" data-orig-file=\"https:\/\/espiritodacomporta.com\/app\/uploads\/2021\/11\/brejos-house-landscape-11.jpg\" data-orig-size=\"1000,521\" data-comments-opened=\"0\" data-image-meta=\"{&quot;aperture&quot;:&quot;0&quot;,&quot;credit&quot;:&quot;&quot;,&quot;camera&quot;:&quot;&quot;,&quot;caption&quot;:&quot;&quot;,&quot;created_timestamp&quot;:&quot;0&quot;,&quot;copyright&quot;:&quot;&quot;,&quot;focal_length&quot;:&quot;0&quot;,&quot;iso&quot;:&quot;0&quot;,&quot;shutter_speed&quot;:&quot;0&quot;,&quot;title&quot;:&quot;&quot;,&quot;orientation&quot;:&quot;0&quot;}\" data-image-title=\"brejos-maison-paysage-11\" data-image-description=\"\" data-image-caption=\"\" data-medium-file=\"https:\/\/espiritodacomporta.com\/app\/uploads\/2021\/11\/brejos-house-landscape-11-300x156.jpg\" data-large-file=\"https:\/\/espiritodacomporta.com\/app\/uploads\/2021\/11\/brejos-house-landscape-11.jpg\" \/>                                                    <img loading=\"lazy\" decoding=\"async\" width=\"667\" height=\"900\" src=\"https:\/\/espiritodacomporta.com\/app\/uploads\/2021\/11\/brejos-house-portrait-21.jpg\" class=\" \" alt=\"\" srcset=\"https:\/\/espiritodacomporta.com\/app\/uploads\/2021\/11\/brejos-house-portrait-21.jpg 667w, https:\/\/espiritodacomporta.com\/app\/uploads\/2021\/11\/brejos-house-portrait-21-222x300.jpg 222w\" sizes=\"auto, (max-width: 667px) 100vw, 667px\" data-attachment-id=\"24194\" data-permalink=\"https:\/\/espiritodacomporta.com\/fr\/nos-maisons\/casa-do-brejos\/brejos-house-portrait-21-2\/\" data-orig-file=\"https:\/\/espiritodacomporta.com\/app\/uploads\/2021\/11\/brejos-house-portrait-21.jpg\" data-orig-size=\"667,900\" data-comments-opened=\"0\" data-image-meta=\"{&quot;aperture&quot;:&quot;0&quot;,&quot;credit&quot;:&quot;&quot;,&quot;camera&quot;:&quot;&quot;,&quot;caption&quot;:&quot;&quot;,&quot;created_timestamp&quot;:&quot;0&quot;,&quot;copyright&quot;:&quot;&quot;,&quot;focal_length&quot;:&quot;0&quot;,&quot;iso&quot;:&quot;0&quot;,&quot;shutter_speed&quot;:&quot;0&quot;,&quot;title&quot;:&quot;&quot;,&quot;orientation&quot;:&quot;0&quot;}\" data-image-title=\"Brejos &amp;#8211; vue-maison &amp;#8211; 21\" data-image-description=\"\" data-image-caption=\"\" data-medium-file=\"https:\/\/espiritodacomporta.com\/app\/uploads\/2021\/11\/brejos-house-portrait-21-222x300.jpg\" data-large-file=\"https:\/\/espiritodacomporta.com\/app\/uploads\/2021\/11\/brejos-house-portrait-21.jpg\" \/>                                                    <img loading=\"lazy\" decoding=\"async\" width=\"667\" height=\"900\" src=\"https:\/\/espiritodacomporta.com\/app\/uploads\/2021\/11\/brejos-house-portrait-20.jpg\" class=\" \" alt=\"\" srcset=\"https:\/\/espiritodacomporta.com\/app\/uploads\/2021\/11\/brejos-house-portrait-20.jpg 667w, https:\/\/espiritodacomporta.com\/app\/uploads\/2021\/11\/brejos-house-portrait-20-222x300.jpg 222w\" sizes=\"auto, (max-width: 667px) 100vw, 667px\" data-attachment-id=\"24189\" data-permalink=\"https:\/\/espiritodacomporta.com\/fr\/nos-maisons\/casa-do-brejos\/brejos-house-portrait-20-2\/\" data-orig-file=\"https:\/\/espiritodacomporta.com\/app\/uploads\/2021\/11\/brejos-house-portrait-20.jpg\" data-orig-size=\"667,900\" data-comments-opened=\"0\" data-image-meta=\"{&quot;aperture&quot;:&quot;0&quot;,&quot;credit&quot;:&quot;&quot;,&quot;camera&quot;:&quot;&quot;,&quot;caption&quot;:&quot;&quot;,&quot;created_timestamp&quot;:&quot;0&quot;,&quot;copyright&quot;:&quot;&quot;,&quot;focal_length&quot;:&quot;0&quot;,&quot;iso&quot;:&quot;0&quot;,&quot;shutter_speed&quot;:&quot;0&quot;,&quot;title&quot;:&quot;&quot;,&quot;orientation&quot;:&quot;0&quot;}\" data-image-title=\"Brejos &amp;#8211; vue-maison &amp;#8211; 20\" data-image-description=\"\" data-image-caption=\"\" data-medium-file=\"https:\/\/espiritodacomporta.com\/app\/uploads\/2021\/11\/brejos-house-portrait-20-222x300.jpg\" data-large-file=\"https:\/\/espiritodacomporta.com\/app\/uploads\/2021\/11\/brejos-house-portrait-20.jpg\" \/>                                                    <img loading=\"lazy\" decoding=\"async\" width=\"1000\" height=\"521\" src=\"https:\/\/espiritodacomporta.com\/app\/uploads\/2021\/11\/brejos-house-landscape-10.jpg\" class=\" \" alt=\"\" srcset=\"https:\/\/espiritodacomporta.com\/app\/uploads\/2021\/11\/brejos-house-landscape-10.jpg 1000w, https:\/\/espiritodacomporta.com\/app\/uploads\/2021\/11\/brejos-house-landscape-10-300x156.jpg 300w, https:\/\/espiritodacomporta.com\/app\/uploads\/2021\/11\/brejos-house-landscape-10-768x400.jpg 768w\" sizes=\"auto, (max-width: 1000px) 100vw, 1000px\" data-attachment-id=\"24079\" data-permalink=\"https:\/\/espiritodacomporta.com\/fr\/nos-maisons\/casa-do-brejos\/brejos-house-landscape-10-2\/\" data-orig-file=\"https:\/\/espiritodacomporta.com\/app\/uploads\/2021\/11\/brejos-house-landscape-10.jpg\" data-orig-size=\"1000,521\" data-comments-opened=\"0\" data-image-meta=\"{&quot;aperture&quot;:&quot;0&quot;,&quot;credit&quot;:&quot;&quot;,&quot;camera&quot;:&quot;&quot;,&quot;caption&quot;:&quot;&quot;,&quot;created_timestamp&quot;:&quot;0&quot;,&quot;copyright&quot;:&quot;&quot;,&quot;focal_length&quot;:&quot;0&quot;,&quot;iso&quot;:&quot;0&quot;,&quot;shutter_speed&quot;:&quot;0&quot;,&quot;title&quot;:&quot;&quot;,&quot;orientation&quot;:&quot;0&quot;}\" data-image-title=\"brejos-maison-paysage-10\" data-image-description=\"\" data-image-caption=\"\" data-medium-file=\"https:\/\/espiritodacomporta.com\/app\/uploads\/2021\/11\/brejos-house-landscape-10-300x156.jpg\" data-large-file=\"https:\/\/espiritodacomporta.com\/app\/uploads\/2021\/11\/brejos-house-landscape-10.jpg\" \/>                                                    <img loading=\"lazy\" decoding=\"async\" width=\"667\" height=\"900\" src=\"https:\/\/espiritodacomporta.com\/app\/uploads\/2021\/11\/brejos-house-portrait-19.jpg\" class=\" \" alt=\"\" srcset=\"https:\/\/espiritodacomporta.com\/app\/uploads\/2021\/11\/brejos-house-portrait-19.jpg 667w, https:\/\/espiritodacomporta.com\/app\/uploads\/2021\/11\/brejos-house-portrait-19-222x300.jpg 222w\" sizes=\"auto, (max-width: 667px) 100vw, 667px\" data-attachment-id=\"24184\" data-permalink=\"https:\/\/espiritodacomporta.com\/fr\/nos-maisons\/casa-do-brejos\/brejos-house-portrait-19-2\/\" data-orig-file=\"https:\/\/espiritodacomporta.com\/app\/uploads\/2021\/11\/brejos-house-portrait-19.jpg\" data-orig-size=\"667,900\" data-comments-opened=\"0\" data-image-meta=\"{&quot;aperture&quot;:&quot;0&quot;,&quot;credit&quot;:&quot;&quot;,&quot;camera&quot;:&quot;&quot;,&quot;caption&quot;:&quot;&quot;,&quot;created_timestamp&quot;:&quot;0&quot;,&quot;copyright&quot;:&quot;&quot;,&quot;focal_length&quot;:&quot;0&quot;,&quot;iso&quot;:&quot;0&quot;,&quot;shutter_speed&quot;:&quot;0&quot;,&quot;title&quot;:&quot;&quot;,&quot;orientation&quot;:&quot;0&quot;}\" data-image-title=\"Brejos &amp;#8211; vue-maison -19\" data-image-description=\"\" data-image-caption=\"\" data-medium-file=\"https:\/\/espiritodacomporta.com\/app\/uploads\/2021\/11\/brejos-house-portrait-19-222x300.jpg\" data-large-file=\"https:\/\/espiritodacomporta.com\/app\/uploads\/2021\/11\/brejos-house-portrait-19.jpg\" \/>                                                    <img loading=\"lazy\" decoding=\"async\" width=\"667\" height=\"900\" src=\"https:\/\/espiritodacomporta.com\/app\/uploads\/2021\/11\/brejos-house-portrait-18.jpg\" class=\" \" alt=\"\" srcset=\"https:\/\/espiritodacomporta.com\/app\/uploads\/2021\/11\/brejos-house-portrait-18.jpg 667w, https:\/\/espiritodacomporta.com\/app\/uploads\/2021\/11\/brejos-house-portrait-18-222x300.jpg 222w\" sizes=\"auto, (max-width: 667px) 100vw, 667px\" data-attachment-id=\"24179\" data-permalink=\"https:\/\/espiritodacomporta.com\/fr\/nos-maisons\/casa-do-brejos\/brejos-house-portrait-18-2\/\" data-orig-file=\"https:\/\/espiritodacomporta.com\/app\/uploads\/2021\/11\/brejos-house-portrait-18.jpg\" data-orig-size=\"667,900\" data-comments-opened=\"0\" data-image-meta=\"{&quot;aperture&quot;:&quot;0&quot;,&quot;credit&quot;:&quot;&quot;,&quot;camera&quot;:&quot;&quot;,&quot;caption&quot;:&quot;&quot;,&quot;created_timestamp&quot;:&quot;0&quot;,&quot;copyright&quot;:&quot;&quot;,&quot;focal_length&quot;:&quot;0&quot;,&quot;iso&quot;:&quot;0&quot;,&quot;shutter_speed&quot;:&quot;0&quot;,&quot;title&quot;:&quot;&quot;,&quot;orientation&quot;:&quot;0&quot;}\" data-image-title=\"Brejos &amp;#8211; vue-maison &amp;#8211; 18\" data-image-description=\"\" data-image-caption=\"\" data-medium-file=\"https:\/\/espiritodacomporta.com\/app\/uploads\/2021\/11\/brejos-house-portrait-18-222x300.jpg\" data-large-file=\"https:\/\/espiritodacomporta.com\/app\/uploads\/2021\/11\/brejos-house-portrait-18.jpg\" \/>                                                    <img loading=\"lazy\" decoding=\"async\" width=\"1000\" height=\"521\" src=\"https:\/\/espiritodacomporta.com\/app\/uploads\/2021\/11\/brejos-house-landscape-9.jpg\" class=\" \" alt=\"\" srcset=\"https:\/\/espiritodacomporta.com\/app\/uploads\/2021\/11\/brejos-house-landscape-9.jpg 1000w, https:\/\/espiritodacomporta.com\/app\/uploads\/2021\/11\/brejos-house-landscape-9-300x156.jpg 300w, https:\/\/espiritodacomporta.com\/app\/uploads\/2021\/11\/brejos-house-landscape-9-768x400.jpg 768w\" sizes=\"auto, (max-width: 1000px) 100vw, 1000px\" data-attachment-id=\"24074\" data-permalink=\"https:\/\/espiritodacomporta.com\/fr\/nos-maisons\/casa-do-brejos\/brejos-house-landscape-9-2\/\" data-orig-file=\"https:\/\/espiritodacomporta.com\/app\/uploads\/2021\/11\/brejos-house-landscape-9.jpg\" data-orig-size=\"1000,521\" data-comments-opened=\"0\" data-image-meta=\"{&quot;aperture&quot;:&quot;0&quot;,&quot;credit&quot;:&quot;&quot;,&quot;camera&quot;:&quot;&quot;,&quot;caption&quot;:&quot;&quot;,&quot;created_timestamp&quot;:&quot;0&quot;,&quot;copyright&quot;:&quot;&quot;,&quot;focal_length&quot;:&quot;0&quot;,&quot;iso&quot;:&quot;0&quot;,&quot;shutter_speed&quot;:&quot;0&quot;,&quot;title&quot;:&quot;&quot;,&quot;orientation&quot;:&quot;0&quot;}\" data-image-title=\"brejos-maison-paysage-9\" data-image-description=\"\" data-image-caption=\"\" data-medium-file=\"https:\/\/espiritodacomporta.com\/app\/uploads\/2021\/11\/brejos-house-landscape-9-300x156.jpg\" data-large-file=\"https:\/\/espiritodacomporta.com\/app\/uploads\/2021\/11\/brejos-house-landscape-9.jpg\" \/>                                                    <img loading=\"lazy\" decoding=\"async\" width=\"667\" height=\"900\" src=\"https:\/\/espiritodacomporta.com\/app\/uploads\/2021\/11\/brejos-house-portrait-17.jpg\" class=\" \" alt=\"\" srcset=\"https:\/\/espiritodacomporta.com\/app\/uploads\/2021\/11\/brejos-house-portrait-17.jpg 667w, https:\/\/espiritodacomporta.com\/app\/uploads\/2021\/11\/brejos-house-portrait-17-222x300.jpg 222w\" sizes=\"auto, (max-width: 667px) 100vw, 667px\" data-attachment-id=\"24174\" data-permalink=\"https:\/\/espiritodacomporta.com\/fr\/nos-maisons\/casa-do-brejos\/brejos-house-portrait-17-2\/\" data-orig-file=\"https:\/\/espiritodacomporta.com\/app\/uploads\/2021\/11\/brejos-house-portrait-17.jpg\" data-orig-size=\"667,900\" data-comments-opened=\"0\" data-image-meta=\"{&quot;aperture&quot;:&quot;0&quot;,&quot;credit&quot;:&quot;&quot;,&quot;camera&quot;:&quot;&quot;,&quot;caption&quot;:&quot;&quot;,&quot;created_timestamp&quot;:&quot;0&quot;,&quot;copyright&quot;:&quot;&quot;,&quot;focal_length&quot;:&quot;0&quot;,&quot;iso&quot;:&quot;0&quot;,&quot;shutter_speed&quot;:&quot;0&quot;,&quot;title&quot;:&quot;&quot;,&quot;orientation&quot;:&quot;0&quot;}\" data-image-title=\"Brejos &amp;#8211; vue-maison -17\" data-image-description=\"\" data-image-caption=\"\" data-medium-file=\"https:\/\/espiritodacomporta.com\/app\/uploads\/2021\/11\/brejos-house-portrait-17-222x300.jpg\" data-large-file=\"https:\/\/espiritodacomporta.com\/app\/uploads\/2021\/11\/brejos-house-portrait-17.jpg\" \/>                                                    <img loading=\"lazy\" decoding=\"async\" width=\"667\" height=\"900\" src=\"https:\/\/espiritodacomporta.com\/app\/uploads\/2021\/11\/brejos-house-portrait-16.jpg\" class=\" \" alt=\"\" srcset=\"https:\/\/espiritodacomporta.com\/app\/uploads\/2021\/11\/brejos-house-portrait-16.jpg 667w, https:\/\/espiritodacomporta.com\/app\/uploads\/2021\/11\/brejos-house-portrait-16-222x300.jpg 222w\" sizes=\"auto, (max-width: 667px) 100vw, 667px\" data-attachment-id=\"24169\" data-permalink=\"https:\/\/espiritodacomporta.com\/fr\/nos-maisons\/casa-do-brejos\/brejos-house-portrait-16-2\/\" data-orig-file=\"https:\/\/espiritodacomporta.com\/app\/uploads\/2021\/11\/brejos-house-portrait-16.jpg\" data-orig-size=\"667,900\" data-comments-opened=\"0\" data-image-meta=\"{&quot;aperture&quot;:&quot;0&quot;,&quot;credit&quot;:&quot;&quot;,&quot;camera&quot;:&quot;&quot;,&quot;caption&quot;:&quot;&quot;,&quot;created_timestamp&quot;:&quot;0&quot;,&quot;copyright&quot;:&quot;&quot;,&quot;focal_length&quot;:&quot;0&quot;,&quot;iso&quot;:&quot;0&quot;,&quot;shutter_speed&quot;:&quot;0&quot;,&quot;title&quot;:&quot;&quot;,&quot;orientation&quot;:&quot;0&quot;}\" data-image-title=\"Brejos &amp;#8211; vue-maison &amp;#8211; 16\" data-image-description=\"\" data-image-caption=\"\" data-medium-file=\"https:\/\/espiritodacomporta.com\/app\/uploads\/2021\/11\/brejos-house-portrait-16-222x300.jpg\" data-large-file=\"https:\/\/espiritodacomporta.com\/app\/uploads\/2021\/11\/brejos-house-portrait-16.jpg\" \/>                                                    <img loading=\"lazy\" decoding=\"async\" width=\"1000\" height=\"521\" src=\"https:\/\/espiritodacomporta.com\/app\/uploads\/2021\/11\/brejos-house-landscape-8.jpg\" class=\" \" alt=\"\" srcset=\"https:\/\/espiritodacomporta.com\/app\/uploads\/2021\/11\/brejos-house-landscape-8.jpg 1000w, https:\/\/espiritodacomporta.com\/app\/uploads\/2021\/11\/brejos-house-landscape-8-300x156.jpg 300w, https:\/\/espiritodacomporta.com\/app\/uploads\/2021\/11\/brejos-house-landscape-8-768x400.jpg 768w\" sizes=\"auto, (max-width: 1000px) 100vw, 1000px\" data-attachment-id=\"24069\" data-permalink=\"https:\/\/espiritodacomporta.com\/fr\/nos-maisons\/casa-do-brejos\/brejos-house-landscape-8-2\/\" data-orig-file=\"https:\/\/espiritodacomporta.com\/app\/uploads\/2021\/11\/brejos-house-landscape-8.jpg\" data-orig-size=\"1000,521\" data-comments-opened=\"0\" data-image-meta=\"{&quot;aperture&quot;:&quot;0&quot;,&quot;credit&quot;:&quot;&quot;,&quot;camera&quot;:&quot;&quot;,&quot;caption&quot;:&quot;&quot;,&quot;created_timestamp&quot;:&quot;0&quot;,&quot;copyright&quot;:&quot;&quot;,&quot;focal_length&quot;:&quot;0&quot;,&quot;iso&quot;:&quot;0&quot;,&quot;shutter_speed&quot;:&quot;0&quot;,&quot;title&quot;:&quot;&quot;,&quot;orientation&quot;:&quot;0&quot;}\" data-image-title=\"brejos-maison-paysage-8\" data-image-description=\"\" data-image-caption=\"\" data-medium-file=\"https:\/\/espiritodacomporta.com\/app\/uploads\/2021\/11\/brejos-house-landscape-8-300x156.jpg\" data-large-file=\"https:\/\/espiritodacomporta.com\/app\/uploads\/2021\/11\/brejos-house-landscape-8.jpg\" \/>                                                    <img loading=\"lazy\" decoding=\"async\" width=\"667\" height=\"900\" src=\"https:\/\/espiritodacomporta.com\/app\/uploads\/2021\/11\/brejos-house-portrait-15.jpg\" class=\" \" alt=\"\" srcset=\"https:\/\/espiritodacomporta.com\/app\/uploads\/2021\/11\/brejos-house-portrait-15.jpg 667w, https:\/\/espiritodacomporta.com\/app\/uploads\/2021\/11\/brejos-house-portrait-15-222x300.jpg 222w\" sizes=\"auto, (max-width: 667px) 100vw, 667px\" data-attachment-id=\"24164\" data-permalink=\"https:\/\/espiritodacomporta.com\/fr\/nos-maisons\/casa-do-brejos\/brejos-house-portrait-15-2\/\" data-orig-file=\"https:\/\/espiritodacomporta.com\/app\/uploads\/2021\/11\/brejos-house-portrait-15.jpg\" data-orig-size=\"667,900\" data-comments-opened=\"0\" data-image-meta=\"{&quot;aperture&quot;:&quot;0&quot;,&quot;credit&quot;:&quot;&quot;,&quot;camera&quot;:&quot;&quot;,&quot;caption&quot;:&quot;&quot;,&quot;created_timestamp&quot;:&quot;0&quot;,&quot;copyright&quot;:&quot;&quot;,&quot;focal_length&quot;:&quot;0&quot;,&quot;iso&quot;:&quot;0&quot;,&quot;shutter_speed&quot;:&quot;0&quot;,&quot;title&quot;:&quot;&quot;,&quot;orientation&quot;:&quot;0&quot;}\" data-image-title=\"Brejos &amp;#8211; vue-maison &amp;#8211; 15\" data-image-description=\"\" data-image-caption=\"\" data-medium-file=\"https:\/\/espiritodacomporta.com\/app\/uploads\/2021\/11\/brejos-house-portrait-15-222x300.jpg\" data-large-file=\"https:\/\/espiritodacomporta.com\/app\/uploads\/2021\/11\/brejos-house-portrait-15.jpg\" \/>                                                    <img loading=\"lazy\" decoding=\"async\" width=\"667\" height=\"900\" src=\"https:\/\/espiritodacomporta.com\/app\/uploads\/2021\/11\/brejos-house-portrait-14.jpg\" class=\" \" alt=\"\" srcset=\"https:\/\/espiritodacomporta.com\/app\/uploads\/2021\/11\/brejos-house-portrait-14.jpg 667w, https:\/\/espiritodacomporta.com\/app\/uploads\/2021\/11\/brejos-house-portrait-14-222x300.jpg 222w\" sizes=\"auto, (max-width: 667px) 100vw, 667px\" data-attachment-id=\"24159\" data-permalink=\"https:\/\/espiritodacomporta.com\/fr\/nos-maisons\/casa-do-brejos\/brejos-house-portrait-14-2\/\" data-orig-file=\"https:\/\/espiritodacomporta.com\/app\/uploads\/2021\/11\/brejos-house-portrait-14.jpg\" data-orig-size=\"667,900\" data-comments-opened=\"0\" data-image-meta=\"{&quot;aperture&quot;:&quot;0&quot;,&quot;credit&quot;:&quot;&quot;,&quot;camera&quot;:&quot;&quot;,&quot;caption&quot;:&quot;&quot;,&quot;created_timestamp&quot;:&quot;0&quot;,&quot;copyright&quot;:&quot;&quot;,&quot;focal_length&quot;:&quot;0&quot;,&quot;iso&quot;:&quot;0&quot;,&quot;shutter_speed&quot;:&quot;0&quot;,&quot;title&quot;:&quot;&quot;,&quot;orientation&quot;:&quot;0&quot;}\" data-image-title=\"Brejos &amp;#8211; vue-maison &amp;#8211; 14\" data-image-description=\"\" data-image-caption=\"\" data-medium-file=\"https:\/\/espiritodacomporta.com\/app\/uploads\/2021\/11\/brejos-house-portrait-14-222x300.jpg\" data-large-file=\"https:\/\/espiritodacomporta.com\/app\/uploads\/2021\/11\/brejos-house-portrait-14.jpg\" \/>                                                    <img loading=\"lazy\" decoding=\"async\" width=\"1000\" height=\"521\" src=\"https:\/\/espiritodacomporta.com\/app\/uploads\/2021\/11\/brejos-house-landscape-7.jpg\" class=\" \" alt=\"\" srcset=\"https:\/\/espiritodacomporta.com\/app\/uploads\/2021\/11\/brejos-house-landscape-7.jpg 1000w, https:\/\/espiritodacomporta.com\/app\/uploads\/2021\/11\/brejos-house-landscape-7-300x156.jpg 300w, https:\/\/espiritodacomporta.com\/app\/uploads\/2021\/11\/brejos-house-landscape-7-768x400.jpg 768w\" sizes=\"auto, (max-width: 1000px) 100vw, 1000px\" data-attachment-id=\"24064\" data-permalink=\"https:\/\/espiritodacomporta.com\/fr\/nos-maisons\/casa-do-brejos\/brejos-house-landscape-7-2\/\" data-orig-file=\"https:\/\/espiritodacomporta.com\/app\/uploads\/2021\/11\/brejos-house-landscape-7.jpg\" data-orig-size=\"1000,521\" data-comments-opened=\"0\" data-image-meta=\"{&quot;aperture&quot;:&quot;0&quot;,&quot;credit&quot;:&quot;&quot;,&quot;camera&quot;:&quot;&quot;,&quot;caption&quot;:&quot;&quot;,&quot;created_timestamp&quot;:&quot;0&quot;,&quot;copyright&quot;:&quot;&quot;,&quot;focal_length&quot;:&quot;0&quot;,&quot;iso&quot;:&quot;0&quot;,&quot;shutter_speed&quot;:&quot;0&quot;,&quot;title&quot;:&quot;&quot;,&quot;orientation&quot;:&quot;0&quot;}\" data-image-title=\"brejos-maison-paysage-7\" data-image-description=\"\" data-image-caption=\"\" data-medium-file=\"https:\/\/espiritodacomporta.com\/app\/uploads\/2021\/11\/brejos-house-landscape-7-300x156.jpg\" data-large-file=\"https:\/\/espiritodacomporta.com\/app\/uploads\/2021\/11\/brejos-house-landscape-7.jpg\" \/>                                                    <img loading=\"lazy\" decoding=\"async\" width=\"667\" height=\"900\" src=\"https:\/\/espiritodacomporta.com\/app\/uploads\/2021\/11\/brejos-house-portrait-13.jpg\" class=\" \" alt=\"\" srcset=\"https:\/\/espiritodacomporta.com\/app\/uploads\/2021\/11\/brejos-house-portrait-13.jpg 667w, https:\/\/espiritodacomporta.com\/app\/uploads\/2021\/11\/brejos-house-portrait-13-222x300.jpg 222w\" sizes=\"auto, (max-width: 667px) 100vw, 667px\" data-attachment-id=\"24154\" data-permalink=\"https:\/\/espiritodacomporta.com\/fr\/nos-maisons\/casa-do-brejos\/brejos-house-portrait-13-2\/\" data-orig-file=\"https:\/\/espiritodacomporta.com\/app\/uploads\/2021\/11\/brejos-house-portrait-13.jpg\" data-orig-size=\"667,900\" data-comments-opened=\"0\" data-image-meta=\"{&quot;aperture&quot;:&quot;0&quot;,&quot;credit&quot;:&quot;&quot;,&quot;camera&quot;:&quot;&quot;,&quot;caption&quot;:&quot;&quot;,&quot;created_timestamp&quot;:&quot;0&quot;,&quot;copyright&quot;:&quot;&quot;,&quot;focal_length&quot;:&quot;0&quot;,&quot;iso&quot;:&quot;0&quot;,&quot;shutter_speed&quot;:&quot;0&quot;,&quot;title&quot;:&quot;&quot;,&quot;orientation&quot;:&quot;0&quot;}\" data-image-title=\"Brejos &amp;#8211; vue-maison &amp;#8211; 13\" data-image-description=\"\" data-image-caption=\"\" data-medium-file=\"https:\/\/espiritodacomporta.com\/app\/uploads\/2021\/11\/brejos-house-portrait-13-222x300.jpg\" data-large-file=\"https:\/\/espiritodacomporta.com\/app\/uploads\/2021\/11\/brejos-house-portrait-13.jpg\" \/>                                                    <img loading=\"lazy\" decoding=\"async\" width=\"667\" height=\"900\" src=\"https:\/\/espiritodacomporta.com\/app\/uploads\/2021\/11\/brejos-house-portrait-12.jpg\" class=\" \" alt=\"\" srcset=\"https:\/\/espiritodacomporta.com\/app\/uploads\/2021\/11\/brejos-house-portrait-12.jpg 667w, https:\/\/espiritodacomporta.com\/app\/uploads\/2021\/11\/brejos-house-portrait-12-222x300.jpg 222w\" sizes=\"auto, (max-width: 667px) 100vw, 667px\" data-attachment-id=\"24149\" data-permalink=\"https:\/\/espiritodacomporta.com\/fr\/nos-maisons\/casa-do-brejos\/brejos-house-portrait-12-2\/\" data-orig-file=\"https:\/\/espiritodacomporta.com\/app\/uploads\/2021\/11\/brejos-house-portrait-12.jpg\" data-orig-size=\"667,900\" data-comments-opened=\"0\" data-image-meta=\"{&quot;aperture&quot;:&quot;0&quot;,&quot;credit&quot;:&quot;&quot;,&quot;camera&quot;:&quot;&quot;,&quot;caption&quot;:&quot;&quot;,&quot;created_timestamp&quot;:&quot;0&quot;,&quot;copyright&quot;:&quot;&quot;,&quot;focal_length&quot;:&quot;0&quot;,&quot;iso&quot;:&quot;0&quot;,&quot;shutter_speed&quot;:&quot;0&quot;,&quot;title&quot;:&quot;&quot;,&quot;orientation&quot;:&quot;0&quot;}\" data-image-title=\"Brejos &amp;#8211; vue-maison &amp;#8211; 12\" data-image-description=\"\" data-image-caption=\"\" data-medium-file=\"https:\/\/espiritodacomporta.com\/app\/uploads\/2021\/11\/brejos-house-portrait-12-222x300.jpg\" data-large-file=\"https:\/\/espiritodacomporta.com\/app\/uploads\/2021\/11\/brejos-house-portrait-12.jpg\" \/>                                                    <img loading=\"lazy\" decoding=\"async\" width=\"1000\" height=\"521\" src=\"https:\/\/espiritodacomporta.com\/app\/uploads\/2021\/11\/brejos-house-landscape-6.jpg\" class=\" \" alt=\"\" srcset=\"https:\/\/espiritodacomporta.com\/app\/uploads\/2021\/11\/brejos-house-landscape-6.jpg 1000w, https:\/\/espiritodacomporta.com\/app\/uploads\/2021\/11\/brejos-house-landscape-6-300x156.jpg 300w, https:\/\/espiritodacomporta.com\/app\/uploads\/2021\/11\/brejos-house-landscape-6-768x400.jpg 768w\" sizes=\"auto, (max-width: 1000px) 100vw, 1000px\" data-attachment-id=\"24059\" data-permalink=\"https:\/\/espiritodacomporta.com\/fr\/nos-maisons\/casa-do-brejos\/brejos-house-landscape-6-2\/\" data-orig-file=\"https:\/\/espiritodacomporta.com\/app\/uploads\/2021\/11\/brejos-house-landscape-6.jpg\" data-orig-size=\"1000,521\" data-comments-opened=\"0\" data-image-meta=\"{&quot;aperture&quot;:&quot;0&quot;,&quot;credit&quot;:&quot;&quot;,&quot;camera&quot;:&quot;&quot;,&quot;caption&quot;:&quot;&quot;,&quot;created_timestamp&quot;:&quot;0&quot;,&quot;copyright&quot;:&quot;&quot;,&quot;focal_length&quot;:&quot;0&quot;,&quot;iso&quot;:&quot;0&quot;,&quot;shutter_speed&quot;:&quot;0&quot;,&quot;title&quot;:&quot;&quot;,&quot;orientation&quot;:&quot;0&quot;}\" data-image-title=\"brejos-maison-paysage-6\" data-image-description=\"\" data-image-caption=\"\" data-medium-file=\"https:\/\/espiritodacomporta.com\/app\/uploads\/2021\/11\/brejos-house-landscape-6-300x156.jpg\" data-large-file=\"https:\/\/espiritodacomporta.com\/app\/uploads\/2021\/11\/brejos-house-landscape-6.jpg\" \/>                                                    <img loading=\"lazy\" decoding=\"async\" width=\"667\" height=\"900\" src=\"https:\/\/espiritodacomporta.com\/app\/uploads\/2021\/11\/brejos-house-portrait-11.jpg\" class=\" \" alt=\"\" srcset=\"https:\/\/espiritodacomporta.com\/app\/uploads\/2021\/11\/brejos-house-portrait-11.jpg 667w, https:\/\/espiritodacomporta.com\/app\/uploads\/2021\/11\/brejos-house-portrait-11-222x300.jpg 222w\" sizes=\"auto, (max-width: 667px) 100vw, 667px\" data-attachment-id=\"24144\" data-permalink=\"https:\/\/espiritodacomporta.com\/fr\/nos-maisons\/casa-do-brejos\/brejos-house-portrait-11-2\/\" data-orig-file=\"https:\/\/espiritodacomporta.com\/app\/uploads\/2021\/11\/brejos-house-portrait-11.jpg\" data-orig-size=\"667,900\" data-comments-opened=\"0\" data-image-meta=\"{&quot;aperture&quot;:&quot;0&quot;,&quot;credit&quot;:&quot;&quot;,&quot;camera&quot;:&quot;&quot;,&quot;caption&quot;:&quot;&quot;,&quot;created_timestamp&quot;:&quot;0&quot;,&quot;copyright&quot;:&quot;&quot;,&quot;focal_length&quot;:&quot;0&quot;,&quot;iso&quot;:&quot;0&quot;,&quot;shutter_speed&quot;:&quot;0&quot;,&quot;title&quot;:&quot;&quot;,&quot;orientation&quot;:&quot;0&quot;}\" data-image-title=\"Brejos &amp;#8211; vue-maison &amp;#8211; 11\" data-image-description=\"\" data-image-caption=\"\" data-medium-file=\"https:\/\/espiritodacomporta.com\/app\/uploads\/2021\/11\/brejos-house-portrait-11-222x300.jpg\" data-large-file=\"https:\/\/espiritodacomporta.com\/app\/uploads\/2021\/11\/brejos-house-portrait-11.jpg\" \/>                                                    <img loading=\"lazy\" decoding=\"async\" width=\"667\" height=\"900\" src=\"https:\/\/espiritodacomporta.com\/app\/uploads\/2021\/11\/brejos-house-portrait-10.jpg\" class=\" \" alt=\"\" srcset=\"https:\/\/espiritodacomporta.com\/app\/uploads\/2021\/11\/brejos-house-portrait-10.jpg 667w, https:\/\/espiritodacomporta.com\/app\/uploads\/2021\/11\/brejos-house-portrait-10-222x300.jpg 222w\" sizes=\"auto, (max-width: 667px) 100vw, 667px\" data-attachment-id=\"24139\" data-permalink=\"https:\/\/espiritodacomporta.com\/fr\/nos-maisons\/casa-do-brejos\/brejos-house-portrait-10-2\/\" data-orig-file=\"https:\/\/espiritodacomporta.com\/app\/uploads\/2021\/11\/brejos-house-portrait-10.jpg\" data-orig-size=\"667,900\" data-comments-opened=\"0\" data-image-meta=\"{&quot;aperture&quot;:&quot;0&quot;,&quot;credit&quot;:&quot;&quot;,&quot;camera&quot;:&quot;&quot;,&quot;caption&quot;:&quot;&quot;,&quot;created_timestamp&quot;:&quot;0&quot;,&quot;copyright&quot;:&quot;&quot;,&quot;focal_length&quot;:&quot;0&quot;,&quot;iso&quot;:&quot;0&quot;,&quot;shutter_speed&quot;:&quot;0&quot;,&quot;title&quot;:&quot;&quot;,&quot;orientation&quot;:&quot;0&quot;}\" data-image-title=\"Brejos &amp;#8211; vue-maison &amp;#8211; 10\" data-image-description=\"\" data-image-caption=\"\" data-medium-file=\"https:\/\/espiritodacomporta.com\/app\/uploads\/2021\/11\/brejos-house-portrait-10-222x300.jpg\" data-large-file=\"https:\/\/espiritodacomporta.com\/app\/uploads\/2021\/11\/brejos-house-portrait-10.jpg\" \/>                                                    <img loading=\"lazy\" decoding=\"async\" width=\"1000\" height=\"521\" src=\"https:\/\/espiritodacomporta.com\/app\/uploads\/2021\/11\/brejos-house-landscape-5.jpg\" class=\" \" alt=\"\" srcset=\"https:\/\/espiritodacomporta.com\/app\/uploads\/2021\/11\/brejos-house-landscape-5.jpg 1000w, https:\/\/espiritodacomporta.com\/app\/uploads\/2021\/11\/brejos-house-landscape-5-300x156.jpg 300w, https:\/\/espiritodacomporta.com\/app\/uploads\/2021\/11\/brejos-house-landscape-5-768x400.jpg 768w\" sizes=\"auto, (max-width: 1000px) 100vw, 1000px\" data-attachment-id=\"24054\" data-permalink=\"https:\/\/espiritodacomporta.com\/fr\/nos-maisons\/casa-do-brejos\/brejos-house-landscape-5-2\/\" data-orig-file=\"https:\/\/espiritodacomporta.com\/app\/uploads\/2021\/11\/brejos-house-landscape-5.jpg\" data-orig-size=\"1000,521\" data-comments-opened=\"0\" data-image-meta=\"{&quot;aperture&quot;:&quot;0&quot;,&quot;credit&quot;:&quot;&quot;,&quot;camera&quot;:&quot;&quot;,&quot;caption&quot;:&quot;&quot;,&quot;created_timestamp&quot;:&quot;0&quot;,&quot;copyright&quot;:&quot;&quot;,&quot;focal_length&quot;:&quot;0&quot;,&quot;iso&quot;:&quot;0&quot;,&quot;shutter_speed&quot;:&quot;0&quot;,&quot;title&quot;:&quot;&quot;,&quot;orientation&quot;:&quot;0&quot;}\" data-image-title=\"brejos-maison-paysage-5\" data-image-description=\"\" data-image-caption=\"\" data-medium-file=\"https:\/\/espiritodacomporta.com\/app\/uploads\/2021\/11\/brejos-house-landscape-5-300x156.jpg\" data-large-file=\"https:\/\/espiritodacomporta.com\/app\/uploads\/2021\/11\/brejos-house-landscape-5.jpg\" \/>                                                    <img loading=\"lazy\" decoding=\"async\" width=\"667\" height=\"900\" src=\"https:\/\/espiritodacomporta.com\/app\/uploads\/2021\/11\/brejos-house-portrait-9.jpg\" class=\" \" alt=\"\" srcset=\"https:\/\/espiritodacomporta.com\/app\/uploads\/2021\/11\/brejos-house-portrait-9.jpg 667w, https:\/\/espiritodacomporta.com\/app\/uploads\/2021\/11\/brejos-house-portrait-9-222x300.jpg 222w\" sizes=\"auto, (max-width: 667px) 100vw, 667px\" data-attachment-id=\"24134\" data-permalink=\"https:\/\/espiritodacomporta.com\/fr\/nos-maisons\/casa-do-brejos\/brejos-house-portrait-9-2\/\" data-orig-file=\"https:\/\/espiritodacomporta.com\/app\/uploads\/2021\/11\/brejos-house-portrait-9.jpg\" data-orig-size=\"667,900\" data-comments-opened=\"0\" data-image-meta=\"{&quot;aperture&quot;:&quot;0&quot;,&quot;credit&quot;:&quot;&quot;,&quot;camera&quot;:&quot;&quot;,&quot;caption&quot;:&quot;&quot;,&quot;created_timestamp&quot;:&quot;0&quot;,&quot;copyright&quot;:&quot;&quot;,&quot;focal_length&quot;:&quot;0&quot;,&quot;iso&quot;:&quot;0&quot;,&quot;shutter_speed&quot;:&quot;0&quot;,&quot;title&quot;:&quot;&quot;,&quot;orientation&quot;:&quot;0&quot;}\" data-image-title=\"Brejos &amp;#8211; vue-maison &amp;#8211; 9\" data-image-description=\"\" data-image-caption=\"\" data-medium-file=\"https:\/\/espiritodacomporta.com\/app\/uploads\/2021\/11\/brejos-house-portrait-9-222x300.jpg\" data-large-file=\"https:\/\/espiritodacomporta.com\/app\/uploads\/2021\/11\/brejos-house-portrait-9.jpg\" \/>                                                    <img loading=\"lazy\" decoding=\"async\" width=\"667\" height=\"900\" src=\"https:\/\/espiritodacomporta.com\/app\/uploads\/2021\/11\/brejos-house-portrait-8.jpg\" class=\" \" alt=\"\" srcset=\"https:\/\/espiritodacomporta.com\/app\/uploads\/2021\/11\/brejos-house-portrait-8.jpg 667w, https:\/\/espiritodacomporta.com\/app\/uploads\/2021\/11\/brejos-house-portrait-8-222x300.jpg 222w\" sizes=\"auto, (max-width: 667px) 100vw, 667px\" data-attachment-id=\"24129\" data-permalink=\"https:\/\/espiritodacomporta.com\/fr\/nos-maisons\/casa-do-brejos\/brejos-house-portrait-8-2\/\" data-orig-file=\"https:\/\/espiritodacomporta.com\/app\/uploads\/2021\/11\/brejos-house-portrait-8.jpg\" data-orig-size=\"667,900\" data-comments-opened=\"0\" data-image-meta=\"{&quot;aperture&quot;:&quot;0&quot;,&quot;credit&quot;:&quot;&quot;,&quot;camera&quot;:&quot;&quot;,&quot;caption&quot;:&quot;&quot;,&quot;created_timestamp&quot;:&quot;0&quot;,&quot;copyright&quot;:&quot;&quot;,&quot;focal_length&quot;:&quot;0&quot;,&quot;iso&quot;:&quot;0&quot;,&quot;shutter_speed&quot;:&quot;0&quot;,&quot;title&quot;:&quot;&quot;,&quot;orientation&quot;:&quot;0&quot;}\" data-image-title=\"Brejos &amp;#8211; vue-maison &amp;#8211; 8\" data-image-description=\"\" data-image-caption=\"\" data-medium-file=\"https:\/\/espiritodacomporta.com\/app\/uploads\/2021\/11\/brejos-house-portrait-8-222x300.jpg\" data-large-file=\"https:\/\/espiritodacomporta.com\/app\/uploads\/2021\/11\/brejos-house-portrait-8.jpg\" \/>                                                    <img loading=\"lazy\" decoding=\"async\" width=\"1000\" height=\"521\" src=\"https:\/\/espiritodacomporta.com\/app\/uploads\/2021\/11\/brejos-house-landscape-4.jpg\" class=\" \" alt=\"\" srcset=\"https:\/\/espiritodacomporta.com\/app\/uploads\/2021\/11\/brejos-house-landscape-4.jpg 1000w, https:\/\/espiritodacomporta.com\/app\/uploads\/2021\/11\/brejos-house-landscape-4-300x156.jpg 300w, https:\/\/espiritodacomporta.com\/app\/uploads\/2021\/11\/brejos-house-landscape-4-768x400.jpg 768w\" sizes=\"auto, (max-width: 1000px) 100vw, 1000px\" data-attachment-id=\"24049\" data-permalink=\"https:\/\/espiritodacomporta.com\/fr\/nos-maisons\/casa-do-brejos\/brejos-house-landscape-4-2\/\" data-orig-file=\"https:\/\/espiritodacomporta.com\/app\/uploads\/2021\/11\/brejos-house-landscape-4.jpg\" data-orig-size=\"1000,521\" data-comments-opened=\"0\" data-image-meta=\"{&quot;aperture&quot;:&quot;0&quot;,&quot;credit&quot;:&quot;&quot;,&quot;camera&quot;:&quot;&quot;,&quot;caption&quot;:&quot;&quot;,&quot;created_timestamp&quot;:&quot;0&quot;,&quot;copyright&quot;:&quot;&quot;,&quot;focal_length&quot;:&quot;0&quot;,&quot;iso&quot;:&quot;0&quot;,&quot;shutter_speed&quot;:&quot;0&quot;,&quot;title&quot;:&quot;&quot;,&quot;orientation&quot;:&quot;0&quot;}\" data-image-title=\"brejos-maison-paysage-4\" data-image-description=\"\" data-image-caption=\"\" data-medium-file=\"https:\/\/espiritodacomporta.com\/app\/uploads\/2021\/11\/brejos-house-landscape-4-300x156.jpg\" data-large-file=\"https:\/\/espiritodacomporta.com\/app\/uploads\/2021\/11\/brejos-house-landscape-4.jpg\" \/>                                                    <img loading=\"lazy\" decoding=\"async\" width=\"667\" height=\"900\" src=\"https:\/\/espiritodacomporta.com\/app\/uploads\/2021\/11\/brejos-house-portrait-7.jpg\" class=\" \" alt=\"\" srcset=\"https:\/\/espiritodacomporta.com\/app\/uploads\/2021\/11\/brejos-house-portrait-7.jpg 667w, https:\/\/espiritodacomporta.com\/app\/uploads\/2021\/11\/brejos-house-portrait-7-222x300.jpg 222w\" sizes=\"auto, (max-width: 667px) 100vw, 667px\" data-attachment-id=\"24124\" data-permalink=\"https:\/\/espiritodacomporta.com\/fr\/nos-maisons\/casa-do-brejos\/brejos-house-portrait-7-2\/\" data-orig-file=\"https:\/\/espiritodacomporta.com\/app\/uploads\/2021\/11\/brejos-house-portrait-7.jpg\" data-orig-size=\"667,900\" data-comments-opened=\"0\" data-image-meta=\"{&quot;aperture&quot;:&quot;0&quot;,&quot;credit&quot;:&quot;&quot;,&quot;camera&quot;:&quot;&quot;,&quot;caption&quot;:&quot;&quot;,&quot;created_timestamp&quot;:&quot;0&quot;,&quot;copyright&quot;:&quot;&quot;,&quot;focal_length&quot;:&quot;0&quot;,&quot;iso&quot;:&quot;0&quot;,&quot;shutter_speed&quot;:&quot;0&quot;,&quot;title&quot;:&quot;&quot;,&quot;orientation&quot;:&quot;0&quot;}\" data-image-title=\"Brejos &amp;#8211; vue-maison -7\" data-image-description=\"\" data-image-caption=\"\" data-medium-file=\"https:\/\/espiritodacomporta.com\/app\/uploads\/2021\/11\/brejos-house-portrait-7-222x300.jpg\" data-large-file=\"https:\/\/espiritodacomporta.com\/app\/uploads\/2021\/11\/brejos-house-portrait-7.jpg\" \/>                                                    <img loading=\"lazy\" decoding=\"async\" width=\"667\" height=\"900\" src=\"https:\/\/espiritodacomporta.com\/app\/uploads\/2021\/11\/brejos-house-portrait-6.jpg\" class=\" \" alt=\"\" srcset=\"https:\/\/espiritodacomporta.com\/app\/uploads\/2021\/11\/brejos-house-portrait-6.jpg 667w, https:\/\/espiritodacomporta.com\/app\/uploads\/2021\/11\/brejos-house-portrait-6-222x300.jpg 222w\" sizes=\"auto, (max-width: 667px) 100vw, 667px\" data-attachment-id=\"24119\" data-permalink=\"https:\/\/espiritodacomporta.com\/fr\/nos-maisons\/casa-do-brejos\/brejos-house-portrait-6-2\/\" data-orig-file=\"https:\/\/espiritodacomporta.com\/app\/uploads\/2021\/11\/brejos-house-portrait-6.jpg\" data-orig-size=\"667,900\" data-comments-opened=\"0\" data-image-meta=\"{&quot;aperture&quot;:&quot;0&quot;,&quot;credit&quot;:&quot;&quot;,&quot;camera&quot;:&quot;&quot;,&quot;caption&quot;:&quot;&quot;,&quot;created_timestamp&quot;:&quot;0&quot;,&quot;copyright&quot;:&quot;&quot;,&quot;focal_length&quot;:&quot;0&quot;,&quot;iso&quot;:&quot;0&quot;,&quot;shutter_speed&quot;:&quot;0&quot;,&quot;title&quot;:&quot;&quot;,&quot;orientation&quot;:&quot;0&quot;}\" data-image-title=\"Brejos &amp;#8211; vue-maison -6\" data-image-description=\"\" data-image-caption=\"\" data-medium-file=\"https:\/\/espiritodacomporta.com\/app\/uploads\/2021\/11\/brejos-house-portrait-6-222x300.jpg\" data-large-file=\"https:\/\/espiritodacomporta.com\/app\/uploads\/2021\/11\/brejos-house-portrait-6.jpg\" \/>                                                    <img loading=\"lazy\" decoding=\"async\" width=\"1000\" height=\"522\" src=\"https:\/\/espiritodacomporta.com\/app\/uploads\/2021\/11\/brejos-house-landscape-3.jpg\" class=\" \" alt=\"\" srcset=\"https:\/\/espiritodacomporta.com\/app\/uploads\/2021\/11\/brejos-house-landscape-3.jpg 1000w, https:\/\/espiritodacomporta.com\/app\/uploads\/2021\/11\/brejos-house-landscape-3-300x157.jpg 300w, https:\/\/espiritodacomporta.com\/app\/uploads\/2021\/11\/brejos-house-landscape-3-768x401.jpg 768w\" sizes=\"auto, (max-width: 1000px) 100vw, 1000px\" data-attachment-id=\"24044\" data-permalink=\"https:\/\/espiritodacomporta.com\/fr\/nos-maisons\/casa-do-brejos\/brejos-house-landscape-3-2\/\" data-orig-file=\"https:\/\/espiritodacomporta.com\/app\/uploads\/2021\/11\/brejos-house-landscape-3.jpg\" data-orig-size=\"1000,522\" data-comments-opened=\"0\" data-image-meta=\"{&quot;aperture&quot;:&quot;0&quot;,&quot;credit&quot;:&quot;&quot;,&quot;camera&quot;:&quot;&quot;,&quot;caption&quot;:&quot;&quot;,&quot;created_timestamp&quot;:&quot;0&quot;,&quot;copyright&quot;:&quot;&quot;,&quot;focal_length&quot;:&quot;0&quot;,&quot;iso&quot;:&quot;0&quot;,&quot;shutter_speed&quot;:&quot;0&quot;,&quot;title&quot;:&quot;&quot;,&quot;orientation&quot;:&quot;0&quot;}\" data-image-title=\"brejos-maison-paysage-3\" data-image-description=\"\" data-image-caption=\"\" data-medium-file=\"https:\/\/espiritodacomporta.com\/app\/uploads\/2021\/11\/brejos-house-landscape-3-300x157.jpg\" data-large-file=\"https:\/\/espiritodacomporta.com\/app\/uploads\/2021\/11\/brejos-house-landscape-3.jpg\" \/>                                                    <img loading=\"lazy\" decoding=\"async\" width=\"667\" height=\"900\" src=\"https:\/\/espiritodacomporta.com\/app\/uploads\/2021\/11\/brejos-house-portrait-5.jpg\" class=\" \" alt=\"\" srcset=\"https:\/\/espiritodacomporta.com\/app\/uploads\/2021\/11\/brejos-house-portrait-5.jpg 667w, https:\/\/espiritodacomporta.com\/app\/uploads\/2021\/11\/brejos-house-portrait-5-222x300.jpg 222w\" sizes=\"auto, (max-width: 667px) 100vw, 667px\" data-attachment-id=\"24114\" data-permalink=\"https:\/\/espiritodacomporta.com\/fr\/nos-maisons\/casa-do-brejos\/brejos-house-portrait-5-2\/\" data-orig-file=\"https:\/\/espiritodacomporta.com\/app\/uploads\/2021\/11\/brejos-house-portrait-5.jpg\" data-orig-size=\"667,900\" data-comments-opened=\"0\" data-image-meta=\"{&quot;aperture&quot;:&quot;0&quot;,&quot;credit&quot;:&quot;&quot;,&quot;camera&quot;:&quot;&quot;,&quot;caption&quot;:&quot;&quot;,&quot;created_timestamp&quot;:&quot;0&quot;,&quot;copyright&quot;:&quot;&quot;,&quot;focal_length&quot;:&quot;0&quot;,&quot;iso&quot;:&quot;0&quot;,&quot;shutter_speed&quot;:&quot;0&quot;,&quot;title&quot;:&quot;&quot;,&quot;orientation&quot;:&quot;0&quot;}\" data-image-title=\"Brejos &amp;#8211; vue-maison -5\" data-image-description=\"\" data-image-caption=\"\" data-medium-file=\"https:\/\/espiritodacomporta.com\/app\/uploads\/2021\/11\/brejos-house-portrait-5-222x300.jpg\" data-large-file=\"https:\/\/espiritodacomporta.com\/app\/uploads\/2021\/11\/brejos-house-portrait-5.jpg\" \/>                                                    <img loading=\"lazy\" decoding=\"async\" width=\"667\" height=\"900\" src=\"https:\/\/espiritodacomporta.com\/app\/uploads\/2021\/11\/brejos-house-portrait-4.jpg\" class=\" \" alt=\"\" srcset=\"https:\/\/espiritodacomporta.com\/app\/uploads\/2021\/11\/brejos-house-portrait-4.jpg 667w, https:\/\/espiritodacomporta.com\/app\/uploads\/2021\/11\/brejos-house-portrait-4-222x300.jpg 222w\" sizes=\"auto, (max-width: 667px) 100vw, 667px\" data-attachment-id=\"24109\" data-permalink=\"https:\/\/espiritodacomporta.com\/fr\/nos-maisons\/casa-do-brejos\/brejos-house-portrait-4-2\/\" data-orig-file=\"https:\/\/espiritodacomporta.com\/app\/uploads\/2021\/11\/brejos-house-portrait-4.jpg\" data-orig-size=\"667,900\" data-comments-opened=\"0\" data-image-meta=\"{&quot;aperture&quot;:&quot;1.6&quot;,&quot;credit&quot;:&quot;&quot;,&quot;camera&quot;:&quot;iPhone 12&quot;,&quot;caption&quot;:&quot;&quot;,&quot;created_timestamp&quot;:&quot;1630742826&quot;,&quot;copyright&quot;:&quot;&quot;,&quot;focal_length&quot;:&quot;4.2&quot;,&quot;iso&quot;:&quot;32&quot;,&quot;shutter_speed&quot;:&quot;0.00041666666666667&quot;,&quot;title&quot;:&quot;&quot;,&quot;orientation&quot;:&quot;0&quot;}\" data-image-title=\"Brejos &amp;#8211; vue-maison -4\" data-image-description=\"\" data-image-caption=\"\" data-medium-file=\"https:\/\/espiritodacomporta.com\/app\/uploads\/2021\/11\/brejos-house-portrait-4-222x300.jpg\" data-large-file=\"https:\/\/espiritodacomporta.com\/app\/uploads\/2021\/11\/brejos-house-portrait-4.jpg\" \/>                                                    <img loading=\"lazy\" decoding=\"async\" width=\"1000\" height=\"521\" src=\"https:\/\/espiritodacomporta.com\/app\/uploads\/2021\/11\/brejos-house-landscape-2.jpg\" class=\" \" alt=\"\" srcset=\"https:\/\/espiritodacomporta.com\/app\/uploads\/2021\/11\/brejos-house-landscape-2.jpg 1000w, https:\/\/espiritodacomporta.com\/app\/uploads\/2021\/11\/brejos-house-landscape-2-300x156.jpg 300w, https:\/\/espiritodacomporta.com\/app\/uploads\/2021\/11\/brejos-house-landscape-2-768x400.jpg 768w\" sizes=\"auto, (max-width: 1000px) 100vw, 1000px\" data-attachment-id=\"24039\" data-permalink=\"https:\/\/espiritodacomporta.com\/fr\/nos-maisons\/casa-do-brejos\/brejos-house-landscape-2-2\/\" data-orig-file=\"https:\/\/espiritodacomporta.com\/app\/uploads\/2021\/11\/brejos-house-landscape-2.jpg\" data-orig-size=\"1000,521\" data-comments-opened=\"0\" data-image-meta=\"{&quot;aperture&quot;:&quot;1.6&quot;,&quot;credit&quot;:&quot;&quot;,&quot;camera&quot;:&quot;iPhone 12&quot;,&quot;caption&quot;:&quot;&quot;,&quot;created_timestamp&quot;:&quot;1630742428&quot;,&quot;copyright&quot;:&quot;&quot;,&quot;focal_length&quot;:&quot;4.2&quot;,&quot;iso&quot;:&quot;32&quot;,&quot;shutter_speed&quot;:&quot;0.0083333333333333&quot;,&quot;title&quot;:&quot;&quot;,&quot;orientation&quot;:&quot;0&quot;}\" data-image-title=\"brejos-maison-paysage-2\" data-image-description=\"\" data-image-caption=\"\" data-medium-file=\"https:\/\/espiritodacomporta.com\/app\/uploads\/2021\/11\/brejos-house-landscape-2-300x156.jpg\" data-large-file=\"https:\/\/espiritodacomporta.com\/app\/uploads\/2021\/11\/brejos-house-landscape-2.jpg\" \/>                                                    <img loading=\"lazy\" decoding=\"async\" width=\"667\" height=\"900\" src=\"https:\/\/espiritodacomporta.com\/app\/uploads\/2021\/11\/brejos-house-portrait-3.jpg\" class=\" \" alt=\"\" srcset=\"https:\/\/espiritodacomporta.com\/app\/uploads\/2021\/11\/brejos-house-portrait-3.jpg 667w, https:\/\/espiritodacomporta.com\/app\/uploads\/2021\/11\/brejos-house-portrait-3-222x300.jpg 222w\" sizes=\"auto, (max-width: 667px) 100vw, 667px\" data-attachment-id=\"24104\" data-permalink=\"https:\/\/espiritodacomporta.com\/fr\/nos-maisons\/casa-do-brejos\/brejos-house-portrait-3-2\/\" data-orig-file=\"https:\/\/espiritodacomporta.com\/app\/uploads\/2021\/11\/brejos-house-portrait-3.jpg\" data-orig-size=\"667,900\" data-comments-opened=\"0\" data-image-meta=\"{&quot;aperture&quot;:&quot;1.6&quot;,&quot;credit&quot;:&quot;&quot;,&quot;camera&quot;:&quot;iPhone 12&quot;,&quot;caption&quot;:&quot;&quot;,&quot;created_timestamp&quot;:&quot;1630742534&quot;,&quot;copyright&quot;:&quot;&quot;,&quot;focal_length&quot;:&quot;4.2&quot;,&quot;iso&quot;:&quot;32&quot;,&quot;shutter_speed&quot;:&quot;0.00625&quot;,&quot;title&quot;:&quot;&quot;,&quot;orientation&quot;:&quot;0&quot;}\" data-image-title=\"Brejos &amp;#8211; vue-maison -3\" data-image-description=\"\" data-image-caption=\"\" data-medium-file=\"https:\/\/espiritodacomporta.com\/app\/uploads\/2021\/11\/brejos-house-portrait-3-222x300.jpg\" data-large-file=\"https:\/\/espiritodacomporta.com\/app\/uploads\/2021\/11\/brejos-house-portrait-3.jpg\" \/>                                                    <img loading=\"lazy\" decoding=\"async\" width=\"667\" height=\"900\" src=\"https:\/\/espiritodacomporta.com\/app\/uploads\/2021\/11\/brejos-house-portrait-2.jpg\" class=\" \" alt=\"\" srcset=\"https:\/\/espiritodacomporta.com\/app\/uploads\/2021\/11\/brejos-house-portrait-2.jpg 667w, https:\/\/espiritodacomporta.com\/app\/uploads\/2021\/11\/brejos-house-portrait-2-222x300.jpg 222w\" sizes=\"auto, (max-width: 667px) 100vw, 667px\" data-attachment-id=\"24099\" data-permalink=\"https:\/\/espiritodacomporta.com\/fr\/nos-maisons\/casa-do-brejos\/brejos-house-portrait-2-2\/\" data-orig-file=\"https:\/\/espiritodacomporta.com\/app\/uploads\/2021\/11\/brejos-house-portrait-2.jpg\" data-orig-size=\"667,900\" data-comments-opened=\"0\" data-image-meta=\"{&quot;aperture&quot;:&quot;1.6&quot;,&quot;credit&quot;:&quot;&quot;,&quot;camera&quot;:&quot;iPhone 12&quot;,&quot;caption&quot;:&quot;&quot;,&quot;created_timestamp&quot;:&quot;1630742439&quot;,&quot;copyright&quot;:&quot;&quot;,&quot;focal_length&quot;:&quot;4.2&quot;,&quot;iso&quot;:&quot;32&quot;,&quot;shutter_speed&quot;:&quot;0.0071428571428571&quot;,&quot;title&quot;:&quot;&quot;,&quot;orientation&quot;:&quot;0&quot;}\" data-image-title=\"Brejos &amp;#8211; vue-maison &amp;#8211; 2\" data-image-description=\"\" data-image-caption=\"\" data-medium-file=\"https:\/\/espiritodacomporta.com\/app\/uploads\/2021\/11\/brejos-house-portrait-2-222x300.jpg\" data-large-file=\"https:\/\/espiritodacomporta.com\/app\/uploads\/2021\/11\/brejos-house-portrait-2.jpg\" \/>                        \n                    <\/div>\n                    \n                \n                <div class=\"house-space-features wcc\">\n\n                                            <ul class=\"features-tabs\" id=\"house-space-features-tabs-0\" data-tabs>\n                                                                                        <li class=\"tabs-title is-active\">\n                                    <a href=\"#feature-tab-0-0\" class=\"button\"\n                                        aria-selected=&quot;true&quot;>\n                                        Les essentiels\n                                    <\/a>\n                                <\/li>\n                                                                                            <li class=\"tabs-title \">\n                                    <a href=\"#feature-tab-0-1\" class=\"button\"\n                                        >\n                                        Chambres et salles de bains\n                                    <\/a>\n                                <\/li>\n                                                                                            <li class=\"tabs-title \">\n                                    <a href=\"#feature-tab-0-2\" class=\"button\"\n                                        >\n                                        Services\n                                    <\/a>\n                                <\/li>\n                                                                                            <li class=\"tabs-title \">\n                                    <a href=\"#feature-tab-0-3\" class=\"button\"\n                                        >\n                                        Cuisine\n                                    <\/a>\n                                <\/li>\n                                                                                            <li class=\"tabs-title \">\n                                    <a href=\"#feature-tab-0-4\" class=\"button\"\n                                        >\n                                        \u00c9quipements\n                                    <\/a>\n                                <\/li>\n                                                                                            <li class=\"tabs-title \">\n                                    <a href=\"#feature-tab-0-5\" class=\"button\"\n                                        >\n                                        Ext\u00e9rieur\n                                    <\/a>\n                                <\/li>\n                                                                                    <\/ul>\n\n                        <div data-tabs-content=\"house-space-features-tabs-0\">\n                                                                                        <div id=\"feature-tab-0-0\"\n                                    class=\"tabs-panel is-active\">\n                                                                            <ul class=\"features\">\n                                                                                            <li>\n                                                    <img loading=\"lazy\" decoding=\"async\" width=\"85\" height=\"85\" src=\"https:\/\/espiritodacomporta.com\/app\/uploads\/2019\/07\/swimming-pool.svg\" class=\"attachment-full size-full\" alt=\"\" data-attachment-id=\"2104\" data-permalink=\"https:\/\/espiritodacomporta.com\/fr\/nos-maisons\/campo-de-arroz\/swimming-pool-2\/\" data-orig-file=\"https:\/\/espiritodacomporta.com\/app\/uploads\/2019\/07\/swimming-pool.svg\" data-orig-size=\"85,85\" data-comments-opened=\"0\" data-image-meta=\"[]\" data-image-title=\"swimming-pool\" data-image-description=\"\" data-image-caption=\"\" data-medium-file=\"https:\/\/espiritodacomporta.com\/app\/uploads\/2019\/07\/swimming-pool.svg\" data-large-file=\"https:\/\/espiritodacomporta.com\/app\/uploads\/2019\/07\/swimming-pool.svg\" \/>\n                                                    <b>Piscine \u00e0 d\u00e9bordement<\/b>\n                                                    \n                                                <\/li>\n                                                                                            <li>\n                                                    <img loading=\"lazy\" decoding=\"async\" width=\"85\" height=\"85\" src=\"https:\/\/espiritodacomporta.com\/app\/uploads\/2021\/11\/Garden-View.svg\" class=\"attachment-full size-full\" alt=\"\" data-attachment-id=\"23386\" data-permalink=\"https:\/\/espiritodacomporta.com\/fr\/nos-maisons\/campo-de-arroz\/garden-view-2\/\" data-orig-file=\"https:\/\/espiritodacomporta.com\/app\/uploads\/2021\/11\/Garden-View.svg\" data-orig-size=\"0,0\" data-comments-opened=\"0\" data-image-meta=\"[]\" data-image-title=\"Garden-View\" data-image-description=\"\" data-image-caption=\"\" data-medium-file=\"https:\/\/espiritodacomporta.com\/app\/uploads\/2021\/11\/Garden-View.svg\" data-large-file=\"https:\/\/espiritodacomporta.com\/app\/uploads\/2021\/11\/Garden-View.svg\" \/>\n                                                    <b>Jardin paysag\u00e9<\/b>\n                                                    \n                                                <\/li>\n                                                                                            <li>\n                                                    <img loading=\"lazy\" decoding=\"async\" width=\"85\" height=\"85\" src=\"https:\/\/espiritodacomporta.com\/app\/uploads\/2021\/11\/lounge-area.svg\" class=\"attachment-full size-full\" alt=\"\" data-attachment-id=\"24319\" data-permalink=\"https:\/\/espiritodacomporta.com\/fr\/?attachment_id=24319\" data-orig-file=\"https:\/\/espiritodacomporta.com\/app\/uploads\/2021\/11\/lounge-area.svg\" data-orig-size=\"0,0\" data-comments-opened=\"0\" data-image-meta=\"[]\" data-image-title=\"Coin salon\" data-image-description=\"\" data-image-caption=\"\" data-medium-file=\"https:\/\/espiritodacomporta.com\/app\/uploads\/2021\/11\/lounge-area.svg\" data-large-file=\"https:\/\/espiritodacomporta.com\/app\/uploads\/2021\/11\/lounge-area.svg\" \/>\n                                                    <b>Vaste coin salon<\/b>\n                                                    \n                                                <\/li>\n                                                                                            <li>\n                                                    <img loading=\"lazy\" decoding=\"async\" width=\"85\" height=\"85\" src=\"https:\/\/espiritodacomporta.com\/app\/uploads\/2019\/09\/View-nature.svg\" class=\"attachment-full size-full\" alt=\"\" data-attachment-id=\"4452\" data-permalink=\"https:\/\/espiritodacomporta.com\/fr\/nos-maisons\/campo-de-arroz\/view-nature\/\" data-orig-file=\"https:\/\/espiritodacomporta.com\/app\/uploads\/2019\/09\/View-nature.svg\" data-orig-size=\"85,85\" data-comments-opened=\"0\" data-image-meta=\"[]\" data-image-title=\"View-nature\" data-image-description=\"\" data-image-caption=\"\" data-medium-file=\"https:\/\/espiritodacomporta.com\/app\/uploads\/2019\/09\/View-nature.svg\" data-large-file=\"https:\/\/espiritodacomporta.com\/app\/uploads\/2019\/09\/View-nature.svg\" \/>\n                                                    <b>Terrain de p\u00e9tanque ext\u00e9rieur<\/b>\n                                                    \n                                                <\/li>\n                                                                                    <\/ul>\n                                                                                                        <\/div>\n                                                                                            <div id=\"feature-tab-0-1\"\n                                    class=\"tabs-panel \">\n                                                                            <ul class=\"features\">\n                                                                                            <li>\n                                                    <img loading=\"lazy\" decoding=\"async\" width=\"90\" height=\"85\" src=\"https:\/\/espiritodacomporta.com\/app\/uploads\/2019\/07\/king-bed.svg\" class=\"attachment-full size-full\" alt=\"\" data-attachment-id=\"2059\" data-permalink=\"https:\/\/espiritodacomporta.com\/fr\/nos-maisons\/campo-de-arroz\/king-bed-2\/\" data-orig-file=\"https:\/\/espiritodacomporta.com\/app\/uploads\/2019\/07\/king-bed.svg\" data-orig-size=\"90,85\" data-comments-opened=\"0\" data-image-meta=\"[]\" data-image-title=\"king-bed\" data-image-description=\"\" data-image-caption=\"\" data-medium-file=\"https:\/\/espiritodacomporta.com\/app\/uploads\/2019\/07\/king-bed.svg\" data-large-file=\"https:\/\/espiritodacomporta.com\/app\/uploads\/2019\/07\/king-bed.svg\" \/>\n                                                    <b>6 chambres<\/b>\n                                                    6 lits &quot;King Size&quot;\n                                                <\/li>\n                                                                                            <li>\n                                                    <img loading=\"lazy\" decoding=\"async\" width=\"82\" height=\"85\" src=\"https:\/\/espiritodacomporta.com\/app\/uploads\/2019\/07\/bathroom.svg\" class=\"attachment-full size-full\" alt=\"\" data-attachment-id=\"2065\" data-permalink=\"https:\/\/espiritodacomporta.com\/fr\/nos-maisons\/campo-de-arroz\/bathroom-2\/\" data-orig-file=\"https:\/\/espiritodacomporta.com\/app\/uploads\/2019\/07\/bathroom.svg\" data-orig-size=\"82,85\" data-comments-opened=\"0\" data-image-meta=\"[]\" data-image-title=\"bathroom\" data-image-description=\"\" data-image-caption=\"\" data-medium-file=\"https:\/\/espiritodacomporta.com\/app\/uploads\/2019\/07\/bathroom.svg\" data-large-file=\"https:\/\/espiritodacomporta.com\/app\/uploads\/2019\/07\/bathroom.svg\" \/>\n                                                    <b>6 salles de bains<\/b>\n                                                    5 douches et 1 baignoire\n                                                <\/li>\n                                                                                    <\/ul>\n                                                                                                        <\/div>\n                                                                                            <div id=\"feature-tab-0-2\"\n                                    class=\"tabs-panel \">\n                                                                            <ul class=\"features\">\n                                                                                            <li>\n                                                    <img loading=\"lazy\" decoding=\"async\" width=\"86\" height=\"85\" src=\"https:\/\/espiritodacomporta.com\/app\/uploads\/2019\/07\/towels.svg\" class=\"attachment-full size-full\" alt=\"\" data-attachment-id=\"2110\" data-permalink=\"https:\/\/espiritodacomporta.com\/fr\/nos-maisons\/campo-de-arroz\/towels-2\/\" data-orig-file=\"https:\/\/espiritodacomporta.com\/app\/uploads\/2019\/07\/towels.svg\" data-orig-size=\"86,85\" data-comments-opened=\"0\" data-image-meta=\"[]\" data-image-title=\"towels\" data-image-description=\"\" data-image-caption=\"\" data-medium-file=\"https:\/\/espiritodacomporta.com\/app\/uploads\/2019\/07\/towels.svg\" data-large-file=\"https:\/\/espiritodacomporta.com\/app\/uploads\/2019\/07\/towels.svg\" \/>\n                                                    <b>Draps et serviettes<\/b>\n                                                    \n                                                <\/li>\n                                                                                            <li>\n                                                    <img loading=\"lazy\" decoding=\"async\" width=\"85\" height=\"85\" src=\"https:\/\/espiritodacomporta.com\/app\/uploads\/2021\/11\/bedlinen.svg\" class=\"attachment-full size-full\" alt=\"\" data-attachment-id=\"24309\" data-permalink=\"https:\/\/espiritodacomporta.com\/fr\/?attachment_id=24309\" data-orig-file=\"https:\/\/espiritodacomporta.com\/app\/uploads\/2021\/11\/bedlinen.svg\" data-orig-size=\"0,0\" data-comments-opened=\"0\" data-image-meta=\"[]\" data-image-title=\"Literie\" data-image-description=\"\" data-image-caption=\"\" data-medium-file=\"https:\/\/espiritodacomporta.com\/app\/uploads\/2021\/11\/bedlinen.svg\" data-large-file=\"https:\/\/espiritodacomporta.com\/app\/uploads\/2021\/11\/bedlinen.svg\" \/>\n                                                    <b>Literie<\/b>\n                                                    \n                                                <\/li>\n                                                                                            <li>\n                                                    <img loading=\"lazy\" decoding=\"async\" width=\"85\" height=\"85\" src=\"https:\/\/espiritodacomporta.com\/app\/uploads\/2019\/07\/cleaning.svg\" class=\"attachment-full size-full\" alt=\"\" data-attachment-id=\"2077\" data-permalink=\"https:\/\/espiritodacomporta.com\/fr\/nos-maisons\/campo-de-arroz\/cleaning-2\/\" data-orig-file=\"https:\/\/espiritodacomporta.com\/app\/uploads\/2019\/07\/cleaning.svg\" data-orig-size=\"85,85\" data-comments-opened=\"0\" data-image-meta=\"[]\" data-image-title=\"cleaning\" data-image-description=\"\" data-image-caption=\"\" data-medium-file=\"https:\/\/espiritodacomporta.com\/app\/uploads\/2019\/07\/cleaning.svg\" data-large-file=\"https:\/\/espiritodacomporta.com\/app\/uploads\/2019\/07\/cleaning.svg\" \/>\n                                                    <b>M\u00e9nage effectu\u00e9 quotidiennement<\/b>\n                                                    6 h par jour\n                                                <\/li>\n                                                                                    <\/ul>\n                                                                                                        <\/div>\n                                                                                            <div id=\"feature-tab-0-3\"\n                                    class=\"tabs-panel \">\n                                                                            <ul class=\"features\">\n                                                                                            <li>\n                                                    <img loading=\"lazy\" decoding=\"async\" width=\"85\" height=\"85\" src=\"https:\/\/espiritodacomporta.com\/app\/uploads\/2019\/11\/kitchen_campo.svg\" class=\"attachment-full size-full\" alt=\"\" data-attachment-id=\"8807\" data-permalink=\"https:\/\/espiritodacomporta.com\/fr\/nos-maisons\/campo-de-arroz\/kitchen_campo-2\/\" data-orig-file=\"https:\/\/espiritodacomporta.com\/app\/uploads\/2019\/11\/kitchen_campo.svg\" data-orig-size=\"85,85\" data-comments-opened=\"0\" data-image-meta=\"[]\" data-image-title=\"kitchen_campo\" data-image-description=\"\" data-image-caption=\"\" data-medium-file=\"https:\/\/espiritodacomporta.com\/app\/uploads\/2019\/11\/kitchen_campo.svg\" data-large-file=\"https:\/\/espiritodacomporta.com\/app\/uploads\/2019\/11\/kitchen_campo.svg\" \/>\n                                                    <b>Cuisine enti\u00e8rement \u00e9quip\u00e9e<\/b>\n                                                    \n                                                <\/li>\n                                                                                    <\/ul>\n                                                                                                                <p>Four, micro-ondes, machine \u00e0 caf\u00e9 Nespresso, bouilloir, grille-pain, lave-vaisselle, r\u00e9frig\u00e9rateur, cong\u00e9lateur Vaisselle et ustensiles de cuisine fournis.<\/p>\n                                                                    <\/div>\n                                                                                            <div id=\"feature-tab-0-4\"\n                                    class=\"tabs-panel \">\n                                                                            <ul class=\"features\">\n                                                                                            <li>\n                                                    <img loading=\"lazy\" decoding=\"async\" width=\"105\" height=\"85\" src=\"https:\/\/espiritodacomporta.com\/app\/uploads\/2019\/07\/air-conditioner.svg\" class=\"attachment-full size-full\" alt=\"\" data-attachment-id=\"2062\" data-permalink=\"https:\/\/espiritodacomporta.com\/fr\/nos-maisons\/campo-de-arroz\/air-conditioner-2\/\" data-orig-file=\"https:\/\/espiritodacomporta.com\/app\/uploads\/2019\/07\/air-conditioner.svg\" data-orig-size=\"105,85\" data-comments-opened=\"0\" data-image-meta=\"[]\" data-image-title=\"air-conditioner\" data-image-description=\"\" data-image-caption=\"\" data-medium-file=\"https:\/\/espiritodacomporta.com\/app\/uploads\/2019\/07\/air-conditioner.svg\" data-large-file=\"https:\/\/espiritodacomporta.com\/app\/uploads\/2019\/07\/air-conditioner.svg\" \/>\n                                                    <b>Climatisation<\/b>\n                                                    \n                                                <\/li>\n                                                                                            <li>\n                                                    <img loading=\"lazy\" decoding=\"async\" width=\"93\" height=\"85\" src=\"https:\/\/espiritodacomporta.com\/app\/uploads\/2019\/07\/fireplace.svg\" class=\"attachment-full size-full\" alt=\"\" data-attachment-id=\"2080\" data-permalink=\"https:\/\/espiritodacomporta.com\/fr\/nos-maisons\/campo-de-arroz\/fireplace-2\/\" data-orig-file=\"https:\/\/espiritodacomporta.com\/app\/uploads\/2019\/07\/fireplace.svg\" data-orig-size=\"93,85\" data-comments-opened=\"0\" data-image-meta=\"[]\" data-image-title=\"fireplace\" data-image-description=\"\" data-image-caption=\"\" data-medium-file=\"https:\/\/espiritodacomporta.com\/app\/uploads\/2019\/07\/fireplace.svg\" data-large-file=\"https:\/\/espiritodacomporta.com\/app\/uploads\/2019\/07\/fireplace.svg\" \/>\n                                                    <b>Chemin\u00e9e<\/b>\n                                                    \n                                                <\/li>\n                                                                                            <li>\n                                                    <img loading=\"lazy\" decoding=\"async\" width=\"86\" height=\"85\" src=\"https:\/\/espiritodacomporta.com\/app\/uploads\/2019\/07\/wifi.svg\" class=\"attachment-full size-full\" alt=\"\" data-attachment-id=\"2116\" data-permalink=\"https:\/\/espiritodacomporta.com\/fr\/nos-maisons\/campo-de-arroz\/wifi-2\/\" data-orig-file=\"https:\/\/espiritodacomporta.com\/app\/uploads\/2019\/07\/wifi.svg\" data-orig-size=\"86,85\" data-comments-opened=\"0\" data-image-meta=\"[]\" data-image-title=\"wifi\" data-image-description=\"\" data-image-caption=\"\" data-medium-file=\"https:\/\/espiritodacomporta.com\/app\/uploads\/2019\/07\/wifi.svg\" data-large-file=\"https:\/\/espiritodacomporta.com\/app\/uploads\/2019\/07\/wifi.svg\" \/>\n                                                    <b>Internet haut d\u00e9bit.<\/b>\n                                                    \n                                                <\/li>\n                                                                                            <li>\n                                                    <img loading=\"lazy\" decoding=\"async\" width=\"85\" height=\"85\" src=\"https:\/\/espiritodacomporta.com\/app\/uploads\/2019\/07\/washing-machine.svg\" class=\"attachment-full size-full\" alt=\"house comporta\" data-attachment-id=\"2326\" data-permalink=\"https:\/\/espiritodacomporta.com\/fr\/nos-maisons\/campo-de-arroz\/washing-machine-2\/\" data-orig-file=\"https:\/\/espiritodacomporta.com\/app\/uploads\/2019\/07\/washing-machine.svg\" data-orig-size=\"85,85\" data-comments-opened=\"0\" data-image-meta=\"[]\" data-image-title=\"washing-machine\" data-image-description=\"\" data-image-caption=\"\" data-medium-file=\"https:\/\/espiritodacomporta.com\/app\/uploads\/2019\/07\/washing-machine.svg\" data-large-file=\"https:\/\/espiritodacomporta.com\/app\/uploads\/2019\/07\/washing-machine.svg\" \/>\n                                                    <b>Lave-linge<\/b>\n                                                    + s\u00e8che-linge\n                                                <\/li>\n                                                                                            <li>\n                                                    <img loading=\"lazy\" decoding=\"async\" width=\"85\" height=\"85\" src=\"https:\/\/espiritodacomporta.com\/app\/uploads\/2021\/11\/bebe.svg\" class=\"attachment-full size-full\" alt=\"\" data-attachment-id=\"23401\" data-permalink=\"https:\/\/espiritodacomporta.com\/fr\/nos-maisons\/campo-de-arroz\/bebe-2-2\/\" data-orig-file=\"https:\/\/espiritodacomporta.com\/app\/uploads\/2021\/11\/bebe.svg\" data-orig-size=\"\" data-comments-opened=\"0\" data-image-meta=\"[]\" data-image-title=\"bebe\" data-image-description=\"\" data-image-caption=\"\" data-medium-file=\"https:\/\/espiritodacomporta.com\/app\/uploads\/2021\/11\/bebe.svg\" data-large-file=\"https:\/\/espiritodacomporta.com\/app\/uploads\/2021\/11\/bebe.svg\" \/>\n                                                    <b>\u00c9quipements pour b\u00e9b\u00e9<\/b>\n                                                    Chaises hautes et lits de b\u00e9b\u00e9\n                                                <\/li>\n                                                                                            <li>\n                                                    <img loading=\"lazy\" decoding=\"async\" width=\"85\" height=\"85\" src=\"https:\/\/espiritodacomporta.com\/app\/uploads\/2019\/09\/hair-dryer.svg\" class=\"attachment-full size-full\" alt=\"\" data-attachment-id=\"4364\" data-permalink=\"https:\/\/espiritodacomporta.com\/fr\/nos-maisons\/campo-de-arroz\/hair-dryer\/\" data-orig-file=\"https:\/\/espiritodacomporta.com\/app\/uploads\/2019\/09\/hair-dryer.svg\" data-orig-size=\"85,85\" data-comments-opened=\"0\" data-image-meta=\"[]\" data-image-title=\"hair-dryer\" data-image-description=\"\" data-image-caption=\"\" data-medium-file=\"https:\/\/espiritodacomporta.com\/app\/uploads\/2019\/09\/hair-dryer.svg\" data-large-file=\"https:\/\/espiritodacomporta.com\/app\/uploads\/2019\/09\/hair-dryer.svg\" \/>\n                                                    <b>S\u00e8che-cheveux<\/b>\n                                                    \n                                                <\/li>\n                                                                                            <li>\n                                                    <img loading=\"lazy\" decoding=\"async\" width=\"85\" height=\"85\" src=\"https:\/\/espiritodacomporta.com\/app\/uploads\/2019\/09\/iron.svg\" class=\"attachment-full size-full\" alt=\"\" data-attachment-id=\"4367\" data-permalink=\"https:\/\/espiritodacomporta.com\/fr\/nos-maisons\/campo-de-arroz\/iron\/\" data-orig-file=\"https:\/\/espiritodacomporta.com\/app\/uploads\/2019\/09\/iron.svg\" data-orig-size=\"85,85\" data-comments-opened=\"0\" data-image-meta=\"[]\" data-image-title=\"iron\" data-image-description=\"\" data-image-caption=\"\" data-medium-file=\"https:\/\/espiritodacomporta.com\/app\/uploads\/2019\/09\/iron.svg\" data-large-file=\"https:\/\/espiritodacomporta.com\/app\/uploads\/2019\/09\/iron.svg\" \/>\n                                                    <b>Fer \u00e0 repasser<\/b>\n                                                    \n                                                <\/li>\n                                                                                            <li>\n                                                    <img loading=\"lazy\" decoding=\"async\" width=\"111\" height=\"85\" src=\"https:\/\/espiritodacomporta.com\/app\/uploads\/2019\/07\/TV-soundsystem.svg\" class=\"attachment-full size-full\" alt=\"\" data-attachment-id=\"2113\" data-permalink=\"https:\/\/espiritodacomporta.com\/fr\/nos-maisons\/campo-de-arroz\/tv-soundsystem-2\/\" data-orig-file=\"https:\/\/espiritodacomporta.com\/app\/uploads\/2019\/07\/TV-soundsystem.svg\" data-orig-size=\"111,85\" data-comments-opened=\"0\" data-image-meta=\"[]\" data-image-title=\"TV-soundsystem\" data-image-description=\"\" data-image-caption=\"\" data-medium-file=\"https:\/\/espiritodacomporta.com\/app\/uploads\/2019\/07\/TV-soundsystem.svg\" data-large-file=\"https:\/\/espiritodacomporta.com\/app\/uploads\/2019\/07\/TV-soundsystem.svg\" \/>\n                                                    <b>TV<\/b>\n                                                    \n                                                <\/li>\n                                                                                    <\/ul>\n                                                                                                        <\/div>\n                                                                                            <div id=\"feature-tab-0-5\"\n                                    class=\"tabs-panel \">\n                                                                            <ul class=\"features\">\n                                                                                            <li>\n                                                    <img loading=\"lazy\" decoding=\"async\" width=\"74\" height=\"85\" src=\"https:\/\/espiritodacomporta.com\/app\/uploads\/2019\/07\/outdoor-shower.svg\" class=\"attachment-full size-full\" alt=\"\" data-attachment-id=\"2092\" data-permalink=\"https:\/\/espiritodacomporta.com\/fr\/nos-maisons\/campo-de-arroz\/outdoor-shower-2\/\" data-orig-file=\"https:\/\/espiritodacomporta.com\/app\/uploads\/2019\/07\/outdoor-shower.svg\" data-orig-size=\"74,85\" data-comments-opened=\"0\" data-image-meta=\"[]\" data-image-title=\"outdoor-shower\" data-image-description=\"\" data-image-caption=\"\" data-medium-file=\"https:\/\/espiritodacomporta.com\/app\/uploads\/2019\/07\/outdoor-shower.svg\" data-large-file=\"https:\/\/espiritodacomporta.com\/app\/uploads\/2019\/07\/outdoor-shower.svg\" \/>\n                                                    <b>Douches<\/b>\n                                                    \n                                                <\/li>\n                                                                                            <li>\n                                                    <img loading=\"lazy\" decoding=\"async\" width=\"52\" height=\"85\" src=\"https:\/\/espiritodacomporta.com\/app\/uploads\/2019\/11\/parking-place.svg\" class=\"attachment-full size-full\" alt=\"\" data-attachment-id=\"8818\" data-permalink=\"https:\/\/espiritodacomporta.com\/fr\/nos-maisons\/campo-de-arroz\/parking-place\/\" data-orig-file=\"https:\/\/espiritodacomporta.com\/app\/uploads\/2019\/11\/parking-place.svg\" data-orig-size=\"52,85\" data-comments-opened=\"0\" data-image-meta=\"[]\" data-image-title=\"parking-place\" data-image-description=\"\" data-image-caption=\"\" data-medium-file=\"https:\/\/espiritodacomporta.com\/app\/uploads\/2019\/11\/parking-place.svg\" data-large-file=\"https:\/\/espiritodacomporta.com\/app\/uploads\/2019\/11\/parking-place.svg\" \/>\n                                                    <b>Place de parking<\/b>\n                                                    \n                                                <\/li>\n                                                                                            <li>\n                                                    <img loading=\"lazy\" decoding=\"async\" width=\"85\" height=\"85\" src=\"https:\/\/espiritodacomporta.com\/app\/uploads\/2019\/09\/sunbath-sunshield.svg\" class=\"attachment-full size-full\" alt=\"\" data-attachment-id=\"4370\" data-permalink=\"https:\/\/espiritodacomporta.com\/fr\/nos-maisons\/campo-de-arroz\/sunbath-sunshield\/\" data-orig-file=\"https:\/\/espiritodacomporta.com\/app\/uploads\/2019\/09\/sunbath-sunshield.svg\" data-orig-size=\"85,85\" data-comments-opened=\"0\" data-image-meta=\"[]\" data-image-title=\"sunbath-sunshield\" data-image-description=\"\" data-image-caption=\"\" data-medium-file=\"https:\/\/espiritodacomporta.com\/app\/uploads\/2019\/09\/sunbath-sunshield.svg\" data-large-file=\"https:\/\/espiritodacomporta.com\/app\/uploads\/2019\/09\/sunbath-sunshield.svg\" \/>\n                                                    <b>Bains de soleil<\/b>\n                                                    \n                                                <\/li>\n                                                                                            <li>\n                                                    <img loading=\"lazy\" decoding=\"async\" width=\"82\" height=\"85\" src=\"https:\/\/espiritodacomporta.com\/app\/uploads\/2019\/07\/terrasse.svg\" class=\"attachment-full size-full\" alt=\"\" data-attachment-id=\"2107\" data-permalink=\"https:\/\/espiritodacomporta.com\/fr\/nos-maisons\/campo-de-arroz\/terrasse-2\/\" data-orig-file=\"https:\/\/espiritodacomporta.com\/app\/uploads\/2019\/07\/terrasse.svg\" data-orig-size=\"82,85\" data-comments-opened=\"0\" data-image-meta=\"[]\" data-image-title=\"terrasse\" data-image-description=\"\" data-image-caption=\"\" data-medium-file=\"https:\/\/espiritodacomporta.com\/app\/uploads\/2019\/07\/terrasse.svg\" data-large-file=\"https:\/\/espiritodacomporta.com\/app\/uploads\/2019\/07\/terrasse.svg\" \/>\n                                                    <b>Terrasses<\/b>\n                                                    \n                                                <\/li>\n                                                                                            <li>\n                                                    <img loading=\"lazy\" decoding=\"async\" width=\"85\" height=\"85\" src=\"https:\/\/espiritodacomporta.com\/app\/uploads\/2021\/11\/lounge-area.svg\" class=\"attachment-full size-full\" alt=\"\" data-attachment-id=\"24319\" data-permalink=\"https:\/\/espiritodacomporta.com\/fr\/?attachment_id=24319\" data-orig-file=\"https:\/\/espiritodacomporta.com\/app\/uploads\/2021\/11\/lounge-area.svg\" data-orig-size=\"0,0\" data-comments-opened=\"0\" data-image-meta=\"[]\" data-image-title=\"Coin salon\" data-image-description=\"\" data-image-caption=\"\" data-medium-file=\"https:\/\/espiritodacomporta.com\/app\/uploads\/2021\/11\/lounge-area.svg\" data-large-file=\"https:\/\/espiritodacomporta.com\/app\/uploads\/2021\/11\/lounge-area.svg\" \/>\n                                                    <b>Coin salon<\/b>\n                                                    \n                                                <\/li>\n                                                                                            <li>\n                                                    <img loading=\"lazy\" decoding=\"async\" width=\"85\" height=\"85\" src=\"https:\/\/espiritodacomporta.com\/app\/uploads\/2021\/11\/BBQ_1.svg\" class=\"attachment-full size-full\" alt=\"\" data-attachment-id=\"24304\" data-permalink=\"https:\/\/espiritodacomporta.com\/fr\/?attachment_id=24304\" data-orig-file=\"https:\/\/espiritodacomporta.com\/app\/uploads\/2021\/11\/BBQ_1.svg\" data-orig-size=\"0,0\" data-comments-opened=\"0\" data-image-meta=\"[]\" data-image-title=\"Barbecue &amp;#8211; 1\" data-image-description=\"\" data-image-caption=\"\" data-medium-file=\"https:\/\/espiritodacomporta.com\/app\/uploads\/2021\/11\/BBQ_1.svg\" data-large-file=\"https:\/\/espiritodacomporta.com\/app\/uploads\/2021\/11\/BBQ_1.svg\" \/>\n                                                    <b>Barbecue<\/b>\n                                                    \n                                                <\/li>\n                                                                                    <\/ul>\n                                                                                                        <\/div>\n                                                                                    <\/div>\n                                    <\/div>\n\n            <\/div>\n            <\/div>\n\n\n\n<h2 class=\"wp-block-heading is-style-big-title\" id=\"h-activites-toute-l-annee\"><span>ACTIVIT\u00c9S TOUTE L&rsquo;ANN\u00c9E<\/span><\/h2>\n\n\n<section class=\"homeblocks   section-beige  \">\n    <section class=\"homeblocks-image  homeblocks-right \">\n                  <!-- <img decoding=\"async\" src=\"https:\/\/espiritodacomporta.com\/app\/uploads\/2023\/10\/house-campo-section-3.png\" alt=\"\"> -->\n          <img decoding=\"async\" width=\"812\" height=\"734\" src=\"https:\/\/espiritodacomporta.com\/app\/uploads\/2023\/10\/house-campo-section-3.png\" class=\"attachment-full size-full\" alt=\"\" loading=\"lazy\" srcset=\"https:\/\/espiritodacomporta.com\/app\/uploads\/2023\/10\/house-campo-section-3.png 812w, https:\/\/espiritodacomporta.com\/app\/uploads\/2023\/10\/house-campo-section-3-300x271.png 300w, https:\/\/espiritodacomporta.com\/app\/uploads\/2023\/10\/house-campo-section-3-768x694.png 768w\" sizes=\"auto, (max-width: 812px) 100vw, 812px\" data-attachment-id=\"54837\" data-permalink=\"https:\/\/espiritodacomporta.com\/fr\/nos-maisons\/campo-de-arroz\/house-campo-section-3-2\/\" data-orig-file=\"https:\/\/espiritodacomporta.com\/app\/uploads\/2023\/10\/house-campo-section-3.png\" data-orig-size=\"812,734\" data-comments-opened=\"0\" data-image-meta=\"{&quot;aperture&quot;:&quot;0&quot;,&quot;credit&quot;:&quot;&quot;,&quot;camera&quot;:&quot;&quot;,&quot;caption&quot;:&quot;&quot;,&quot;created_timestamp&quot;:&quot;0&quot;,&quot;copyright&quot;:&quot;&quot;,&quot;focal_length&quot;:&quot;0&quot;,&quot;iso&quot;:&quot;0&quot;,&quot;shutter_speed&quot;:&quot;0&quot;,&quot;title&quot;:&quot;&quot;,&quot;orientation&quot;:&quot;0&quot;}\" data-image-title=\"house-campo-section-3\" data-image-description=\"\" data-image-caption=\"\" data-medium-file=\"https:\/\/espiritodacomporta.com\/app\/uploads\/2023\/10\/house-campo-section-3-300x271.png\" data-large-file=\"https:\/\/espiritodacomporta.com\/app\/uploads\/2023\/10\/house-campo-section-3.png\" \/>\n            <\/section>\n    <section class=\"homeblocks-content\">\n        <div class=\"homeblocks-content-inside\">\n            <p>Louer Campo de Arroz est la meilleure fa\u00e7on de profiter de la \u00ab\u00a0tranquilidade\u00a0\u00bb de Comporta.<br \/>\nCette maison \u00e0 Comporta reprend les codes des cabanes de p\u00eacheurs de la r\u00e9gion : bois, toit de chaume et paille, pilotis, tout en int\u00e9grant de la modernit\u00e9 et un peu plus de confort.<br \/>\nCampo de Arroz est ouverte sur la nature. On peut contempler les rizi\u00e8res \u00e0 perte de vue, dans chaque pi\u00e8ce.<br \/>\nLe jardin de sable blanc, la piscine \u00e0 d\u00e9bordement et la cuisine ext\u00e9rieure situ\u00e9e sur la terrasse de la maison offrent un environnement o\u00f9 il fait bon vivre et profiter du soleil. La location des maisons Espirito da Comporta vous permet de profiter de vacances simples et sereines gr\u00e2ce aux services offerts et \u00e0 l&rsquo;attention des h\u00f4tes.<\/p>\n<p>Cette propri\u00e9t\u00e9 \u00e0 Comporta se compose d&rsquo;une maison principale et d&rsquo;une cabane ind\u00e9pendante situ\u00e9e dans le jardin paysager. L&rsquo;ensemble de la propri\u00e9t\u00e9 peut accueillir jusqu&rsquo;\u00e0 10 personnes.<\/p>\n<p>Il est possible de louer la maison et la cabane ensemble ou s\u00e9par\u00e9ment. Dans ce cas, la terrasse et la piscine sont exclusivement r\u00e9serv\u00e9es aux locataires de la maison principale. Les locataires de la cabane peuvent profiter de leur propre terrasse, ainsi que du jardin qui est un espace commun.<\/p>\n\n\n            \n                    <\/div>\n    <\/section>\n<\/section>\n\n\n\n<h2 class=\"wp-block-heading is-style-big-title\" id=\"h-autour-de-casa-do-brejos\">Autour de Casa Do Brejos<\/h2>\n\n\n\n<div style=\"height:100px\" aria-hidden=\"true\" class=\"wp-block-spacer\"><\/div>\n\n\n\n<div class=\"wp-block-columns is-layout-flex wp-container-core-columns-is-layout-9d6595d7 wp-block-columns-is-layout-flex\">\n<div class=\"wp-block-column is-layout-flow wp-block-column-is-layout-flow\">\n<figure class=\"wp-block-image size-large\"><img decoding=\"async\" data-attachment-id=\"55313\" data-permalink=\"https:\/\/espiritodacomporta.com\/fr\/nos-maisons\/campo-de-arroz\/map-adc-region-2\/\" data-orig-file=\"https:\/\/espiritodacomporta.com\/app\/uploads\/2023\/11\/MAP-ADC-REGION.png\" data-orig-size=\"5295,4170\" data-comments-opened=\"0\" data-image-meta=\"{&quot;aperture&quot;:&quot;0&quot;,&quot;credit&quot;:&quot;&quot;,&quot;camera&quot;:&quot;&quot;,&quot;caption&quot;:&quot;&quot;,&quot;created_timestamp&quot;:&quot;0&quot;,&quot;copyright&quot;:&quot;&quot;,&quot;focal_length&quot;:&quot;0&quot;,&quot;iso&quot;:&quot;0&quot;,&quot;shutter_speed&quot;:&quot;0&quot;,&quot;title&quot;:&quot;&quot;,&quot;orientation&quot;:&quot;0&quot;}\" data-image-title=\"MAP-ADC-REGION\" data-image-description=\"\" data-image-caption=\"\" data-medium-file=\"https:\/\/espiritodacomporta.com\/app\/uploads\/2023\/11\/MAP-ADC-REGION.png\" data-large-file=\"https:\/\/espiritodacomporta.com\/app\/uploads\/2023\/11\/MAP-ADC-REGION.png\" src=\"https:\/\/espiritodacomporta.com\/app\/uploads\/2023\/11\/MAP-ADC-REGION-1024x806.png\" alt=\"\" class=\"wp-image-55313\"\/><\/figure>\n<\/div>\n<\/div>\n","protected":false},"excerpt":{"rendered":"<p>ACTIVIT\u00c9S TOUTE L&rsquo;ANN\u00c9E Autour de Casa Do Brejos<\/p>\n","protected":false},"author":1,"featured_media":23999,"parent":674,"menu_order":4,"comment_status":"closed","ping_status":"closed","template":"views\/house-opened.blade.php","meta":{"_acf_changed":false,"inline_featured_image":false,"footnotes":""},"class_list":["post-24460","page","type-page","status-publish","has-post-thumbnail","hentry"],"acf":[],"yoast_head":"<!-- This site is optimized with the Yoast SEO Premium plugin v27.2 (Yoast SEO v27.2) - https:\/\/yoast.com\/product\/yoast-seo-premium-wordpress\/ -->\n<title>Casa do Brejos - Live &amp; Feel Comporta Portugal<\/title>\n<meta name=\"robots\" content=\"index, follow, max-snippet:-1, max-image-preview:large, max-video-preview:-1\" \/>\n<link rel=\"canonical\" href=\"https:\/\/espiritodacomporta.com\/fr\/nos-maisons\/casa-do-brejos\/\" \/>\n<meta property=\"og:locale\" content=\"fr_FR\" \/>\n<meta property=\"og:type\" content=\"article\" \/>\n<meta property=\"og:title\" content=\"Casa do Brejos\" \/>\n<meta property=\"og:description\" content=\"ACTIVIT\u00c9S TOUTE L&rsquo;ANN\u00c9E Autour de Casa Do Brejos\" \/>\n<meta property=\"og:url\" content=\"https:\/\/espiritodacomporta.com\/fr\/nos-maisons\/casa-do-brejos\/\" \/>\n<meta property=\"og:site_name\" content=\"Live &amp; Feel Comporta Portugal\" \/>\n<meta property=\"article:modified_time\" content=\"2024-01-10T10:16:17+00:00\" \/>\n<meta property=\"og:image\" content=\"https:\/\/espiritodacomporta.com\/app\/uploads\/2021\/11\/brejos-house-slider-1.jpg\" \/>\n\t<meta property=\"og:image:width\" content=\"1600\" \/>\n\t<meta property=\"og:image:height\" content=\"833\" \/>\n\t<meta property=\"og:image:type\" content=\"image\/jpeg\" \/>\n<meta name=\"twitter:card\" content=\"summary_large_image\" \/>\n<meta name=\"twitter:label1\" content=\"Dur\u00e9e de lecture estim\u00e9e\" \/>\n\t<meta name=\"twitter:data1\" content=\"1 minute\" \/>\n<script type=\"application\/ld+json\" class=\"yoast-schema-graph\">{\"@context\":\"https:\/\/schema.org\",\"@graph\":[{\"@type\":\"WebPage\",\"@id\":\"https:\/\/espiritodacomporta.com\/fr\/nos-maisons\/casa-do-brejos\/\",\"url\":\"https:\/\/espiritodacomporta.com\/fr\/nos-maisons\/casa-do-brejos\/\",\"name\":\"Casa do Brejos - Live &amp; Feel Comporta Portugal\",\"isPartOf\":{\"@id\":\"https:\/\/espiritodacomporta.com\/fr\/#website\"},\"primaryImageOfPage\":{\"@id\":\"https:\/\/espiritodacomporta.com\/fr\/nos-maisons\/casa-do-brejos\/#primaryimage\"},\"image\":{\"@id\":\"https:\/\/espiritodacomporta.com\/fr\/nos-maisons\/casa-do-brejos\/#primaryimage\"},\"thumbnailUrl\":\"https:\/\/espiritodacomporta.com\/app\/uploads\/2021\/11\/brejos-house-slider-1.jpg\",\"datePublished\":\"2021-12-19T18:26:24+00:00\",\"dateModified\":\"2024-01-10T10:16:17+00:00\",\"breadcrumb\":{\"@id\":\"https:\/\/espiritodacomporta.com\/fr\/nos-maisons\/casa-do-brejos\/#breadcrumb\"},\"inLanguage\":\"fr-FR\",\"potentialAction\":[{\"@type\":\"ReadAction\",\"target\":[\"https:\/\/espiritodacomporta.com\/fr\/nos-maisons\/casa-do-brejos\/\"]}]},{\"@type\":\"ImageObject\",\"inLanguage\":\"fr-FR\",\"@id\":\"https:\/\/espiritodacomporta.com\/fr\/nos-maisons\/casa-do-brejos\/#primaryimage\",\"url\":\"https:\/\/espiritodacomporta.com\/app\/uploads\/2021\/11\/brejos-house-slider-1.jpg\",\"contentUrl\":\"https:\/\/espiritodacomporta.com\/app\/uploads\/2021\/11\/brejos-house-slider-1.jpg\",\"width\":1600,\"height\":833},{\"@type\":\"BreadcrumbList\",\"@id\":\"https:\/\/espiritodacomporta.com\/fr\/nos-maisons\/casa-do-brejos\/#breadcrumb\",\"itemListElement\":[{\"@type\":\"ListItem\",\"position\":1,\"name\":\"Home\",\"item\":\"https:\/\/espiritodacomporta.com\/fr\/\"},{\"@type\":\"ListItem\",\"position\":2,\"name\":\"Location de villas \u00e0 Comporta\",\"item\":\"https:\/\/espiritodacomporta.com\/fr\/nos-maisons\/\"},{\"@type\":\"ListItem\",\"position\":3,\"name\":\"Casa do Brejos\"}]},{\"@type\":\"WebSite\",\"@id\":\"https:\/\/espiritodacomporta.com\/fr\/#website\",\"url\":\"https:\/\/espiritodacomporta.com\/fr\/\",\"name\":\"Live & Feel Comporta Portugal\",\"description\":\"\",\"publisher\":{\"@id\":\"https:\/\/espiritodacomporta.com\/fr\/#organization\"},\"potentialAction\":[{\"@type\":\"SearchAction\",\"target\":{\"@type\":\"EntryPoint\",\"urlTemplate\":\"https:\/\/espiritodacomporta.com\/fr\/?s={search_term_string}\"},\"query-input\":{\"@type\":\"PropertyValueSpecification\",\"valueRequired\":true,\"valueName\":\"search_term_string\"}}],\"inLanguage\":\"fr-FR\"},{\"@type\":\"Organization\",\"@id\":\"https:\/\/espiritodacomporta.com\/fr\/#organization\",\"name\":\"Espirito da Comporta\",\"url\":\"https:\/\/espiritodacomporta.com\/fr\/\",\"logo\":{\"@type\":\"ImageObject\",\"inLanguage\":\"fr-FR\",\"@id\":\"https:\/\/espiritodacomporta.com\/fr\/#\/schema\/logo\/image\/\",\"url\":\"https:\/\/espiritodacomporta.com\/app\/uploads\/2023\/09\/LOGO-SIGNATURE@4x.png\",\"contentUrl\":\"https:\/\/espiritodacomporta.com\/app\/uploads\/2023\/09\/LOGO-SIGNATURE@4x.png\",\"width\":321,\"height\":385,\"caption\":\"Espirito da Comporta\"},\"image\":{\"@id\":\"https:\/\/espiritodacomporta.com\/fr\/#\/schema\/logo\/image\/\"},\"sameAs\":[\"https:\/\/www.instagram.com\/almadacomporta\/\"]}]}<\/script>\n<!-- \/ Yoast SEO Premium plugin. -->","yoast_head_json":{"title":"Casa do Brejos - Live &amp; Feel Comporta Portugal","robots":{"index":"index","follow":"follow","max-snippet":"max-snippet:-1","max-image-preview":"max-image-preview:large","max-video-preview":"max-video-preview:-1"},"canonical":"https:\/\/espiritodacomporta.com\/fr\/nos-maisons\/casa-do-brejos\/","og_locale":"fr_FR","og_type":"article","og_title":"Casa do Brejos","og_description":"ACTIVIT\u00c9S TOUTE L&rsquo;ANN\u00c9E Autour de Casa Do Brejos","og_url":"https:\/\/espiritodacomporta.com\/fr\/nos-maisons\/casa-do-brejos\/","og_site_name":"Live &amp; Feel Comporta Portugal","article_modified_time":"2024-01-10T10:16:17+00:00","og_image":[{"width":1600,"height":833,"url":"https:\/\/espiritodacomporta.com\/app\/uploads\/2021\/11\/brejos-house-slider-1.jpg","type":"image\/jpeg"}],"twitter_card":"summary_large_image","twitter_misc":{"Dur\u00e9e de lecture estim\u00e9e":"1 minute"},"schema":{"@context":"https:\/\/schema.org","@graph":[{"@type":"WebPage","@id":"https:\/\/espiritodacomporta.com\/fr\/nos-maisons\/casa-do-brejos\/","url":"https:\/\/espiritodacomporta.com\/fr\/nos-maisons\/casa-do-brejos\/","name":"Casa do Brejos - Live &amp; Feel Comporta Portugal","isPartOf":{"@id":"https:\/\/espiritodacomporta.com\/fr\/#website"},"primaryImageOfPage":{"@id":"https:\/\/espiritodacomporta.com\/fr\/nos-maisons\/casa-do-brejos\/#primaryimage"},"image":{"@id":"https:\/\/espiritodacomporta.com\/fr\/nos-maisons\/casa-do-brejos\/#primaryimage"},"thumbnailUrl":"https:\/\/espiritodacomporta.com\/app\/uploads\/2021\/11\/brejos-house-slider-1.jpg","datePublished":"2021-12-19T18:26:24+00:00","dateModified":"2024-01-10T10:16:17+00:00","breadcrumb":{"@id":"https:\/\/espiritodacomporta.com\/fr\/nos-maisons\/casa-do-brejos\/#breadcrumb"},"inLanguage":"fr-FR","potentialAction":[{"@type":"ReadAction","target":["https:\/\/espiritodacomporta.com\/fr\/nos-maisons\/casa-do-brejos\/"]}]},{"@type":"ImageObject","inLanguage":"fr-FR","@id":"https:\/\/espiritodacomporta.com\/fr\/nos-maisons\/casa-do-brejos\/#primaryimage","url":"https:\/\/espiritodacomporta.com\/app\/uploads\/2021\/11\/brejos-house-slider-1.jpg","contentUrl":"https:\/\/espiritodacomporta.com\/app\/uploads\/2021\/11\/brejos-house-slider-1.jpg","width":1600,"height":833},{"@type":"BreadcrumbList","@id":"https:\/\/espiritodacomporta.com\/fr\/nos-maisons\/casa-do-brejos\/#breadcrumb","itemListElement":[{"@type":"ListItem","position":1,"name":"Home","item":"https:\/\/espiritodacomporta.com\/fr\/"},{"@type":"ListItem","position":2,"name":"Location de villas \u00e0 Comporta","item":"https:\/\/espiritodacomporta.com\/fr\/nos-maisons\/"},{"@type":"ListItem","position":3,"name":"Casa do Brejos"}]},{"@type":"WebSite","@id":"https:\/\/espiritodacomporta.com\/fr\/#website","url":"https:\/\/espiritodacomporta.com\/fr\/","name":"Live & Feel Comporta Portugal","description":"","publisher":{"@id":"https:\/\/espiritodacomporta.com\/fr\/#organization"},"potentialAction":[{"@type":"SearchAction","target":{"@type":"EntryPoint","urlTemplate":"https:\/\/espiritodacomporta.com\/fr\/?s={search_term_string}"},"query-input":{"@type":"PropertyValueSpecification","valueRequired":true,"valueName":"search_term_string"}}],"inLanguage":"fr-FR"},{"@type":"Organization","@id":"https:\/\/espiritodacomporta.com\/fr\/#organization","name":"Espirito da Comporta","url":"https:\/\/espiritodacomporta.com\/fr\/","logo":{"@type":"ImageObject","inLanguage":"fr-FR","@id":"https:\/\/espiritodacomporta.com\/fr\/#\/schema\/logo\/image\/","url":"https:\/\/espiritodacomporta.com\/app\/uploads\/2023\/09\/LOGO-SIGNATURE@4x.png","contentUrl":"https:\/\/espiritodacomporta.com\/app\/uploads\/2023\/09\/LOGO-SIGNATURE@4x.png","width":321,"height":385,"caption":"Espirito da Comporta"},"image":{"@id":"https:\/\/espiritodacomporta.com\/fr\/#\/schema\/logo\/image\/"},"sameAs":["https:\/\/www.instagram.com\/almadacomporta\/"]}]}},"_links":{"self":[{"href":"https:\/\/espiritodacomporta.com\/fr\/wp-json\/wp\/v2\/pages\/24460","targetHints":{"allow":["GET"]}}],"collection":[{"href":"https:\/\/espiritodacomporta.com\/fr\/wp-json\/wp\/v2\/pages"}],"about":[{"href":"https:\/\/espiritodacomporta.com\/fr\/wp-json\/wp\/v2\/types\/page"}],"author":[{"embeddable":true,"href":"https:\/\/espiritodacomporta.com\/fr\/wp-json\/wp\/v2\/users\/1"}],"replies":[{"embeddable":true,"href":"https:\/\/espiritodacomporta.com\/fr\/wp-json\/wp\/v2\/comments?post=24460"}],"version-history":[{"count":0,"href":"https:\/\/espiritodacomporta.com\/fr\/wp-json\/wp\/v2\/pages\/24460\/revisions"}],"up":[{"embeddable":true,"href":"https:\/\/espiritodacomporta.com\/fr\/wp-json\/wp\/v2\/pages\/674"}],"wp:featuredmedia":[{"embeddable":true,"href":"https:\/\/espiritodacomporta.com\/fr\/wp-json\/wp\/v2\/media\/23999"}],"wp:attachment":[{"href":"https:\/\/espiritodacomporta.com\/fr\/wp-json\/wp\/v2\/media?parent=24460"}],"curies":[{"name":"wp","href":"https:\/\/api.w.org\/{rel}","templated":true}]}}