{"id":68865,"date":"2024-07-31T09:46:22","date_gmt":"2024-07-31T07:46:22","guid":{"rendered":"https:\/\/espiritodacomporta.com\/alugue-sua-vila-em-comporta\/casa-do-brejos\/"},"modified":"2024-07-31T09:46:53","modified_gmt":"2024-07-31T07:46:53","slug":"casa-do-brejos","status":"publish","type":"page","link":"https:\/\/espiritodacomporta.com\/pt-pt\/alugue-sua-vila-em-comporta\/casa-do-brejos\/","title":{"rendered":"Casa do Brejos"},"content":{"rendered":"<section class=\"homeblocks   \">\n    <section class=\"homeblocks-image \">\n                  <!-- <img decoding=\"async\" src=\"https:\/\/espiritodacomporta.com\/app\/uploads\/2021\/11\/brejos-house-slider-3.jpg\" alt=\"\"> -->\n          <img decoding=\"async\" width=\"1600\" height=\"836\" src=\"https:\/\/espiritodacomporta.com\/app\/uploads\/2021\/11\/brejos-house-slider-3.jpg\" class=\"attachment-full size-full\" alt=\"\" loading=\"lazy\" srcset=\"https:\/\/espiritodacomporta.com\/app\/uploads\/2021\/11\/brejos-house-slider-3.jpg 1600w, https:\/\/espiritodacomporta.com\/app\/uploads\/2021\/11\/brejos-house-slider-3-300x157.jpg 300w, https:\/\/espiritodacomporta.com\/app\/uploads\/2021\/11\/brejos-house-slider-3-1024x535.jpg 1024w, https:\/\/espiritodacomporta.com\/app\/uploads\/2021\/11\/brejos-house-slider-3-768x401.jpg 768w, https:\/\/espiritodacomporta.com\/app\/uploads\/2021\/11\/brejos-house-slider-3-1536x803.jpg 1536w\" sizes=\"auto, (max-width: 1600px) 100vw, 1600px\" data-attachment-id=\"68906\" data-permalink=\"https:\/\/espiritodacomporta.com\/pt-pt\/alugue-sua-vila-em-comporta\/casa-do-brejos\/brejos-house-slider-3-2\/\" data-orig-file=\"https:\/\/espiritodacomporta.com\/app\/uploads\/2021\/11\/brejos-house-slider-3.jpg\" data-orig-size=\"1600,836\" data-comments-opened=\"0\" data-image-meta=\"{&quot;aperture&quot;:&quot;0&quot;,&quot;credit&quot;:&quot;&quot;,&quot;camera&quot;:&quot;&quot;,&quot;caption&quot;:&quot;&quot;,&quot;created_timestamp&quot;:&quot;0&quot;,&quot;copyright&quot;:&quot;&quot;,&quot;focal_length&quot;:&quot;0&quot;,&quot;iso&quot;:&quot;0&quot;,&quot;shutter_speed&quot;:&quot;0&quot;,&quot;title&quot;:&quot;&quot;,&quot;orientation&quot;:&quot;0&quot;}\" data-image-title=\"slider-casa-brejos-3\" data-image-description=\"\" data-image-caption=\"\" data-medium-file=\"https:\/\/espiritodacomporta.com\/app\/uploads\/2021\/11\/brejos-house-slider-3-300x157.jpg\" data-large-file=\"https:\/\/espiritodacomporta.com\/app\/uploads\/2021\/11\/brejos-house-slider-3-1024x535.jpg\" \/>\n            <\/section>\n    <section class=\"homeblocks-content\">\n        <div class=\"homeblocks-content-inside\">\n            <h2>Uma situa\u00e7\u00e3o privilegiada<\/h2>\n<p>A Casa do Brejos \u00e9 um retiro aut\u00eantico rodeado pela natureza. Brejos da Carregueira \u00e9 uma pequena aldeia conhecida por estar rodeada de arrozais. Est\u00e1 localizada entre as aldeias de Carvalhal e Comporta. De f\u00e1cil acesso a partir da capital portuguesa (1h15m), \u00e9 f\u00e1cil encontrar a praia dos Brejos, considerada uma das mais selvagens da regi\u00e3o. Muitos acedem a esta praia atrav\u00e9s do caminho pelos belos campos de arroz da Comporta. A Casa do Brejos complementa esta tranquilidade. \u00c9 ideal para umas f\u00e9rias de retiro. Com todas as comodidades e v\u00e1rios espa\u00e7os exteriores. \u00c9 uma vila exclusiva que tornar\u00e1 as suas f\u00e9rias \u00fanicas.<\/p>\n\n\n            \n                    <\/div>\n    <\/section>\n<\/section>\n<section class=\"homeblocks   \">\n    <section class=\"homeblocks-image  homeblocks-right \">\n                  <!-- <img decoding=\"async\" src=\"https:\/\/espiritodacomporta.com\/app\/uploads\/2021\/11\/brejos-house-landscape-2.jpg\" alt=\"\"> -->\n          <img decoding=\"async\" width=\"1000\" height=\"521\" src=\"https:\/\/espiritodacomporta.com\/app\/uploads\/2021\/11\/brejos-house-landscape-2.jpg\" class=\"attachment-full size-full\" alt=\"\" loading=\"lazy\" srcset=\"https:\/\/espiritodacomporta.com\/app\/uploads\/2021\/11\/brejos-house-landscape-2.jpg 1000w, https:\/\/espiritodacomporta.com\/app\/uploads\/2021\/11\/brejos-house-landscape-2-300x156.jpg 300w, https:\/\/espiritodacomporta.com\/app\/uploads\/2021\/11\/brejos-house-landscape-2-768x400.jpg 768w\" sizes=\"auto, (max-width: 1000px) 100vw, 1000px\" data-attachment-id=\"68917\" data-permalink=\"https:\/\/espiritodacomporta.com\/pt-pt\/alugue-sua-vila-em-comporta\/casa-do-brejos\/brejos-house-landscape-2-2\/\" data-orig-file=\"https:\/\/espiritodacomporta.com\/app\/uploads\/2021\/11\/brejos-house-landscape-2.jpg\" data-orig-size=\"1000,521\" data-comments-opened=\"0\" data-image-meta=\"{&quot;aperture&quot;:&quot;1.6&quot;,&quot;credit&quot;:&quot;&quot;,&quot;camera&quot;:&quot;iPhone 12&quot;,&quot;caption&quot;:&quot;&quot;,&quot;created_timestamp&quot;:&quot;1630742428&quot;,&quot;copyright&quot;:&quot;&quot;,&quot;focal_length&quot;:&quot;4.2&quot;,&quot;iso&quot;:&quot;32&quot;,&quot;shutter_speed&quot;:&quot;0.0083333333333333&quot;,&quot;title&quot;:&quot;&quot;,&quot;orientation&quot;:&quot;0&quot;}\" data-image-title=\"paisagem-casa-brejos-2\" data-image-description=\"\" data-image-caption=\"\" data-medium-file=\"https:\/\/espiritodacomporta.com\/app\/uploads\/2021\/11\/brejos-house-landscape-2-300x156.jpg\" data-large-file=\"https:\/\/espiritodacomporta.com\/app\/uploads\/2021\/11\/brejos-house-landscape-2.jpg\" \/>\n            <\/section>\n    <section class=\"homeblocks-content\">\n        <div class=\"homeblocks-content-inside\">\n            <h2>Uma vila chic em Comporta<\/h2>\n<p>Com uma decora\u00e7\u00e3o interior impressionante, a Casa dos Brejos tem espa\u00e7o para toda a fam\u00edlia. Composta por uma casa principal e duas outras casas independentes, tem uma arquitetura id\u00eantica \u00e0 da regi\u00e3o, com telhados de colmo e p\u00e9rgulas de madeira, respeitando a simplicidade das casas de pescadores da regi\u00e3o. Tem 6 quartos espa\u00e7osos e 6 casas de banho, podendo acomodar at\u00e9 12 pessoas.<br \/>\nO exterior, rodeado pela natureza, tem uma piscina, \u00e1rea de churrasco, uma enorme \u00e1rea de estar e at\u00e9 um campo para quem gosta de jogar P\u00e9tanque. \u00c9 um espa\u00e7o gigantesco, com todo o conforto e conveni\u00eancia imaginados. Um verdadeiro convite para dias super relaxados e f\u00e9rias inesquec\u00edveis.<br \/>\n\u00c0 volta da Casa do Brejos encontrar\u00e1 restaurantes, a praia dos Brejos e a aldeia de Comporta a poucos minutos de carro.<\/p>\n<p>S\u00f3 \u00e9 poss\u00edvel alugar a casa inteira em qualquer \u00e9poca do ano.<\/p>\n\n\n            \n                    <\/div>\n    <\/section>\n<\/section>\n<div class=\"house-cards-container wcc\" id=\"non-sticked\">\n                <\/div>\n\n<div class=\"sticky-container\">\n    <div class=\"house-cards-container wcc\">\n            <\/div>\n<\/div>\n\n<div class=\"house-spaces\">\n    <\/div>\n\n<h2 class=\"wp-block-heading is-style-big-title\" id=\"h-activities-all-year-round\"><span>ATIVIDADES DURANTE TODO O ANO<\/span><\/h2>\n<section class=\"homeblocks   section-beige  \">\n    <section class=\"homeblocks-image \">\n                  <!-- <img decoding=\"async\" src=\"https:\/\/espiritodacomporta.com\/app\/uploads\/2023\/10\/house-campo-section-3.png\" alt=\"\"> -->\n          <img decoding=\"async\" width=\"812\" height=\"734\" src=\"https:\/\/espiritodacomporta.com\/app\/uploads\/2023\/10\/house-campo-section-3.png\" class=\"attachment-full size-full\" alt=\"\" loading=\"lazy\" srcset=\"https:\/\/espiritodacomporta.com\/app\/uploads\/2023\/10\/house-campo-section-3.png 812w, https:\/\/espiritodacomporta.com\/app\/uploads\/2023\/10\/house-campo-section-3-300x271.png 300w, https:\/\/espiritodacomporta.com\/app\/uploads\/2023\/10\/house-campo-section-3-768x694.png 768w\" sizes=\"auto, (max-width: 812px) 100vw, 812px\" data-attachment-id=\"71102\" data-permalink=\"https:\/\/espiritodacomporta.com\/pt-pt\/casa-campo-secao-3\/\" data-orig-file=\"https:\/\/espiritodacomporta.com\/app\/uploads\/2023\/10\/house-campo-section-3.png\" data-orig-size=\"812,734\" data-comments-opened=\"0\" data-image-meta=\"{&quot;aperture&quot;:&quot;0&quot;,&quot;credit&quot;:&quot;&quot;,&quot;camera&quot;:&quot;&quot;,&quot;caption&quot;:&quot;&quot;,&quot;created_timestamp&quot;:&quot;0&quot;,&quot;copyright&quot;:&quot;&quot;,&quot;focal_length&quot;:&quot;0&quot;,&quot;iso&quot;:&quot;0&quot;,&quot;shutter_speed&quot;:&quot;0&quot;,&quot;title&quot;:&quot;&quot;,&quot;orientation&quot;:&quot;0&quot;}\" data-image-title=\"casa-campo-secao-3\" data-image-description=\"\" data-image-caption=\"\" data-medium-file=\"https:\/\/espiritodacomporta.com\/app\/uploads\/2023\/10\/house-campo-section-3-300x271.png\" data-large-file=\"https:\/\/espiritodacomporta.com\/app\/uploads\/2023\/10\/house-campo-section-3.png\" \/>\n            <\/section>\n    <section class=\"homeblocks-content\">\n        <div class=\"homeblocks-content-inside\">\n            <p>Alugar uma casa na Comporta permite-lhe estar no cora\u00e7\u00e3o das atividades mais populares da zona: fa\u00e7a umas aulas de surf com Surf In Comporta ou Imagine Surf School, por exemplo, antes de desfrutar de um almo\u00e7o com os p\u00e9s na areia num dos famosos restaurantes de praia da Comporta. Cavalos na Areia e Passeios a Cavalo (Melides) oferecem passeios a cavalo inesquec\u00edveis pelos arrozais e praias selvagens ao p\u00f4r do sol. Um passeio ou aluguer de bicicleta permite-lhe descobrir os arrozais, bem como a rica fauna que abriga.<\/p>\n<p>Para mais espiritualidade, deixe-se tentar por uma sess\u00e3o de yoga em frente aos magn\u00edficos arrozais da Comporta, no Yoga Shala. Para relaxamento, ofere\u00e7a-se uma massagem com a Alina, que oferece terapias naturais completas para o corpo e a mente.<\/p>\n<p>Para entender melhor a Comporta, volte no tempo e visite as ru\u00ednas romanas de Tr\u00f3ia, o Museu do Arroz que apresenta as origens desta cultura at\u00edpica ou o porto de palafitas mais antigo da Europa em Carrasqueira. Finalmente, para um momento cultural, visite a Casa da Cultura, no centro da aldeia de Comporta. No ver\u00e3o, pode admirar as obras de artistas regionais.<br \/>\nEncontre todas as atividades e endere\u00e7os <a href=\"https:\/\/espiritodacomporta.com\/address-book\/\">aqui.<\/a><\/p>\n\n\n            \n                    <\/div>\n    <\/section>\n<\/section>\n\n<h2 class=\"wp-block-heading is-style-big-title\" id=\"h-around-casa-do-brejos\"><span>\u00c0 volta da Casa do Brejos<\/span><\/h2>\n\n<div style=\"height:100px\" aria-hidden=\"true\" class=\"wp-block-spacer\"><\/div>\n\n<div class=\"wp-block-columns is-layout-flex wp-container-core-columns-is-layout-9d6595d7 wp-block-columns-is-layout-flex\">\n<div class=\"wp-block-column is-layout-flow wp-block-column-is-layout-flow\">\n<figure class=\"wp-block-image size-large\"><img loading=\"lazy\" decoding=\"async\" width=\"1024\" height=\"806\" data-attachment-id=\"69048\" data-permalink=\"https:\/\/espiritodacomporta.com\/pt-pt\/mapa-adc-regiao\/\" data-orig-file=\"https:\/\/espiritodacomporta.com\/app\/uploads\/2023\/11\/MAP-ADC-REGION.png\" data-orig-size=\"5295,4170\" data-comments-opened=\"0\" data-image-meta=\"{&quot;aperture&quot;:&quot;0&quot;,&quot;credit&quot;:&quot;&quot;,&quot;camera&quot;:&quot;&quot;,&quot;caption&quot;:&quot;&quot;,&quot;created_timestamp&quot;:&quot;0&quot;,&quot;copyright&quot;:&quot;&quot;,&quot;focal_length&quot;:&quot;0&quot;,&quot;iso&quot;:&quot;0&quot;,&quot;shutter_speed&quot;:&quot;0&quot;,&quot;title&quot;:&quot;&quot;,&quot;orientation&quot;:&quot;0&quot;}\" data-image-title=\"MAP-ADC-REGIAO\" data-image-description=\"\" data-image-caption=\"\" data-medium-file=\"https:\/\/espiritodacomporta.com\/app\/uploads\/2023\/11\/MAP-ADC-REGION-300x236.png\" data-large-file=\"https:\/\/espiritodacomporta.com\/app\/uploads\/2023\/11\/MAP-ADC-REGION-1024x806.png\" src=\"https:\/\/espiritodacomporta.com\/app\/uploads\/2023\/11\/MAP-ADC-REGION-1024x806.png\" alt=\"\" class=\"wp-image-69048\" srcset=\"https:\/\/espiritodacomporta.com\/app\/uploads\/2023\/11\/MAP-ADC-REGION-1024x806.png 1024w, https:\/\/espiritodacomporta.com\/app\/uploads\/2023\/11\/MAP-ADC-REGION-300x236.png 300w, https:\/\/espiritodacomporta.com\/app\/uploads\/2023\/11\/MAP-ADC-REGION-768x605.png 768w, https:\/\/espiritodacomporta.com\/app\/uploads\/2023\/11\/MAP-ADC-REGION-1536x1210.png 1536w, https:\/\/espiritodacomporta.com\/app\/uploads\/2023\/11\/MAP-ADC-REGION-2048x1613.png 2048w\" sizes=\"auto, (max-width: 1024px) 100vw, 1024px\" \/><\/figure>\n<\/div>\n<\/div>\n","protected":false},"excerpt":{"rendered":"<p>ATIVIDADES DURANTE TODO O ANO \u00c0 volta da Casa do Brejos<\/p>\n","protected":false},"author":1,"featured_media":68902,"parent":68767,"menu_order":4,"comment_status":"closed","ping_status":"closed","template":"","meta":{"_acf_changed":false,"inline_featured_image":false,"footnotes":""},"class_list":["post-68865","page","type-page","status-publish","has-post-thumbnail","hentry"],"acf":[],"yoast_head":"<!-- This site is optimized with the Yoast SEO Premium plugin v27.2 (Yoast SEO v27.2) - https:\/\/yoast.com\/product\/yoast-seo-premium-wordpress\/ -->\n<title>Casa do Brejos - Live &amp; Feel Comporta Portugal<\/title>\n<meta name=\"robots\" content=\"index, follow, max-snippet:-1, max-image-preview:large, max-video-preview:-1\" \/>\n<link rel=\"canonical\" href=\"https:\/\/espiritodacomporta.com\/pt-pt\/alugue-sua-vila-em-comporta\/casa-do-brejos\/\" \/>\n<meta property=\"og:locale\" content=\"pt_PT\" \/>\n<meta property=\"og:type\" content=\"article\" \/>\n<meta property=\"og:title\" content=\"Casa do Brejos\" \/>\n<meta property=\"og:description\" content=\"ATIVIDADES DURANTE TODO O ANO \u00c0 volta da Casa do Brejos\" \/>\n<meta property=\"og:url\" content=\"https:\/\/espiritodacomporta.com\/pt-pt\/alugue-sua-vila-em-comporta\/casa-do-brejos\/\" \/>\n<meta property=\"og:site_name\" content=\"Live &amp; Feel Comporta Portugal\" \/>\n<meta property=\"article:modified_time\" content=\"2024-07-31T07:46:53+00:00\" \/>\n<meta property=\"og:image\" content=\"https:\/\/espiritodacomporta.com\/app\/uploads\/2021\/11\/brejos-house-slider-1.jpg\" \/>\n\t<meta property=\"og:image:width\" content=\"1600\" \/>\n\t<meta property=\"og:image:height\" content=\"833\" \/>\n\t<meta property=\"og:image:type\" content=\"image\/jpeg\" \/>\n<meta name=\"twitter:card\" content=\"summary_large_image\" \/>\n<script type=\"application\/ld+json\" class=\"yoast-schema-graph\">{\"@context\":\"https:\/\/schema.org\",\"@graph\":[{\"@type\":\"WebPage\",\"@id\":\"https:\/\/espiritodacomporta.com\/pt-pt\/alugue-sua-vila-em-comporta\/casa-do-brejos\/\",\"url\":\"https:\/\/espiritodacomporta.com\/pt-pt\/alugue-sua-vila-em-comporta\/casa-do-brejos\/\",\"name\":\"Casa do Brejos - Live &amp; Feel Comporta Portugal\",\"isPartOf\":{\"@id\":\"https:\/\/espiritodacomporta.com\/pt-pt\/#website\"},\"primaryImageOfPage\":{\"@id\":\"https:\/\/espiritodacomporta.com\/pt-pt\/alugue-sua-vila-em-comporta\/casa-do-brejos\/#primaryimage\"},\"image\":{\"@id\":\"https:\/\/espiritodacomporta.com\/pt-pt\/alugue-sua-vila-em-comporta\/casa-do-brejos\/#primaryimage\"},\"thumbnailUrl\":\"https:\/\/espiritodacomporta.com\/app\/uploads\/2021\/11\/brejos-house-slider-1.jpg\",\"datePublished\":\"2024-07-31T07:46:22+00:00\",\"dateModified\":\"2024-07-31T07:46:53+00:00\",\"breadcrumb\":{\"@id\":\"https:\/\/espiritodacomporta.com\/pt-pt\/alugue-sua-vila-em-comporta\/casa-do-brejos\/#breadcrumb\"},\"inLanguage\":\"pt-PT\",\"potentialAction\":[{\"@type\":\"ReadAction\",\"target\":[\"https:\/\/espiritodacomporta.com\/pt-pt\/alugue-sua-vila-em-comporta\/casa-do-brejos\/\"]}]},{\"@type\":\"ImageObject\",\"inLanguage\":\"pt-PT\",\"@id\":\"https:\/\/espiritodacomporta.com\/pt-pt\/alugue-sua-vila-em-comporta\/casa-do-brejos\/#primaryimage\",\"url\":\"https:\/\/espiritodacomporta.com\/app\/uploads\/2021\/11\/brejos-house-slider-1.jpg\",\"contentUrl\":\"https:\/\/espiritodacomporta.com\/app\/uploads\/2021\/11\/brejos-house-slider-1.jpg\",\"width\":1600,\"height\":833},{\"@type\":\"BreadcrumbList\",\"@id\":\"https:\/\/espiritodacomporta.com\/pt-pt\/alugue-sua-vila-em-comporta\/casa-do-brejos\/#breadcrumb\",\"itemListElement\":[{\"@type\":\"ListItem\",\"position\":1,\"name\":\"Home\",\"item\":\"https:\/\/espiritodacomporta.com\/pt-pt\/\"},{\"@type\":\"ListItem\",\"position\":2,\"name\":\"Alugue sua vila em Comporta\",\"item\":\"https:\/\/espiritodacomporta.com\/pt-pt\/alugue-sua-vila-em-comporta\/\"},{\"@type\":\"ListItem\",\"position\":3,\"name\":\"Casa do Brejos\"}]},{\"@type\":\"WebSite\",\"@id\":\"https:\/\/espiritodacomporta.com\/pt-pt\/#website\",\"url\":\"https:\/\/espiritodacomporta.com\/pt-pt\/\",\"name\":\"Live & Feel Comporta Portugal\",\"description\":\"\",\"publisher\":{\"@id\":\"https:\/\/espiritodacomporta.com\/pt-pt\/#organization\"},\"potentialAction\":[{\"@type\":\"SearchAction\",\"target\":{\"@type\":\"EntryPoint\",\"urlTemplate\":\"https:\/\/espiritodacomporta.com\/pt-pt\/?s={search_term_string}\"},\"query-input\":{\"@type\":\"PropertyValueSpecification\",\"valueRequired\":true,\"valueName\":\"search_term_string\"}}],\"inLanguage\":\"pt-PT\"},{\"@type\":\"Organization\",\"@id\":\"https:\/\/espiritodacomporta.com\/pt-pt\/#organization\",\"name\":\"Espirito da Comporta\",\"url\":\"https:\/\/espiritodacomporta.com\/pt-pt\/\",\"logo\":{\"@type\":\"ImageObject\",\"inLanguage\":\"pt-PT\",\"@id\":\"https:\/\/espiritodacomporta.com\/pt-pt\/#\/schema\/logo\/image\/\",\"url\":\"https:\/\/espiritodacomporta.com\/app\/uploads\/2023\/09\/LOGO-SIGNATURE@4x.png\",\"contentUrl\":\"https:\/\/espiritodacomporta.com\/app\/uploads\/2023\/09\/LOGO-SIGNATURE@4x.png\",\"width\":321,\"height\":385,\"caption\":\"Espirito da Comporta\"},\"image\":{\"@id\":\"https:\/\/espiritodacomporta.com\/pt-pt\/#\/schema\/logo\/image\/\"},\"sameAs\":[\"https:\/\/www.instagram.com\/almadacomporta\/\"]}]}<\/script>\n<!-- \/ Yoast SEO Premium plugin. -->","yoast_head_json":{"title":"Casa do Brejos - Live &amp; Feel Comporta Portugal","robots":{"index":"index","follow":"follow","max-snippet":"max-snippet:-1","max-image-preview":"max-image-preview:large","max-video-preview":"max-video-preview:-1"},"canonical":"https:\/\/espiritodacomporta.com\/pt-pt\/alugue-sua-vila-em-comporta\/casa-do-brejos\/","og_locale":"pt_PT","og_type":"article","og_title":"Casa do Brejos","og_description":"ATIVIDADES DURANTE TODO O ANO \u00c0 volta da Casa do Brejos","og_url":"https:\/\/espiritodacomporta.com\/pt-pt\/alugue-sua-vila-em-comporta\/casa-do-brejos\/","og_site_name":"Live &amp; Feel Comporta Portugal","article_modified_time":"2024-07-31T07:46:53+00:00","og_image":[{"width":1600,"height":833,"url":"https:\/\/espiritodacomporta.com\/app\/uploads\/2021\/11\/brejos-house-slider-1.jpg","type":"image\/jpeg"}],"twitter_card":"summary_large_image","schema":{"@context":"https:\/\/schema.org","@graph":[{"@type":"WebPage","@id":"https:\/\/espiritodacomporta.com\/pt-pt\/alugue-sua-vila-em-comporta\/casa-do-brejos\/","url":"https:\/\/espiritodacomporta.com\/pt-pt\/alugue-sua-vila-em-comporta\/casa-do-brejos\/","name":"Casa do Brejos - Live &amp; Feel Comporta Portugal","isPartOf":{"@id":"https:\/\/espiritodacomporta.com\/pt-pt\/#website"},"primaryImageOfPage":{"@id":"https:\/\/espiritodacomporta.com\/pt-pt\/alugue-sua-vila-em-comporta\/casa-do-brejos\/#primaryimage"},"image":{"@id":"https:\/\/espiritodacomporta.com\/pt-pt\/alugue-sua-vila-em-comporta\/casa-do-brejos\/#primaryimage"},"thumbnailUrl":"https:\/\/espiritodacomporta.com\/app\/uploads\/2021\/11\/brejos-house-slider-1.jpg","datePublished":"2024-07-31T07:46:22+00:00","dateModified":"2024-07-31T07:46:53+00:00","breadcrumb":{"@id":"https:\/\/espiritodacomporta.com\/pt-pt\/alugue-sua-vila-em-comporta\/casa-do-brejos\/#breadcrumb"},"inLanguage":"pt-PT","potentialAction":[{"@type":"ReadAction","target":["https:\/\/espiritodacomporta.com\/pt-pt\/alugue-sua-vila-em-comporta\/casa-do-brejos\/"]}]},{"@type":"ImageObject","inLanguage":"pt-PT","@id":"https:\/\/espiritodacomporta.com\/pt-pt\/alugue-sua-vila-em-comporta\/casa-do-brejos\/#primaryimage","url":"https:\/\/espiritodacomporta.com\/app\/uploads\/2021\/11\/brejos-house-slider-1.jpg","contentUrl":"https:\/\/espiritodacomporta.com\/app\/uploads\/2021\/11\/brejos-house-slider-1.jpg","width":1600,"height":833},{"@type":"BreadcrumbList","@id":"https:\/\/espiritodacomporta.com\/pt-pt\/alugue-sua-vila-em-comporta\/casa-do-brejos\/#breadcrumb","itemListElement":[{"@type":"ListItem","position":1,"name":"Home","item":"https:\/\/espiritodacomporta.com\/pt-pt\/"},{"@type":"ListItem","position":2,"name":"Alugue sua vila em Comporta","item":"https:\/\/espiritodacomporta.com\/pt-pt\/alugue-sua-vila-em-comporta\/"},{"@type":"ListItem","position":3,"name":"Casa do Brejos"}]},{"@type":"WebSite","@id":"https:\/\/espiritodacomporta.com\/pt-pt\/#website","url":"https:\/\/espiritodacomporta.com\/pt-pt\/","name":"Live & Feel Comporta Portugal","description":"","publisher":{"@id":"https:\/\/espiritodacomporta.com\/pt-pt\/#organization"},"potentialAction":[{"@type":"SearchAction","target":{"@type":"EntryPoint","urlTemplate":"https:\/\/espiritodacomporta.com\/pt-pt\/?s={search_term_string}"},"query-input":{"@type":"PropertyValueSpecification","valueRequired":true,"valueName":"search_term_string"}}],"inLanguage":"pt-PT"},{"@type":"Organization","@id":"https:\/\/espiritodacomporta.com\/pt-pt\/#organization","name":"Espirito da Comporta","url":"https:\/\/espiritodacomporta.com\/pt-pt\/","logo":{"@type":"ImageObject","inLanguage":"pt-PT","@id":"https:\/\/espiritodacomporta.com\/pt-pt\/#\/schema\/logo\/image\/","url":"https:\/\/espiritodacomporta.com\/app\/uploads\/2023\/09\/LOGO-SIGNATURE@4x.png","contentUrl":"https:\/\/espiritodacomporta.com\/app\/uploads\/2023\/09\/LOGO-SIGNATURE@4x.png","width":321,"height":385,"caption":"Espirito da Comporta"},"image":{"@id":"https:\/\/espiritodacomporta.com\/pt-pt\/#\/schema\/logo\/image\/"},"sameAs":["https:\/\/www.instagram.com\/almadacomporta\/"]}]}},"_links":{"self":[{"href":"https:\/\/espiritodacomporta.com\/pt-pt\/wp-json\/wp\/v2\/pages\/68865","targetHints":{"allow":["GET"]}}],"collection":[{"href":"https:\/\/espiritodacomporta.com\/pt-pt\/wp-json\/wp\/v2\/pages"}],"about":[{"href":"https:\/\/espiritodacomporta.com\/pt-pt\/wp-json\/wp\/v2\/types\/page"}],"author":[{"embeddable":true,"href":"https:\/\/espiritodacomporta.com\/pt-pt\/wp-json\/wp\/v2\/users\/1"}],"replies":[{"embeddable":true,"href":"https:\/\/espiritodacomporta.com\/pt-pt\/wp-json\/wp\/v2\/comments?post=68865"}],"version-history":[{"count":0,"href":"https:\/\/espiritodacomporta.com\/pt-pt\/wp-json\/wp\/v2\/pages\/68865\/revisions"}],"up":[{"embeddable":true,"href":"https:\/\/espiritodacomporta.com\/pt-pt\/wp-json\/wp\/v2\/pages\/68767"}],"wp:featuredmedia":[{"embeddable":true,"href":"https:\/\/espiritodacomporta.com\/pt-pt\/wp-json\/wp\/v2\/media\/68902"}],"wp:attachment":[{"href":"https:\/\/espiritodacomporta.com\/pt-pt\/wp-json\/wp\/v2\/media?parent=68865"}],"curies":[{"name":"wp","href":"https:\/\/api.w.org\/{rel}","templated":true}]}}